{"id":11590,"date":"2021-11-14T00:00:00","date_gmt":"2021-11-14T00:00:00","guid":{"rendered":"https:\/\/idecesos.com\/seguros\/?page_id=11590"},"modified":"2022-01-03T12:31:00","modified_gmt":"2022-01-03T12:31:00","slug":"prima-mixta","status":"publish","type":"page","link":"https:\/\/idecesos.com\/seguros\/companias\/imq\/prima-mixta\/","title":{"rendered":"Seguro de decesos IMQ Prima Mixta"},"content":{"rendered":"<div id=\"ez-toc-container\" class=\"ez-toc-v2_0_82_2 ez-toc-wrap-center counter-hierarchy ez-toc-counter ez-toc-custom ez-toc-container-direction\">\n<div class=\"ez-toc-title-container\">\n<p class=\"ez-toc-title\" style=\"cursor:inherit\">Tabla de Contenido<\/p>\n<span class=\"ez-toc-title-toggle\"><a href=\"#\" class=\"ez-toc-pull-right ez-toc-btn ez-toc-btn-xs ez-toc-btn-default ez-toc-toggle\" aria-label=\"Alternar tabla de contenidos\"><span class=\"ez-toc-js-icon-con\"><span class=\"\"><span class=\"eztoc-hide\" style=\"display:none;\">Toggle<\/span><span class=\"ez-toc-icon-toggle-span\"><svg style=\"fill: #db6415;color:#db6415\" xmlns=\"http:\/\/www.w3.org\/2000\/svg\" class=\"list-377408\" width=\"20px\" height=\"20px\" viewBox=\"0 0 24 24\" fill=\"none\"><path d=\"M6 6H4v2h2V6zm14 0H8v2h12V6zM4 11h2v2H4v-2zm16 0H8v2h12v-2zM4 16h2v2H4v-2zm16 0H8v2h12v-2z\" fill=\"currentColor\"><\/path><\/svg><svg style=\"fill: #db6415;color:#db6415\" class=\"arrow-unsorted-368013\" xmlns=\"http:\/\/www.w3.org\/2000\/svg\" width=\"10px\" height=\"10px\" viewBox=\"0 0 24 24\" version=\"1.2\" baseProfile=\"tiny\"><path d=\"M18.2 9.3l-6.2-6.3-6.2 6.3c-.2.2-.3.4-.3.7s.1.5.3.7c.2.2.4.3.7.3h11c.3 0 .5-.1.7-.3.2-.2.3-.5.3-.7s-.1-.5-.3-.7zM5.8 14.7l6.2 6.3 6.2-6.3c.2-.2.3-.5.3-.7s-.1-.5-.3-.7c-.2-.2-.4-.3-.7-.3h-11c-.3 0-.5.1-.7.3-.2.2-.3.5-.3.7s.1.5.3.7z\"\/><\/svg><\/span><\/span><\/span><\/a><\/span><\/div>\n<nav><ul class='ez-toc-list ez-toc-list-level-1 ' ><li class='ez-toc-page-1 ez-toc-heading-level-2'><a class=\"ez-toc-link ez-toc-heading-1\" href=\"https:\/\/idecesos.com\/seguros\/companias\/imq\/prima-mixta\/#Coberturas_seguro_Prima_Mixta_IMQ\" >Coberturas seguro Prima Mixta IMQ<\/a><ul class='ez-toc-list-level-3' ><li class='ez-toc-heading-level-3'><a class=\"ez-toc-link ez-toc-heading-2\" href=\"https:\/\/idecesos.com\/seguros\/companias\/imq\/prima-mixta\/#%C2%BFA_quien_va_dirigido_el_seguro_de_decesos_Prima_Mixta_de_IMQ\" >\u00bfA qui\u00e9n va dirigido el seguro de decesos Prima Mixta de IMQ?<\/a><\/li><\/ul><\/li><li class='ez-toc-page-1 ez-toc-heading-level-2'><a class=\"ez-toc-link ez-toc-heading-3\" href=\"https:\/\/idecesos.com\/seguros\/companias\/imq\/prima-mixta\/#Precio_de_seguro_de_decesos_Prima_Mixta_IMQ\" >Precio de seguro de decesos Prima Mixta IMQ<\/a><\/li><li class='ez-toc-page-1 ez-toc-heading-level-2'><a class=\"ez-toc-link ez-toc-heading-4\" href=\"https:\/\/idecesos.com\/seguros\/companias\/imq\/prima-mixta\/#Productos_Prima_Mixta_IMQ\" >Productos Prima Mixta IMQ<\/a><\/li><li class='ez-toc-page-1 ez-toc-heading-level-2'><a class=\"ez-toc-link ez-toc-heading-5\" href=\"https:\/\/idecesos.com\/seguros\/companias\/imq\/prima-mixta\/#Opiniones_del_seguro_de_decesos_de_Prima_Mixta_de_IMQ\" >Opiniones del seguro de decesos de Prima Mixta de IMQ<\/a><ul class='ez-toc-list-level-3' ><li class='ez-toc-heading-level-3'><a class=\"ez-toc-link ez-toc-heading-6\" href=\"https:\/\/idecesos.com\/seguros\/companias\/imq\/prima-mixta\/#Paginas_relacionadas\" >P\u00e1ginas relacionadas<\/a><\/li><\/ul><\/li><\/ul><\/nav><\/div>\n\n<p>En este caso la prima natural y la prima nivelada es una combinaci\u00f3n de la que sale el seguro de prima mixta IMQ. Para no asumir una carga elevada del pago de la prima mixta de IMQ, cuando se tiene una edad se nivela, con lo que es m\u00e1s f\u00e1cil hacer el abono de estos pagos siendo m\u00e1s alcanzable. Se va a tomar como un gasto fijo en tanto que permanecer\u00e1 siempre y en todo momento del mismo pago. <\/p>\n<p>Leer m\u00e1s: <a href=\"https:\/\/idecesos.com\/seguros\/tipo\/mixta\/\">Seguro de decesos Prima Mixta<\/a><\/p>\n<div class=\"colorf \"  ><div class=\"container clearfix\"><div class=\"col-md-7\"><\/p>\n<h2><span class=\"ez-toc-section\" id=\"Coberturas_seguro_Prima_Mixta_IMQ\"><\/span>Coberturas seguro Prima Mixta IMQ<span class=\"ez-toc-section-end\"><\/span><\/h2>\n<p>Las coberturas de la prima mixta IMQ son completisimas y satisfacen al cliente del servicio m\u00e1s exigente en est\u00e1ndares de calidad. Las coberturas de prima mixta IMQ son las m\u00e1s valoradas por sus clientes del servicio por recibir un servicio funerario de lo m\u00e1s completo, cumpliendo con todas y cada una de las coberturas de prima mixta IMQ. Las coberturas principales que recogen el condicionado general de la p\u00f3liza de prima mixta IMQ engloban desde el desplazamiento con chofer experto en veh\u00edculos l\u00fagubres, tanatorio con todos los complementos que lo incluyen (acto religioso, servicio de asistencia a los familiares en la gu\u00eda de preparativos y consultas, sala de velorio donde puedan darle el \u00faltimo adi\u00f3s al fallecido entre otros muchos), adecuaci\u00f3n del cad\u00e1ver para su presentaci\u00f3n guardando los m\u00e1s estrictos controles de higiene y c\u00e1nones de elegancia para que sea lo menos traum\u00e1tico posible para sus familiares despedirse en su \u00faltimo instante. Se realizar\u00e1 de la forma m\u00e1s pormenorizada, adecuando todo en ese d\u00eda tan especial, el ata\u00fad, florister\u00eda, as\u00ed sea incineraci\u00f3n o urna. <\/p>\n<p><\/div><\/div><\/div>\n<h3><span class=\"ez-toc-section\" id=\"%C2%BFA_quien_va_dirigido_el_seguro_de_decesos_Prima_Mixta_de_IMQ\"><\/span>\u00bfA qui\u00e9n va dirigido el seguro de decesos Prima Mixta de IMQ?<span class=\"ez-toc-section-end\"><\/span><\/h3>\n<p>El seguro que m\u00e1s se puede favorecer de un bajo coste es el seguro de prima mixta IMQ siempre que cumpla con los requisitos de estar en torno a los 50 a\u00f1os o bien m\u00e1s. A diferencia de la prima nivelada. En prima mixta IMQ los clientes del servicio se beneficiar\u00e1n de la combinaci\u00f3n de prima nivelada como de prima natural. <\/p>\n<div class=\"colorf \"  ><div class=\"container clearfix\"><div class=\"col-md-7\"><\/p>\n<h2><span class=\"ez-toc-section\" id=\"Precio_de_seguro_de_decesos_Prima_Mixta_IMQ\"><\/span>Precio de seguro de decesos Prima Mixta IMQ<span class=\"ez-toc-section-end\"><\/span><\/h2>\n<p>La p\u00f3liza de prima mixta de IMQ su precio es de 2,20 euros mensual. Para su c\u00e1lculo hemos tenido en cuenta a una persona adolescente y una localidad con el precio m\u00e1s econ\u00f3mico del servicio funerario de Espa\u00f1a. El mejor seguro de decesos de prima mixta IMQ es su coste tan conveniente como asequible, asegurado por los m\u00e1s especialistas. Es tan importante contar con iDecesos en tanto que solucionamos cualquier duda que tengas en el momento, efectuamos las comparaciones pertinentes y observaras los precios de IMQ del seguro de decesos de prima mixta. <\/p>\n<p><\/div><\/div><\/div>\n<h2><span class=\"ez-toc-section\" id=\"Productos_Prima_Mixta_IMQ\"><\/span>Productos Prima Mixta IMQ<span class=\"ez-toc-section-end\"><\/span><\/h2>\n<div class=\"colorf\"><div class=\"container clearfix\"><div class=\"col-md-7\"><div class=\"opiniones\">\n<h2><span class=\"ez-toc-section\" id=\"Opiniones_del_seguro_de_decesos_de_Prima_Mixta_de_IMQ\"><\/span>Opiniones del seguro de decesos de Prima Mixta de IMQ<span class=\"ez-toc-section-end\"><\/span><\/h2>\n<p>Las valoraciones que ha obtenido IMQ son de las m\u00e1s destacables del mercado gracias a la p\u00f3liza de prima mixta. El director de servicios de estudios de iDecesos opina que es un seguro de prima mixta, que conjunta cada uno de los aspectos m\u00e1s positivos de la prima natural y nivelada que haya observado en las decenas de productos de todas y cada una de las empresas de seguros que ha estudiado. <\/p>\n<div class=\"opinion \"  >\n\t\t\t<div class=\"cabecera_opinion\">\n\t\t\t\t<div class=\"avatar\">E M <\/div>\n\t\t\t\t<div class=\"datos_opinion\">\n\t\t\t\t\t<div class=\"nombre_opinion\">Emily Mariko<\/div>\n\t\t\t\t\t<div class=\"info_opinion\">\t\t\t\t\t\t\n\t\t\t\t\t\t<div class=\"cuenta_opinion\"><i class=\"fas fa-pencil-alt\"><\/i><!--span class=\"dashicons dashicons-edit\" style=\"font-size:20px\"><\/span--><span>1 Opini\u00f3n<\/span><\/div>\t\t\t\t\t\t\n\t\t\t\t\t\t<div class=\"localizacion_opinion\">\n\t\t\t\t\t\t\t<i class=\"fas fa-map-marker-alt\"><\/i><!--span class=\"dashicons dashicons-location\" style=\"font-size:20px\"><\/span-->\n\t\t\t\t\t\t\t<span>ES<\/span>\n\t\t\t\t\t\t<\/div>\t\n\t\t\t\t\t<\/div>\n\t\t\t\t<\/div>\n\t\t\t<\/div><div class=\"texto_opinion\"><\/p>\n<p>En mis criterios IMQ es la mejor que existe, adem\u00e1s los aconsejes son muy profesionales en el \u00e1mbito de los seguros, con lo que me dieron mayor seguridad y calma, me resulta esencial ya antes de efectuar una contrataci\u00f3n que conozca al detalle el producto, por lo que atendieron estupendamente,  hice la contrataci\u00f3n hace bastante poco por lo que la tarifa me result\u00f3 muy rentable, contaba con todas las coberturas que necesitaba, con lo que no puedo estar m\u00e1s contenta con IMQ.<\/p>\n<p><\/div><\/div>\n<div class=\"opinion \"  >\n\t\t\t<div class=\"cabecera_opinion\">\n\t\t\t\t<div class=\"avatar\">A A <\/div>\n\t\t\t\t<div class=\"datos_opinion\">\n\t\t\t\t\t<div class=\"nombre_opinion\">Aurelia Aragon\u00e9s<\/div>\n\t\t\t\t\t<div class=\"info_opinion\">\t\t\t\t\t\t\n\t\t\t\t\t\t<div class=\"cuenta_opinion\"><i class=\"fas fa-pencil-alt\"><\/i><!--span class=\"dashicons dashicons-edit\" style=\"font-size:20px\"><\/span--><span>1 Opini\u00f3n<\/span><\/div>\t\t\t\t\t\t\n\t\t\t\t\t\t<div class=\"localizacion_opinion\">\n\t\t\t\t\t\t\t<i class=\"fas fa-map-marker-alt\"><\/i><!--span class=\"dashicons dashicons-location\" style=\"font-size:20px\"><\/span-->\n\t\t\t\t\t\t\t<span>ES<\/span>\n\t\t\t\t\t\t<\/div>\t\n\t\t\t\t\t<\/div>\n\t\t\t\t<\/div>\n\t\t\t<\/div><div class=\"texto_opinion\"><\/p>\n<p>Aconsejo el seguro de prima Mixta de IMQ sin duda, por el hecho de que cuando muri\u00f3 mi abuelo respondieron fenomenal.<\/p>\n<p><\/div><\/div>\n<div class=\"opinion \"  >\n\t\t\t<div class=\"cabecera_opinion\">\n\t\t\t\t<div class=\"avatar\">P S <\/div>\n\t\t\t\t<div class=\"datos_opinion\">\n\t\t\t\t\t<div class=\"nombre_opinion\">Pilar Sierra<\/div>\n\t\t\t\t\t<div class=\"info_opinion\">\t\t\t\t\t\t\n\t\t\t\t\t\t<div class=\"cuenta_opinion\"><i class=\"fas fa-pencil-alt\"><\/i><!--span class=\"dashicons dashicons-edit\" style=\"font-size:20px\"><\/span--><span>1 Opini\u00f3n<\/span><\/div>\t\t\t\t\t\t\n\t\t\t\t\t\t<div class=\"localizacion_opinion\">\n\t\t\t\t\t\t\t<i class=\"fas fa-map-marker-alt\"><\/i><!--span class=\"dashicons dashicons-location\" style=\"font-size:20px\"><\/span-->\n\t\t\t\t\t\t\t<span>ES<\/span>\n\t\t\t\t\t\t<\/div>\t\n\t\t\t\t\t<\/div>\n\t\t\t\t<\/div>\n\t\t\t<\/div><div class=\"texto_opinion\"><\/p>\n<p>A d\u00eda de hoy IMQ sigue siendo de las mejores empresas aseguradoras en tanto que cumplen con todas las cl\u00e1usulas que vienen en detalle, estoy agradecido por la mejora de la cobertura que han tenido en estos \u00faltimos a\u00f1os, la \u00fanica desventaja que podr\u00eda decir es que al superar una determinada edad IMQ me ha subido el precio debido que pueden existir mayor riesgo en ciertas edades.<\/p>\n<p><\/div><\/div>\n<\/div><\/div><\/div><\/div>\n<p><div class=\"oficinas\"><br \/>\n<h3><span class=\"ez-toc-section\" id=\"Paginas_relacionadas\"><\/span>P\u00e1ginas relacionadas<span class=\"ez-toc-section-end\"><\/span><\/h3><div class=\"enlazado\"><ul> <li><a href=\"https:\/\/idecesos.com\/seguros\/companias\/imq\/opiniones\/\">Opiniones IMQ<\/a><\/li> <li><a href=\"https:\/\/idecesos.com\/seguros\/companias\/imq\/precio\/\">Precio seguro IMQ<\/a><\/li> <li><a href=\"https:\/\/idecesos.com\/seguros\/companias\/imq\/prima-mixta\/\">IMQ Prima Mixta<\/a><\/li> <li><a href=\"https:\/\/idecesos.com\/seguros\/companias\/imq\/prima-natural\/\">IMQ Prima Natural<\/a><\/li> <li><a href=\"https:\/\/idecesos.com\/seguros\/companias\/imq\/prima-nivelada\/\">IMQ Prima Nivelada<\/a><\/li> <li><a href=\"https:\/\/idecesos.com\/seguros\/companias\/imq\/prima-unica\/\">IMQ Prima \u00danica<\/a><\/li> <li><a href=\"https:\/\/idecesos.com\/seguros\/companias\/imq\/repatriacion\/\">IMQ Repatriaci\u00f3n<\/a><\/li> <li><a href=\"https:\/\/idecesos.com\/seguros\/companias\/imq\/telefono\/\">Tel\u00e9fono Gratuito IMQ<\/a><\/li><\/ul><\/div><\/p>\n<\/div>\n","protected":false},"excerpt":{"rendered":"<p>En este caso la prima natural y la prima nivelada es una combinaci\u00f3n de la que sale el seguro de prima mixta IMQ. Para no asumir una carga elevada del pago de la prima mixta de IMQ, cuando se tiene una edad se nivela, con lo que es m\u00e1s f\u00e1cil hacer el abono de estos&hellip; <\/p>\n","protected":false},"author":3,"featured_media":0,"parent":372,"menu_order":0,"comment_status":"closed","ping_status":"closed","template":"single.php","meta":{"footnotes":""},"class_list":["post-11590","page","type-page","status-publish","hentry"],"yoast_head":"<!-- This site is optimized with the Yoast SEO plugin v27.4 - https:\/\/yoast.com\/product\/yoast-seo-wordpress\/ -->\n<title>Seguro Decesos IMQ Prima Mixta \u25b7 Opiniones y Precio 2026<\/title>\n<meta name=\"description\" content=\"Click aqu\u00ed \u3010Seguro de Decesos Prima Mixta IMQ\u3011 Mejores precios IMQ seguro de fallecidos Prima Mixta \u2611\ufe0f Actualizado por iDecesos\u00ae\" \/>\n<meta name=\"robots\" content=\"index, follow, max-snippet:-1, max-image-preview:large, max-video-preview:-1\" \/>\n<link rel=\"canonical\" href=\"https:\/\/idecesos.com\/seguros\/companias\/imq\/prima-mixta\/\" \/>\n<meta property=\"og:locale\" content=\"es_ES\" \/>\n<meta property=\"og:type\" content=\"article\" \/>\n<meta property=\"og:title\" content=\"Seguro Decesos IMQ Prima Mixta \u25b7 Opiniones y Precio 2026\" \/>\n<meta property=\"og:description\" content=\"Click aqu\u00ed \u3010Seguro de Decesos Prima Mixta IMQ\u3011 Mejores precios IMQ seguro de fallecidos Prima Mixta \u2611\ufe0f Actualizado por iDecesos\u00ae\" \/>\n<meta property=\"og:url\" content=\"https:\/\/idecesos.com\/seguros\/companias\/imq\/prima-mixta\/\" \/>\n<meta property=\"article:modified_time\" content=\"2022-01-03T12:31:00+00:00\" \/>\n<meta name=\"twitter:card\" content=\"summary_large_image\" \/>\n<meta name=\"twitter:label1\" content=\"Tiempo de lectura\" \/>\n\t<meta name=\"twitter:data1\" content=\"54 minutos\" \/>\n<script type=\"application\/ld+json\" class=\"yoast-schema-graph\">{\"@context\":\"https:\\\/\\\/schema.org\",\"@graph\":[{\"@type\":\"WebPage\",\"@id\":\"https:\\\/\\\/idecesos.com\\\/seguros\\\/companias\\\/imq\\\/prima-mixta\\\/\",\"url\":\"https:\\\/\\\/idecesos.com\\\/seguros\\\/companias\\\/imq\\\/prima-mixta\\\/\",\"name\":\"Seguro Decesos IMQ Prima Mixta \u25b7 Opiniones y Precio 2026\",\"isPartOf\":{\"@id\":\"https:\\\/\\\/idecesos.com\\\/seguros\\\/#website\"},\"datePublished\":\"2021-11-14T00:00:00+00:00\",\"dateModified\":\"2022-01-03T12:31:00+00:00\",\"description\":\"Click aqu\u00ed \u3010Seguro de Decesos Prima Mixta IMQ\u3011 Mejores precios IMQ seguro de fallecidos Prima Mixta \u2611\ufe0f Actualizado por iDecesos\u00ae\",\"breadcrumb\":{\"@id\":\"https:\\\/\\\/idecesos.com\\\/seguros\\\/companias\\\/imq\\\/prima-mixta\\\/#breadcrumb\"},\"inLanguage\":\"es\",\"potentialAction\":[{\"@type\":\"ReadAction\",\"target\":[\"https:\\\/\\\/idecesos.com\\\/seguros\\\/companias\\\/imq\\\/prima-mixta\\\/\"]}]},{\"@type\":\"BreadcrumbList\",\"@id\":\"https:\\\/\\\/idecesos.com\\\/seguros\\\/companias\\\/imq\\\/prima-mixta\\\/#breadcrumb\",\"itemListElement\":[{\"@type\":\"ListItem\",\"position\":1,\"name\":\"Portada\",\"item\":\"https:\\\/\\\/idecesos.com\\\/seguros\\\/\"},{\"@type\":\"ListItem\",\"position\":2,\"name\":\"Compa\u00f1\u00edas de Seguros de Decesos en Espa\u00f1a\",\"item\":\"https:\\\/\\\/idecesos.com\\\/seguros\\\/companias\\\/\"},{\"@type\":\"ListItem\",\"position\":3,\"name\":\"Seguro de decesos IMQ\",\"item\":\"https:\\\/\\\/idecesos.com\\\/seguros\\\/companias\\\/imq\\\/\"},{\"@type\":\"ListItem\",\"position\":4,\"name\":\"Seguro de decesos IMQ Prima Mixta\"}]},{\"@type\":\"WebSite\",\"@id\":\"https:\\\/\\\/idecesos.com\\\/seguros\\\/#website\",\"url\":\"https:\\\/\\\/idecesos.com\\\/seguros\\\/\",\"name\":\"\",\"description\":\"\",\"potentialAction\":[{\"@type\":\"SearchAction\",\"target\":{\"@type\":\"EntryPoint\",\"urlTemplate\":\"https:\\\/\\\/idecesos.com\\\/seguros\\\/?s={search_term_string}\"},\"query-input\":{\"@type\":\"PropertyValueSpecification\",\"valueRequired\":true,\"valueName\":\"search_term_string\"}}],\"inLanguage\":\"es\"}]}<\/script>\n<!-- \/ Yoast SEO plugin. -->","yoast_head_json":{"title":"Seguro Decesos IMQ Prima Mixta \u25b7 Opiniones y Precio 2026","description":"Click aqu\u00ed \u3010Seguro de Decesos Prima Mixta IMQ\u3011 Mejores precios IMQ seguro de fallecidos Prima Mixta \u2611\ufe0f Actualizado por iDecesos\u00ae","robots":{"index":"index","follow":"follow","max-snippet":"max-snippet:-1","max-image-preview":"max-image-preview:large","max-video-preview":"max-video-preview:-1"},"canonical":"https:\/\/idecesos.com\/seguros\/companias\/imq\/prima-mixta\/","og_locale":"es_ES","og_type":"article","og_title":"Seguro Decesos IMQ Prima Mixta \u25b7 Opiniones y Precio 2026","og_description":"Click aqu\u00ed \u3010Seguro de Decesos Prima Mixta IMQ\u3011 Mejores precios IMQ seguro de fallecidos Prima Mixta \u2611\ufe0f Actualizado por iDecesos\u00ae","og_url":"https:\/\/idecesos.com\/seguros\/companias\/imq\/prima-mixta\/","article_modified_time":"2022-01-03T12:31:00+00:00","twitter_card":"summary_large_image","twitter_misc":{"Tiempo de lectura":"54 minutos"},"schema":{"@context":"https:\/\/schema.org","@graph":[{"@type":"WebPage","@id":"https:\/\/idecesos.com\/seguros\/companias\/imq\/prima-mixta\/","url":"https:\/\/idecesos.com\/seguros\/companias\/imq\/prima-mixta\/","name":"Seguro Decesos IMQ Prima Mixta \u25b7 Opiniones y Precio 2026","isPartOf":{"@id":"https:\/\/idecesos.com\/seguros\/#website"},"datePublished":"2021-11-14T00:00:00+00:00","dateModified":"2022-01-03T12:31:00+00:00","description":"Click aqu\u00ed \u3010Seguro de Decesos Prima Mixta IMQ\u3011 Mejores precios IMQ seguro de fallecidos Prima Mixta \u2611\ufe0f Actualizado por iDecesos\u00ae","breadcrumb":{"@id":"https:\/\/idecesos.com\/seguros\/companias\/imq\/prima-mixta\/#breadcrumb"},"inLanguage":"es","potentialAction":[{"@type":"ReadAction","target":["https:\/\/idecesos.com\/seguros\/companias\/imq\/prima-mixta\/"]}]},{"@type":"BreadcrumbList","@id":"https:\/\/idecesos.com\/seguros\/companias\/imq\/prima-mixta\/#breadcrumb","itemListElement":[{"@type":"ListItem","position":1,"name":"Portada","item":"https:\/\/idecesos.com\/seguros\/"},{"@type":"ListItem","position":2,"name":"Compa\u00f1\u00edas de Seguros de Decesos en Espa\u00f1a","item":"https:\/\/idecesos.com\/seguros\/companias\/"},{"@type":"ListItem","position":3,"name":"Seguro de decesos IMQ","item":"https:\/\/idecesos.com\/seguros\/companias\/imq\/"},{"@type":"ListItem","position":4,"name":"Seguro de decesos IMQ Prima Mixta"}]},{"@type":"WebSite","@id":"https:\/\/idecesos.com\/seguros\/#website","url":"https:\/\/idecesos.com\/seguros\/","name":"","description":"","potentialAction":[{"@type":"SearchAction","target":{"@type":"EntryPoint","urlTemplate":"https:\/\/idecesos.com\/seguros\/?s={search_term_string}"},"query-input":{"@type":"PropertyValueSpecification","valueRequired":true,"valueName":"search_term_string"}}],"inLanguage":"es"}]}},"_links":{"self":[{"href":"https:\/\/idecesos.com\/seguros\/wp-json\/wp\/v2\/pages\/11590","targetHints":{"allow":["GET"]}}],"collection":[{"href":"https:\/\/idecesos.com\/seguros\/wp-json\/wp\/v2\/pages"}],"about":[{"href":"https:\/\/idecesos.com\/seguros\/wp-json\/wp\/v2\/types\/page"}],"author":[{"embeddable":true,"href":"https:\/\/idecesos.com\/seguros\/wp-json\/wp\/v2\/users\/3"}],"replies":[{"embeddable":true,"href":"https:\/\/idecesos.com\/seguros\/wp-json\/wp\/v2\/comments?post=11590"}],"version-history":[{"count":1,"href":"https:\/\/idecesos.com\/seguros\/wp-json\/wp\/v2\/pages\/11590\/revisions"}],"predecessor-version":[{"id":13091,"href":"https:\/\/idecesos.com\/seguros\/wp-json\/wp\/v2\/pages\/11590\/revisions\/13091"}],"up":[{"embeddable":true,"href":"https:\/\/idecesos.com\/seguros\/wp-json\/wp\/v2\/pages\/372"}],"wp:attachment":[{"href":"https:\/\/idecesos.com\/seguros\/wp-json\/wp\/v2\/media?parent=11590"}],"curies":[{"name":"wp","href":"https:\/\/api.w.org\/{rel}","templated":true}]}}