{"id":11630,"date":"2021-11-17T00:00:00","date_gmt":"2021-11-17T00:00:00","guid":{"rendered":"https:\/\/idecesos.com\/seguros\/?page_id=11630"},"modified":"2022-01-03T12:31:17","modified_gmt":"2022-01-03T12:31:17","slug":"prima-nivelada","status":"publish","type":"page","link":"https:\/\/idecesos.com\/seguros\/companias\/racc\/prima-nivelada\/","title":{"rendered":"Seguro de decesos RACC Prima Nivelada"},"content":{"rendered":"<div id=\"ez-toc-container\" class=\"ez-toc-v2_0_82_2 ez-toc-wrap-center counter-hierarchy ez-toc-counter ez-toc-custom ez-toc-container-direction\">\n<div class=\"ez-toc-title-container\">\n<p class=\"ez-toc-title\" style=\"cursor:inherit\">Tabla de Contenido<\/p>\n<span class=\"ez-toc-title-toggle\"><a href=\"#\" class=\"ez-toc-pull-right ez-toc-btn ez-toc-btn-xs ez-toc-btn-default ez-toc-toggle\" aria-label=\"Alternar tabla de contenidos\"><span class=\"ez-toc-js-icon-con\"><span class=\"\"><span class=\"eztoc-hide\" style=\"display:none;\">Toggle<\/span><span class=\"ez-toc-icon-toggle-span\"><svg style=\"fill: #db6415;color:#db6415\" xmlns=\"http:\/\/www.w3.org\/2000\/svg\" class=\"list-377408\" width=\"20px\" height=\"20px\" viewBox=\"0 0 24 24\" fill=\"none\"><path d=\"M6 6H4v2h2V6zm14 0H8v2h12V6zM4 11h2v2H4v-2zm16 0H8v2h12v-2zM4 16h2v2H4v-2zm16 0H8v2h12v-2z\" fill=\"currentColor\"><\/path><\/svg><svg style=\"fill: #db6415;color:#db6415\" class=\"arrow-unsorted-368013\" xmlns=\"http:\/\/www.w3.org\/2000\/svg\" width=\"10px\" height=\"10px\" viewBox=\"0 0 24 24\" version=\"1.2\" baseProfile=\"tiny\"><path d=\"M18.2 9.3l-6.2-6.3-6.2 6.3c-.2.2-.3.4-.3.7s.1.5.3.7c.2.2.4.3.7.3h11c.3 0 .5-.1.7-.3.2-.2.3-.5.3-.7s-.1-.5-.3-.7zM5.8 14.7l6.2 6.3 6.2-6.3c.2-.2.3-.5.3-.7s-.1-.5-.3-.7c-.2-.2-.4-.3-.7-.3h-11c-.3 0-.5.1-.7.3-.2.2-.3.5-.3.7s.1.5.3.7z\"\/><\/svg><\/span><\/span><\/span><\/a><\/span><\/div>\n<nav><ul class='ez-toc-list ez-toc-list-level-1 ' ><li class='ez-toc-page-1 ez-toc-heading-level-2'><a class=\"ez-toc-link ez-toc-heading-1\" href=\"https:\/\/idecesos.com\/seguros\/companias\/racc\/prima-nivelada\/#Coberturas_seguro_Prima_Nivelada_RACC\" >Coberturas seguro Prima Nivelada RACC<\/a><ul class='ez-toc-list-level-3' ><li class='ez-toc-heading-level-3'><a class=\"ez-toc-link ez-toc-heading-2\" href=\"https:\/\/idecesos.com\/seguros\/companias\/racc\/prima-nivelada\/#%C2%BFA_quien_va_dirigido_el_seguro_de_decesos_Prima_Nivelada_de_RACC\" >\u00bfA qui\u00e9n va dirigido el seguro de decesos Prima Nivelada de RACC?<\/a><\/li><\/ul><\/li><li class='ez-toc-page-1 ez-toc-heading-level-2'><a class=\"ez-toc-link ez-toc-heading-3\" href=\"https:\/\/idecesos.com\/seguros\/companias\/racc\/prima-nivelada\/#Precio_de_seguro_de_decesos_Prima_Nivelada_RACC\" >Precio de seguro de decesos Prima Nivelada RACC<\/a><\/li><li class='ez-toc-page-1 ez-toc-heading-level-2'><a class=\"ez-toc-link ez-toc-heading-4\" href=\"https:\/\/idecesos.com\/seguros\/companias\/racc\/prima-nivelada\/#Productos_Prima_Nivelada_RACC\" >Productos Prima Nivelada RACC<\/a><\/li><li class='ez-toc-page-1 ez-toc-heading-level-2'><a class=\"ez-toc-link ez-toc-heading-5\" href=\"https:\/\/idecesos.com\/seguros\/companias\/racc\/prima-nivelada\/#Opiniones_del_seguro_de_decesos_de_Prima_Nivelada_de_RACC\" >Opiniones del seguro de decesos de Prima Nivelada de RACC<\/a><ul class='ez-toc-list-level-3' ><li class='ez-toc-heading-level-3'><a class=\"ez-toc-link ez-toc-heading-6\" href=\"https:\/\/idecesos.com\/seguros\/companias\/racc\/prima-nivelada\/#Paginas_relacionadas\" >P\u00e1ginas relacionadas<\/a><\/li><\/ul><\/li><\/ul><\/nav><\/div>\n\n<p>El servicio funerario va en la suma total con el contrato principal del seguro, el seguro de decesos de prima nivelada RACC en tanto que destaca por ser siempre y en toda circunstancia igual al final del total. Dentro de su cartera de clientes, el que m\u00e1s destaca de su cat\u00e1logo es la prima nivelada RACC, aunque las personas m\u00e1s j\u00f3venes crees desembolsar m\u00e1s dinero del que es, con lo que ve un crecimiento en el pago demasiado elevado. Se hacen cargo de todo de una manera considerablemente m\u00e1s veloz y simple, marcando el n\u00famero de asistencia familiar de RACC lo hicieran conforme el convenio de la p\u00f3liza de prima nivelada RACC. <\/p>\n<p>Leer m\u00e1s: <a href=\"https:\/\/idecesos.com\/seguros\/tipo\/nivelada\/\">Seguro de decesos Prima Nivelada<\/a><\/p>\n<div class=\"colorf \"  ><div class=\"container clearfix\"><div class=\"col-md-7\"><\/p>\n<h2><span class=\"ez-toc-section\" id=\"Coberturas_seguro_Prima_Nivelada_RACC\"><\/span>Coberturas seguro Prima Nivelada RACC<span class=\"ez-toc-section-end\"><\/span><\/h2>\n<p>La mayor parte de los clientes opta por el seguro l\u00fagubre RACC puesto que da la confianza y controla una de los mejores servicios de la p\u00f3liza de seguro. RACC se han transformado en los l\u00edderes del mercado por dar un servicio de calidad y ser expertos en el \u00e1mbito.<br \/>\nTambi\u00e9n, si los familiares o bien beneficiarios lo desean, incluye sepelio y tambi\u00e9n incineraci\u00f3n, que se ocupan de todos y cada uno de los tr\u00e1mites relacionados con el registro civil del fallecido, el seguro entra en vigencia desde el instante en que fallece el asegurado. A partir de ese momento, la gesti\u00f3n de la muerte se realizar\u00e1 conforme con las preferencias y costumbres de la familia. De acuerdo a sus requerimientos, en el presupuesto de los fondos de seguros En el interior, el servicio se ajustar\u00e1 en lo posible. Es una herramienta esencial contar con un comparador de seguros en iDecesos tendr\u00e1s todas las coberturas a su alcance del seguro funerario m\u00e1s distinguido a nivel RACC se resalta porque contempla las distintas opciones que vas a poder consultar toda la informaci\u00f3n que necesites de cada producto. Cada documento debe contener informaci\u00f3n, donde vayan las condiciones explicadas como las que no ir\u00e1n incluidas. <\/p>\n<p><\/div><\/div><\/div>\n<h3><span class=\"ez-toc-section\" id=\"%C2%BFA_quien_va_dirigido_el_seguro_de_decesos_Prima_Nivelada_de_RACC\"><\/span>\u00bfA qui\u00e9n va dirigido el seguro de decesos Prima Nivelada de RACC?<span class=\"ez-toc-section-end\"><\/span><\/h3>\n<p>Es verdad que cuando se llega a una edad muy avanzada hay que evitar que suban el precio del seguro para que despu\u00e9s no te pille por sorpresa a la hora de efectuar los pagos de las cuotas, con el seguro seguro de prima nivelada RACC , da esa serenidad que se busca en esas edades. En ciertos casos se da por generaci\u00f3n familiar han contratado este g\u00e9nero de seguro durante una saga continuada por ello que asimismo adquieren el seguro de decesos de prima nivelada RACC como lo han percibido a lo largo de vida con sus progenitores. <\/p>\n<div class=\"colorf \"  ><div class=\"container clearfix\"><div class=\"col-md-7\"><\/p>\n<h2><span class=\"ez-toc-section\" id=\"Precio_de_seguro_de_decesos_Prima_Nivelada_RACC\"><\/span>Precio de seguro de decesos Prima Nivelada RACC<span class=\"ez-toc-section-end\"><\/span><\/h2>\n<p>Para calcular el coste final a abonar en el seguro de prima nivelada RACC se va a coger como determinante en ciertos casos como podr\u00eda ser donde radica la persona que realice el seguro, el precio se encontrar\u00e1 es desde 5,15\u20ac. En el mercado existen una infinidad de costes competitivos, pero dentro de RACC que ponen a tu predisposici\u00f3n el seguro de prima nivelada mucho m\u00e1s accesible contando con unas rebajas muy resaltables en los seguros de decesos. Logra ahorrarse hasta un 70 por ciento con la comparaci\u00f3n de los diferentes costes que hay en la compa\u00f1\u00eda RACC de prima nivelada. Lograr\u00e1s ver los diferentes precios respecto a su competencia. <\/p>\n<p><\/div><\/div><\/div>\n<h2><span class=\"ez-toc-section\" id=\"Productos_Prima_Nivelada_RACC\"><\/span>Productos Prima Nivelada RACC<span class=\"ez-toc-section-end\"><\/span><\/h2>\n<div class=\"colorf\"><div class=\"container clearfix\"><div class=\"col-md-7\"><div class=\"opiniones\">\n<h2><span class=\"ez-toc-section\" id=\"Opiniones_del_seguro_de_decesos_de_Prima_Nivelada_de_RACC\"><\/span>Opiniones del seguro de decesos de Prima Nivelada de RACC<span class=\"ez-toc-section-end\"><\/span><\/h2>\n<p>Eduardo Santos: Cuando llam\u00e9 porque ocurri\u00f3 una incidencia de suma importancia, no tardaron nada en resolver mi problema, qued\u00e9 muy contento con el servicio que tienen para cada ocasi\u00f3n. Si en cualquier ocasi\u00f3n puede acontecer alg\u00fan inconveniente,  cuentan con todas las soluciones disponibles. Le debes dar las expectativas de suma importancia que se tiene. <\/p>\n<div class=\"opinion \"  >\n\t\t\t<div class=\"cabecera_opinion\">\n\t\t\t\t<div class=\"avatar\">E M <\/div>\n\t\t\t\t<div class=\"datos_opinion\">\n\t\t\t\t\t<div class=\"nombre_opinion\">Emily Mariko<\/div>\n\t\t\t\t\t<div class=\"info_opinion\">\t\t\t\t\t\t\n\t\t\t\t\t\t<div class=\"cuenta_opinion\"><i class=\"fas fa-pencil-alt\"><\/i><!--span class=\"dashicons dashicons-edit\" style=\"font-size:20px\"><\/span--><span>1 Opini\u00f3n<\/span><\/div>\t\t\t\t\t\t\n\t\t\t\t\t\t<div class=\"localizacion_opinion\">\n\t\t\t\t\t\t\t<i class=\"fas fa-map-marker-alt\"><\/i><!--span class=\"dashicons dashicons-location\" style=\"font-size:20px\"><\/span-->\n\t\t\t\t\t\t\t<span>ES<\/span>\n\t\t\t\t\t\t<\/div>\t\n\t\t\t\t\t<\/div>\n\t\t\t\t<\/div>\n\t\t\t<\/div><div class=\"texto_opinion\"><\/p>\n<p>Mi experiencia con RACC ha sido muy buena, me han brindado un servicio de calidad de 10, con ellos obtuve el seguro de prima nivelada, por lo que cont\u00e9 con una tarifa muy personalizada, siempre lo recomiendo cuando me lo preguntan. <\/p>\n<p><\/div><\/div>\n<div class=\"opinion \"  >\n\t\t\t<div class=\"cabecera_opinion\">\n\t\t\t\t<div class=\"avatar\">E A <\/div>\n\t\t\t\t<div class=\"datos_opinion\">\n\t\t\t\t\t<div class=\"nombre_opinion\">Eliseo Aller-Recio<\/div>\n\t\t\t\t\t<div class=\"info_opinion\">\t\t\t\t\t\t\n\t\t\t\t\t\t<div class=\"cuenta_opinion\"><i class=\"fas fa-pencil-alt\"><\/i><!--span class=\"dashicons dashicons-edit\" style=\"font-size:20px\"><\/span--><span>1 Opini\u00f3n<\/span><\/div>\t\t\t\t\t\t\n\t\t\t\t\t\t<div class=\"localizacion_opinion\">\n\t\t\t\t\t\t\t<i class=\"fas fa-map-marker-alt\"><\/i><!--span class=\"dashicons dashicons-location\" style=\"font-size:20px\"><\/span-->\n\t\t\t\t\t\t\t<span>ES<\/span>\n\t\t\t\t\t\t<\/div>\t\n\t\t\t\t\t<\/div>\n\t\t\t\t<\/div>\n\t\t\t<\/div><div class=\"texto_opinion\"><\/p>\n<p>Lo aconsejo ya que me dieron de las mejores coberturas tanto a mi como a mi familia, en el instante del acontecimiento, no dudes con prima nivelada de RACC, se hace cargo de todo. Hace unos meses muri\u00f3 un familiar muy cercano por lo que contaba con esta p\u00f3liza, es cierto que le dieron todas y cada una de las coberturas y dieron todas y cada una facilidades posibles en ese tan dif\u00edcil de gestionar. <\/p>\n<p><\/div><\/div>\n<div class=\"opinion \"  >\n\t\t\t<div class=\"cabecera_opinion\">\n\t\t\t\t<div class=\"avatar\">S A <\/div>\n\t\t\t\t<div class=\"datos_opinion\">\n\t\t\t\t\t<div class=\"nombre_opinion\">Samuel Ayll\u00f3n<\/div>\n\t\t\t\t\t<div class=\"info_opinion\">\t\t\t\t\t\t\n\t\t\t\t\t\t<div class=\"cuenta_opinion\"><i class=\"fas fa-pencil-alt\"><\/i><!--span class=\"dashicons dashicons-edit\" style=\"font-size:20px\"><\/span--><span>1 Opini\u00f3n<\/span><\/div>\t\t\t\t\t\t\n\t\t\t\t\t\t<div class=\"localizacion_opinion\">\n\t\t\t\t\t\t\t<i class=\"fas fa-map-marker-alt\"><\/i><!--span class=\"dashicons dashicons-location\" style=\"font-size:20px\"><\/span-->\n\t\t\t\t\t\t\t<span>ES<\/span>\n\t\t\t\t\t\t<\/div>\t\n\t\t\t\t\t<\/div>\n\t\t\t\t<\/div>\n\t\t\t<\/div><div class=\"texto_opinion\"><\/p>\n<p>Ten\u00eda al respecto varias dudas sobre las coberturas que ofrecen en la p\u00f3liza, con lo que acud\u00ed a una de sus oficinas m\u00e1s pr\u00f3ximas, me atendieron profesionalmente, d\u00e1ndome calma y resolviendo sin duda todas y cada una mis cuestiones. Disponen de diferentes soluciones para cualquier circunstancia que pueda suceder alg\u00fan g\u00e9nero de incidencia. <\/p>\n<p><\/div><\/div>\n<\/div><\/div><\/div><\/div>\n<p><div class=\"oficinas\"><br \/>\n<h3><span class=\"ez-toc-section\" id=\"Paginas_relacionadas\"><\/span>P\u00e1ginas relacionadas<span class=\"ez-toc-section-end\"><\/span><\/h3><div class=\"enlazado\"><ul> <li><a href=\"https:\/\/idecesos.com\/seguros\/companias\/racc\/coberturas\/\">Coberturas Seguro de Decesos RACC<\/a><\/li> <li><a href=\"https:\/\/idecesos.com\/seguros\/companias\/racc\/opiniones\/\">Opiniones RACC<\/a><\/li> <li><a href=\"https:\/\/idecesos.com\/seguros\/companias\/racc\/precio\/\">Precio seguro RACC<\/a><\/li> <li><a href=\"https:\/\/idecesos.com\/seguros\/companias\/racc\/prima-mixta\/\">RACC Prima Mixta<\/a><\/li> <li><a href=\"https:\/\/idecesos.com\/seguros\/companias\/racc\/prima-natural\/\">RACC Prima Natural<\/a><\/li> <li><a href=\"https:\/\/idecesos.com\/seguros\/companias\/racc\/prima-nivelada\/\">RACC Prima Nivelada<\/a><\/li> <li><a href=\"https:\/\/idecesos.com\/seguros\/companias\/racc\/prima-unica\/\">RACC Prima \u00danica<\/a><\/li> <li><a href=\"https:\/\/idecesos.com\/seguros\/companias\/racc\/repatriacion\/\">RACC Repatriaci\u00f3n<\/a><\/li> <li><a href=\"https:\/\/idecesos.com\/seguros\/companias\/racc\/telefono\/\">Tel\u00e9fono Gratuito RACC<\/a><\/li>   <\/ul><\/div><\/p>\n<\/div>\n","protected":false},"excerpt":{"rendered":"<p>El servicio funerario va en la suma total con el contrato principal del seguro, el seguro de decesos de prima nivelada RACC en tanto que destaca por ser siempre y en toda circunstancia igual al final del total. Dentro de su cartera de clientes, el que m\u00e1s destaca de su cat\u00e1logo es la prima nivelada&hellip; <\/p>\n","protected":false},"author":3,"featured_media":0,"parent":455,"menu_order":0,"comment_status":"closed","ping_status":"closed","template":"single.php","meta":{"footnotes":""},"class_list":["post-11630","page","type-page","status-publish","hentry"],"yoast_head":"<!-- This site is optimized with the Yoast SEO plugin v27.5 - https:\/\/yoast.com\/product\/yoast-seo-wordpress\/ -->\n<title>Seguro Decesos RACC Prima Nivelada \u25b7 Opiniones y Precio 2026<\/title>\n<meta name=\"description\" content=\"Click aqu\u00ed \u3010Seguro de Decesos Prima Nivelada RACC\u3011 Mejores precios RACC seguro de fallecidos Prima Nivelada \u2611\ufe0f Actualizado por iDecesos\u00ae\" \/>\n<meta name=\"robots\" content=\"index, follow, max-snippet:-1, max-image-preview:large, max-video-preview:-1\" \/>\n<link rel=\"canonical\" href=\"https:\/\/idecesos.com\/seguros\/companias\/racc\/prima-nivelada\/\" \/>\n<meta property=\"og:locale\" content=\"es_ES\" \/>\n<meta property=\"og:type\" content=\"article\" \/>\n<meta property=\"og:title\" content=\"Seguro Decesos RACC Prima Nivelada \u25b7 Opiniones y Precio 2026\" \/>\n<meta property=\"og:description\" content=\"Click aqu\u00ed \u3010Seguro de Decesos Prima Nivelada RACC\u3011 Mejores precios RACC seguro de fallecidos Prima Nivelada \u2611\ufe0f Actualizado por iDecesos\u00ae\" \/>\n<meta property=\"og:url\" content=\"https:\/\/idecesos.com\/seguros\/companias\/racc\/prima-nivelada\/\" \/>\n<meta property=\"article:modified_time\" content=\"2022-01-03T12:31:17+00:00\" \/>\n<meta name=\"twitter:card\" content=\"summary_large_image\" \/>\n<meta name=\"twitter:label1\" content=\"Tiempo de lectura\" \/>\n\t<meta name=\"twitter:data1\" content=\"57 minutos\" \/>\n<script type=\"application\/ld+json\" class=\"yoast-schema-graph\">{\"@context\":\"https:\\\/\\\/schema.org\",\"@graph\":[{\"@type\":\"WebPage\",\"@id\":\"https:\\\/\\\/idecesos.com\\\/seguros\\\/companias\\\/racc\\\/prima-nivelada\\\/\",\"url\":\"https:\\\/\\\/idecesos.com\\\/seguros\\\/companias\\\/racc\\\/prima-nivelada\\\/\",\"name\":\"Seguro Decesos RACC Prima Nivelada \u25b7 Opiniones y Precio 2026\",\"isPartOf\":{\"@id\":\"https:\\\/\\\/idecesos.com\\\/seguros\\\/#website\"},\"datePublished\":\"2021-11-17T00:00:00+00:00\",\"dateModified\":\"2022-01-03T12:31:17+00:00\",\"description\":\"Click aqu\u00ed \u3010Seguro de Decesos Prima Nivelada RACC\u3011 Mejores precios RACC seguro de fallecidos Prima Nivelada \u2611\ufe0f Actualizado por iDecesos\u00ae\",\"breadcrumb\":{\"@id\":\"https:\\\/\\\/idecesos.com\\\/seguros\\\/companias\\\/racc\\\/prima-nivelada\\\/#breadcrumb\"},\"inLanguage\":\"es\",\"potentialAction\":[{\"@type\":\"ReadAction\",\"target\":[\"https:\\\/\\\/idecesos.com\\\/seguros\\\/companias\\\/racc\\\/prima-nivelada\\\/\"]}]},{\"@type\":\"BreadcrumbList\",\"@id\":\"https:\\\/\\\/idecesos.com\\\/seguros\\\/companias\\\/racc\\\/prima-nivelada\\\/#breadcrumb\",\"itemListElement\":[{\"@type\":\"ListItem\",\"position\":1,\"name\":\"Portada\",\"item\":\"https:\\\/\\\/idecesos.com\\\/seguros\\\/\"},{\"@type\":\"ListItem\",\"position\":2,\"name\":\"Compa\u00f1\u00edas de Seguros de Decesos en Espa\u00f1a\",\"item\":\"https:\\\/\\\/idecesos.com\\\/seguros\\\/companias\\\/\"},{\"@type\":\"ListItem\",\"position\":3,\"name\":\"Seguro de decesos RACC\",\"item\":\"https:\\\/\\\/idecesos.com\\\/seguros\\\/companias\\\/racc\\\/\"},{\"@type\":\"ListItem\",\"position\":4,\"name\":\"Seguro de decesos RACC Prima Nivelada\"}]},{\"@type\":\"WebSite\",\"@id\":\"https:\\\/\\\/idecesos.com\\\/seguros\\\/#website\",\"url\":\"https:\\\/\\\/idecesos.com\\\/seguros\\\/\",\"name\":\"\",\"description\":\"\",\"potentialAction\":[{\"@type\":\"SearchAction\",\"target\":{\"@type\":\"EntryPoint\",\"urlTemplate\":\"https:\\\/\\\/idecesos.com\\\/seguros\\\/?s={search_term_string}\"},\"query-input\":{\"@type\":\"PropertyValueSpecification\",\"valueRequired\":true,\"valueName\":\"search_term_string\"}}],\"inLanguage\":\"es\"}]}<\/script>\n<!-- \/ Yoast SEO plugin. -->","yoast_head_json":{"title":"Seguro Decesos RACC Prima Nivelada \u25b7 Opiniones y Precio 2026","description":"Click aqu\u00ed \u3010Seguro de Decesos Prima Nivelada RACC\u3011 Mejores precios RACC seguro de fallecidos Prima Nivelada \u2611\ufe0f Actualizado por iDecesos\u00ae","robots":{"index":"index","follow":"follow","max-snippet":"max-snippet:-1","max-image-preview":"max-image-preview:large","max-video-preview":"max-video-preview:-1"},"canonical":"https:\/\/idecesos.com\/seguros\/companias\/racc\/prima-nivelada\/","og_locale":"es_ES","og_type":"article","og_title":"Seguro Decesos RACC Prima Nivelada \u25b7 Opiniones y Precio 2026","og_description":"Click aqu\u00ed \u3010Seguro de Decesos Prima Nivelada RACC\u3011 Mejores precios RACC seguro de fallecidos Prima Nivelada \u2611\ufe0f Actualizado por iDecesos\u00ae","og_url":"https:\/\/idecesos.com\/seguros\/companias\/racc\/prima-nivelada\/","article_modified_time":"2022-01-03T12:31:17+00:00","twitter_card":"summary_large_image","twitter_misc":{"Tiempo de lectura":"57 minutos"},"schema":{"@context":"https:\/\/schema.org","@graph":[{"@type":"WebPage","@id":"https:\/\/idecesos.com\/seguros\/companias\/racc\/prima-nivelada\/","url":"https:\/\/idecesos.com\/seguros\/companias\/racc\/prima-nivelada\/","name":"Seguro Decesos RACC Prima Nivelada \u25b7 Opiniones y Precio 2026","isPartOf":{"@id":"https:\/\/idecesos.com\/seguros\/#website"},"datePublished":"2021-11-17T00:00:00+00:00","dateModified":"2022-01-03T12:31:17+00:00","description":"Click aqu\u00ed \u3010Seguro de Decesos Prima Nivelada RACC\u3011 Mejores precios RACC seguro de fallecidos Prima Nivelada \u2611\ufe0f Actualizado por iDecesos\u00ae","breadcrumb":{"@id":"https:\/\/idecesos.com\/seguros\/companias\/racc\/prima-nivelada\/#breadcrumb"},"inLanguage":"es","potentialAction":[{"@type":"ReadAction","target":["https:\/\/idecesos.com\/seguros\/companias\/racc\/prima-nivelada\/"]}]},{"@type":"BreadcrumbList","@id":"https:\/\/idecesos.com\/seguros\/companias\/racc\/prima-nivelada\/#breadcrumb","itemListElement":[{"@type":"ListItem","position":1,"name":"Portada","item":"https:\/\/idecesos.com\/seguros\/"},{"@type":"ListItem","position":2,"name":"Compa\u00f1\u00edas de Seguros de Decesos en Espa\u00f1a","item":"https:\/\/idecesos.com\/seguros\/companias\/"},{"@type":"ListItem","position":3,"name":"Seguro de decesos RACC","item":"https:\/\/idecesos.com\/seguros\/companias\/racc\/"},{"@type":"ListItem","position":4,"name":"Seguro de decesos RACC Prima Nivelada"}]},{"@type":"WebSite","@id":"https:\/\/idecesos.com\/seguros\/#website","url":"https:\/\/idecesos.com\/seguros\/","name":"","description":"","potentialAction":[{"@type":"SearchAction","target":{"@type":"EntryPoint","urlTemplate":"https:\/\/idecesos.com\/seguros\/?s={search_term_string}"},"query-input":{"@type":"PropertyValueSpecification","valueRequired":true,"valueName":"search_term_string"}}],"inLanguage":"es"}]}},"_links":{"self":[{"href":"https:\/\/idecesos.com\/seguros\/wp-json\/wp\/v2\/pages\/11630","targetHints":{"allow":["GET"]}}],"collection":[{"href":"https:\/\/idecesos.com\/seguros\/wp-json\/wp\/v2\/pages"}],"about":[{"href":"https:\/\/idecesos.com\/seguros\/wp-json\/wp\/v2\/types\/page"}],"author":[{"embeddable":true,"href":"https:\/\/idecesos.com\/seguros\/wp-json\/wp\/v2\/users\/3"}],"replies":[{"embeddable":true,"href":"https:\/\/idecesos.com\/seguros\/wp-json\/wp\/v2\/comments?post=11630"}],"version-history":[{"count":1,"href":"https:\/\/idecesos.com\/seguros\/wp-json\/wp\/v2\/pages\/11630\/revisions"}],"predecessor-version":[{"id":13137,"href":"https:\/\/idecesos.com\/seguros\/wp-json\/wp\/v2\/pages\/11630\/revisions\/13137"}],"up":[{"embeddable":true,"href":"https:\/\/idecesos.com\/seguros\/wp-json\/wp\/v2\/pages\/455"}],"wp:attachment":[{"href":"https:\/\/idecesos.com\/seguros\/wp-json\/wp\/v2\/media?parent=11630"}],"curies":[{"name":"wp","href":"https:\/\/api.w.org\/{rel}","templated":true}]}}