{"id":11666,"date":"2021-11-19T00:00:00","date_gmt":"2021-11-19T00:00:00","guid":{"rendered":"https:\/\/idecesos.com\/seguros\/?page_id=11666"},"modified":"2022-01-03T12:31:12","modified_gmt":"2022-01-03T12:31:12","slug":"prima-mixta","status":"publish","type":"page","link":"https:\/\/idecesos.com\/seguros\/companias\/nuez\/prima-mixta\/","title":{"rendered":"Seguro de decesos Nuez Prima Mixta"},"content":{"rendered":"<div id=\"ez-toc-container\" class=\"ez-toc-v2_0_82_2 ez-toc-wrap-center counter-hierarchy ez-toc-counter ez-toc-custom ez-toc-container-direction\">\n<div class=\"ez-toc-title-container\">\n<p class=\"ez-toc-title\" style=\"cursor:inherit\">Tabla de Contenido<\/p>\n<span class=\"ez-toc-title-toggle\"><a href=\"#\" class=\"ez-toc-pull-right ez-toc-btn ez-toc-btn-xs ez-toc-btn-default ez-toc-toggle\" aria-label=\"Alternar tabla de contenidos\"><span class=\"ez-toc-js-icon-con\"><span class=\"\"><span class=\"eztoc-hide\" style=\"display:none;\">Toggle<\/span><span class=\"ez-toc-icon-toggle-span\"><svg style=\"fill: #db6415;color:#db6415\" xmlns=\"http:\/\/www.w3.org\/2000\/svg\" class=\"list-377408\" width=\"20px\" height=\"20px\" viewBox=\"0 0 24 24\" fill=\"none\"><path d=\"M6 6H4v2h2V6zm14 0H8v2h12V6zM4 11h2v2H4v-2zm16 0H8v2h12v-2zM4 16h2v2H4v-2zm16 0H8v2h12v-2z\" fill=\"currentColor\"><\/path><\/svg><svg style=\"fill: #db6415;color:#db6415\" class=\"arrow-unsorted-368013\" xmlns=\"http:\/\/www.w3.org\/2000\/svg\" width=\"10px\" height=\"10px\" viewBox=\"0 0 24 24\" version=\"1.2\" baseProfile=\"tiny\"><path d=\"M18.2 9.3l-6.2-6.3-6.2 6.3c-.2.2-.3.4-.3.7s.1.5.3.7c.2.2.4.3.7.3h11c.3 0 .5-.1.7-.3.2-.2.3-.5.3-.7s-.1-.5-.3-.7zM5.8 14.7l6.2 6.3 6.2-6.3c.2-.2.3-.5.3-.7s-.1-.5-.3-.7c-.2-.2-.4-.3-.7-.3h-11c-.3 0-.5.1-.7.3-.2.2-.3.5-.3.7s.1.5.3.7z\"\/><\/svg><\/span><\/span><\/span><\/a><\/span><\/div>\n<nav><ul class='ez-toc-list ez-toc-list-level-1 ' ><li class='ez-toc-page-1 ez-toc-heading-level-2'><a class=\"ez-toc-link ez-toc-heading-1\" href=\"https:\/\/idecesos.com\/seguros\/companias\/nuez\/prima-mixta\/#Coberturas_seguro_Prima_Mixta_Nuez\" >Coberturas seguro Prima Mixta Nuez<\/a><ul class='ez-toc-list-level-3' ><li class='ez-toc-heading-level-3'><a class=\"ez-toc-link ez-toc-heading-2\" href=\"https:\/\/idecesos.com\/seguros\/companias\/nuez\/prima-mixta\/#%C2%BFA_quien_va_dirigido_el_seguro_de_decesos_Prima_Mixta_de_Nuez\" >\u00bfA qui\u00e9n va dirigido el seguro de decesos Prima Mixta de Nuez?<\/a><\/li><\/ul><\/li><li class='ez-toc-page-1 ez-toc-heading-level-2'><a class=\"ez-toc-link ez-toc-heading-3\" href=\"https:\/\/idecesos.com\/seguros\/companias\/nuez\/prima-mixta\/#Precio_de_seguro_de_decesos_Prima_Mixta_Nuez\" >Precio de seguro de decesos Prima Mixta Nuez<\/a><\/li><li class='ez-toc-page-1 ez-toc-heading-level-2'><a class=\"ez-toc-link ez-toc-heading-4\" href=\"https:\/\/idecesos.com\/seguros\/companias\/nuez\/prima-mixta\/#Productos_Prima_Mixta_Nuez\" >Productos Prima Mixta Nuez<\/a><\/li><li class='ez-toc-page-1 ez-toc-heading-level-2'><a class=\"ez-toc-link ez-toc-heading-5\" href=\"https:\/\/idecesos.com\/seguros\/companias\/nuez\/prima-mixta\/#Opiniones_del_seguro_de_decesos_de_Prima_Mixta_de_Nuez\" >Opiniones del seguro de decesos de Prima Mixta de Nuez<\/a><ul class='ez-toc-list-level-3' ><li class='ez-toc-heading-level-3'><a class=\"ez-toc-link ez-toc-heading-6\" href=\"https:\/\/idecesos.com\/seguros\/companias\/nuez\/prima-mixta\/#Paginas_relacionadas\" >P\u00e1ginas relacionadas<\/a><\/li><\/ul><\/li><\/ul><\/nav><\/div>\n\n<p>En la prima creciente existe una uni\u00f3n con prima mixta de Nuez y prima nivelada de Nuez. En la categor\u00eda de prima mixta Nuez resulta que el precio es renovable anualmente, puesto que hay m\u00e1s riesgo de fenecer. Con lo que resulta m\u00e1s cara y se van renovando los servicios ya que encarecen con el paso del tiempo, cuando se llega a una cierta edad la prima mixta Nuez se nivela. <\/p>\n<p>Leer m\u00e1s: <a href=\"https:\/\/idecesos.com\/seguros\/tipo\/mixta\/\">Seguro de decesos Prima Mixta<\/a><\/p>\n<div class=\"colorf \"  ><div class=\"container clearfix\"><div class=\"col-md-7\"><\/p>\n<h2><span class=\"ez-toc-section\" id=\"Coberturas_seguro_Prima_Mixta_Nuez\"><\/span>Coberturas seguro Prima Mixta Nuez<span class=\"ez-toc-section-end\"><\/span><\/h2>\n<p>Las coberturas m\u00e1s significativas del seguro de decesos de prima mixta de Nuez son todas las ligadas al excelente servicio funerario que ofrecen a sus clientes del servicio. Las coberturas que contempla el seguro de decesos de prima mixta son controladas por la parte de Nuez que se encargaran de todos y cada uno de los servicios referidos al fallecimiento del asegurado,tanto en desplazamiento entre otros. Destacamos que en Nuez con el seguro de prima mixta cuenta con un cat\u00e1logo extenso de los servicios complementarios que se puede usar durante los a\u00f1os de permanencia en Nuez. Herramienta que no te puede faltar en el instante de equiparar Nuez de tu seguro de prima mixta con Nuez, es iDecesos es tu mejor aliado para conocer todas las ventajas. <\/p>\n<p><\/div><\/div><\/div>\n<h3><span class=\"ez-toc-section\" id=\"%C2%BFA_quien_va_dirigido_el_seguro_de_decesos_Prima_Mixta_de_Nuez\"><\/span>\u00bfA qui\u00e9n va dirigido el seguro de decesos Prima Mixta de Nuez?<span class=\"ez-toc-section-end\"><\/span><\/h3>\n<p>El seguro de prima mixta de Nuez lo suele contratar las personas o bien familias que a\u00fan son j\u00f3venes y pagan una cuota bastante econ\u00f3mica y que saben que se les va a estabilizar en un futuro y no tienen miedo a las subidas leves anuales. Adem\u00e1s, suelen ser familias que le dan un empleo intenso a los servicios a\u00f1adidos que ofrece la p\u00f3liza de prima mixta de Nuez. <\/p>\n<div class=\"colorf \"  ><div class=\"container clearfix\"><div class=\"col-md-7\"><\/p>\n<h2><span class=\"ez-toc-section\" id=\"Precio_de_seguro_de_decesos_Prima_Mixta_Nuez\"><\/span>Precio de seguro de decesos Prima Mixta Nuez<span class=\"ez-toc-section-end\"><\/span><\/h2>\n<p>Nuez el seguro de decesos de prima mixta el coste es de 2,10\u20ac mensual, contando con las variables m\u00e1s favorables para el c\u00e1lculo. empresa destaca por tener uno de los mejores precios del mercado, como la calidad del servicio que disponen. iDecesos tu aliado para lograr el mejor precio del mercado, podr\u00e1s realizar las distintas comparaciones respecto al de Nuez. Solo debes incluir los datos para realizar el c\u00e1lculo para tu p\u00f3liza ideal. <\/p>\n<p><\/div><\/div><\/div>\n<h2><span class=\"ez-toc-section\" id=\"Productos_Prima_Mixta_Nuez\"><\/span>Productos Prima Mixta Nuez<span class=\"ez-toc-section-end\"><\/span><\/h2>\n<div class=\"colorf\"><div class=\"container clearfix\"><div class=\"col-md-7\"><div class=\"opiniones\">\n<h2><span class=\"ez-toc-section\" id=\"Opiniones_del_seguro_de_decesos_de_Prima_Mixta_de_Nuez\"><\/span>Opiniones del seguro de decesos de Prima Mixta de Nuez<span class=\"ez-toc-section-end\"><\/span><\/h2>\n<p>Las valoraciones que proceden de iDecesos son catalogadas como las mejores respecto a la p\u00f3liza de prima mixta de Nuez. Esta valoraci\u00f3n tan buena se debe a que el producto es muy equilibrado, con un precio muy econ\u00f3mico y coberturas y servicios de gran calidad. La compa\u00f1\u00eda seguros Nuez tiene diferentes niveles de calidad por la Direcci\u00f3n General de seguros (D. G. S). <\/p>\n<div class=\"opinion \"  >\n\t\t\t<div class=\"cabecera_opinion\">\n\t\t\t\t<div class=\"avatar\">O M <\/div>\n\t\t\t\t<div class=\"datos_opinion\">\n\t\t\t\t\t<div class=\"nombre_opinion\">Oriana Mill\u00e1n<\/div>\n\t\t\t\t\t<div class=\"info_opinion\">\t\t\t\t\t\t\n\t\t\t\t\t\t<div class=\"cuenta_opinion\"><i class=\"fas fa-pencil-alt\"><\/i><!--span class=\"dashicons dashicons-edit\" style=\"font-size:20px\"><\/span--><span>1 Opini\u00f3n<\/span><\/div>\t\t\t\t\t\t\n\t\t\t\t\t\t<div class=\"localizacion_opinion\">\n\t\t\t\t\t\t\t<i class=\"fas fa-map-marker-alt\"><\/i><!--span class=\"dashicons dashicons-location\" style=\"font-size:20px\"><\/span-->\n\t\t\t\t\t\t\t<span>ES<\/span>\n\t\t\t\t\t\t<\/div>\t\n\t\t\t\t\t<\/div>\n\t\t\t\t<\/div>\n\t\t\t<\/div><div class=\"texto_opinion\"><\/p>\n<p>He contratado el seguro de prima Mixta de Nuez y s\u00f3lo puedo decir que desde el momento que llamamos al tel\u00e9fono de asistencia se encargaron de todo y fue todo correcto por parte de su personal.<\/p>\n<p><\/div><\/div>\n<div class=\"opinion \"  >\n\t\t\t<div class=\"cabecera_opinion\">\n\t\t\t\t<div class=\"avatar\">J F <\/div>\n\t\t\t\t<div class=\"datos_opinion\">\n\t\t\t\t\t<div class=\"nombre_opinion\">Javi F\u00e9lix<\/div>\n\t\t\t\t\t<div class=\"info_opinion\">\t\t\t\t\t\t\n\t\t\t\t\t\t<div class=\"cuenta_opinion\"><i class=\"fas fa-pencil-alt\"><\/i><!--span class=\"dashicons dashicons-edit\" style=\"font-size:20px\"><\/span--><span>1 Opini\u00f3n<\/span><\/div>\t\t\t\t\t\t\n\t\t\t\t\t\t<div class=\"localizacion_opinion\">\n\t\t\t\t\t\t\t<i class=\"fas fa-map-marker-alt\"><\/i><!--span class=\"dashicons dashicons-location\" style=\"font-size:20px\"><\/span-->\n\t\t\t\t\t\t\t<span>ES<\/span>\n\t\t\t\t\t\t<\/div>\t\n\t\t\t\t\t<\/div>\n\t\t\t\t<\/div>\n\t\t\t<\/div><div class=\"texto_opinion\"><\/p>\n<p>Estoy muy agradecida con Nuez por el seguro de prima Mixta, que el servicio que me dieron fue extraordinario, haci\u00e9ndonos todo el proceso del duelo m\u00e1s sencillo y c\u00f3modo.<\/p>\n<p><\/div><\/div>\n<div class=\"opinion \"  >\n\t\t\t<div class=\"cabecera_opinion\">\n\t\t\t\t<div class=\"avatar\">L D C <\/div>\n\t\t\t\t<div class=\"datos_opinion\">\n\t\t\t\t\t<div class=\"nombre_opinion\">Lorenza de Canet<\/div>\n\t\t\t\t\t<div class=\"info_opinion\">\t\t\t\t\t\t\n\t\t\t\t\t\t<div class=\"cuenta_opinion\"><i class=\"fas fa-pencil-alt\"><\/i><!--span class=\"dashicons dashicons-edit\" style=\"font-size:20px\"><\/span--><span>1 Opini\u00f3n<\/span><\/div>\t\t\t\t\t\t\n\t\t\t\t\t\t<div class=\"localizacion_opinion\">\n\t\t\t\t\t\t\t<i class=\"fas fa-map-marker-alt\"><\/i><!--span class=\"dashicons dashicons-location\" style=\"font-size:20px\"><\/span-->\n\t\t\t\t\t\t\t<span>ES<\/span>\n\t\t\t\t\t\t<\/div>\t\n\t\t\t\t\t<\/div>\n\t\t\t\t<\/div>\n\t\t\t<\/div><div class=\"texto_opinion\"><\/p>\n<p>Tengo una opini\u00f3n muy positiva del seguro de prima Mixta de Nuez porque lo hemos utilizado para nuestra abuela y todo fue perfecto.<\/p>\n<p><\/div><\/div>\n<\/div><\/div><\/div><\/div>\n<p><div class=\"oficinas\"><br \/>\n<h3><span class=\"ez-toc-section\" id=\"Paginas_relacionadas\"><\/span>P\u00e1ginas relacionadas<span class=\"ez-toc-section-end\"><\/span><\/h3><div class=\"enlazado\"><ul> <li><a href=\"https:\/\/idecesos.com\/seguros\/companias\/nuez\/opiniones\/\">Opiniones Nuez<\/a><\/li> <li><a href=\"https:\/\/idecesos.com\/seguros\/companias\/nuez\/precio\/\">Precio seguro Nuez<\/a><\/li> <li><a href=\"https:\/\/idecesos.com\/seguros\/companias\/nuez\/prima-mixta\/\">Nuez Prima Mixta<\/a><\/li> <li><a href=\"https:\/\/idecesos.com\/seguros\/companias\/nuez\/prima-natural\/\">Nuez Prima Natural<\/a><\/li> <li><a href=\"https:\/\/idecesos.com\/seguros\/companias\/nuez\/prima-nivelada\/\">Nuez Prima Nivelada<\/a><\/li> <li><a href=\"https:\/\/idecesos.com\/seguros\/companias\/nuez\/prima-unica\/\">Nuez Prima \u00danica<\/a><\/li> <li><a href=\"https:\/\/idecesos.com\/seguros\/companias\/nuez\/repatriacion\/\">Nuez Repatriaci\u00f3n<\/a><\/li> <li><a href=\"https:\/\/idecesos.com\/seguros\/companias\/nuez\/telefono\/\">Tel\u00e9fono Gratuito Nuez<\/a><\/li><\/ul><\/div><\/p>\n<\/div>\n","protected":false},"excerpt":{"rendered":"<p>En la prima creciente existe una uni\u00f3n con prima mixta de Nuez y prima nivelada de Nuez. En la categor\u00eda de prima mixta Nuez resulta que el precio es renovable anualmente, puesto que hay m\u00e1s riesgo de fenecer. Con lo que resulta m\u00e1s cara y se van renovando los servicios ya que encarecen con el&hellip; <\/p>\n","protected":false},"author":3,"featured_media":0,"parent":775,"menu_order":0,"comment_status":"closed","ping_status":"closed","template":"single.php","meta":{"footnotes":""},"class_list":["post-11666","page","type-page","status-publish","hentry"],"yoast_head":"<!-- This site is optimized with the Yoast SEO plugin v27.5 - https:\/\/yoast.com\/product\/yoast-seo-wordpress\/ -->\n<title>Seguro Decesos Nuez Prima Mixta \u25b7 Opiniones y Precio 2026<\/title>\n<meta name=\"description\" content=\"Click aqu\u00ed \u3010Seguro de Decesos Prima Mixta Nuez\u3011 Mejores precios Nuez seguro de fallecidos Prima Mixta \u2611\ufe0f Actualizado por iDecesos\u00ae\" \/>\n<meta name=\"robots\" content=\"index, follow, max-snippet:-1, max-image-preview:large, max-video-preview:-1\" \/>\n<link rel=\"canonical\" href=\"https:\/\/idecesos.com\/seguros\/companias\/nuez\/prima-mixta\/\" \/>\n<meta property=\"og:locale\" content=\"es_ES\" \/>\n<meta property=\"og:type\" content=\"article\" \/>\n<meta property=\"og:title\" content=\"Seguro Decesos Nuez Prima Mixta \u25b7 Opiniones y Precio 2026\" \/>\n<meta property=\"og:description\" content=\"Click aqu\u00ed \u3010Seguro de Decesos Prima Mixta Nuez\u3011 Mejores precios Nuez seguro de fallecidos Prima Mixta \u2611\ufe0f Actualizado por iDecesos\u00ae\" \/>\n<meta property=\"og:url\" content=\"https:\/\/idecesos.com\/seguros\/companias\/nuez\/prima-mixta\/\" \/>\n<meta property=\"article:modified_time\" content=\"2022-01-03T12:31:12+00:00\" \/>\n<meta name=\"twitter:card\" content=\"summary_large_image\" \/>\n<meta name=\"twitter:label1\" content=\"Tiempo de lectura\" \/>\n\t<meta name=\"twitter:data1\" content=\"54 minutos\" \/>\n<script type=\"application\/ld+json\" class=\"yoast-schema-graph\">{\"@context\":\"https:\\\/\\\/schema.org\",\"@graph\":[{\"@type\":\"WebPage\",\"@id\":\"https:\\\/\\\/idecesos.com\\\/seguros\\\/companias\\\/nuez\\\/prima-mixta\\\/\",\"url\":\"https:\\\/\\\/idecesos.com\\\/seguros\\\/companias\\\/nuez\\\/prima-mixta\\\/\",\"name\":\"Seguro Decesos Nuez Prima Mixta \u25b7 Opiniones y Precio 2026\",\"isPartOf\":{\"@id\":\"https:\\\/\\\/idecesos.com\\\/seguros\\\/#website\"},\"datePublished\":\"2021-11-19T00:00:00+00:00\",\"dateModified\":\"2022-01-03T12:31:12+00:00\",\"description\":\"Click aqu\u00ed \u3010Seguro de Decesos Prima Mixta Nuez\u3011 Mejores precios Nuez seguro de fallecidos Prima Mixta \u2611\ufe0f Actualizado por iDecesos\u00ae\",\"breadcrumb\":{\"@id\":\"https:\\\/\\\/idecesos.com\\\/seguros\\\/companias\\\/nuez\\\/prima-mixta\\\/#breadcrumb\"},\"inLanguage\":\"es\",\"potentialAction\":[{\"@type\":\"ReadAction\",\"target\":[\"https:\\\/\\\/idecesos.com\\\/seguros\\\/companias\\\/nuez\\\/prima-mixta\\\/\"]}]},{\"@type\":\"BreadcrumbList\",\"@id\":\"https:\\\/\\\/idecesos.com\\\/seguros\\\/companias\\\/nuez\\\/prima-mixta\\\/#breadcrumb\",\"itemListElement\":[{\"@type\":\"ListItem\",\"position\":1,\"name\":\"Portada\",\"item\":\"https:\\\/\\\/idecesos.com\\\/seguros\\\/\"},{\"@type\":\"ListItem\",\"position\":2,\"name\":\"Compa\u00f1\u00edas de Seguros de Decesos en Espa\u00f1a\",\"item\":\"https:\\\/\\\/idecesos.com\\\/seguros\\\/companias\\\/\"},{\"@type\":\"ListItem\",\"position\":3,\"name\":\"Seguro de decesos Nuez\",\"item\":\"https:\\\/\\\/idecesos.com\\\/seguros\\\/companias\\\/nuez\\\/\"},{\"@type\":\"ListItem\",\"position\":4,\"name\":\"Seguro de decesos Nuez Prima Mixta\"}]},{\"@type\":\"WebSite\",\"@id\":\"https:\\\/\\\/idecesos.com\\\/seguros\\\/#website\",\"url\":\"https:\\\/\\\/idecesos.com\\\/seguros\\\/\",\"name\":\"\",\"description\":\"\",\"potentialAction\":[{\"@type\":\"SearchAction\",\"target\":{\"@type\":\"EntryPoint\",\"urlTemplate\":\"https:\\\/\\\/idecesos.com\\\/seguros\\\/?s={search_term_string}\"},\"query-input\":{\"@type\":\"PropertyValueSpecification\",\"valueRequired\":true,\"valueName\":\"search_term_string\"}}],\"inLanguage\":\"es\"}]}<\/script>\n<!-- \/ Yoast SEO plugin. -->","yoast_head_json":{"title":"Seguro Decesos Nuez Prima Mixta \u25b7 Opiniones y Precio 2026","description":"Click aqu\u00ed \u3010Seguro de Decesos Prima Mixta Nuez\u3011 Mejores precios Nuez seguro de fallecidos Prima Mixta \u2611\ufe0f Actualizado por iDecesos\u00ae","robots":{"index":"index","follow":"follow","max-snippet":"max-snippet:-1","max-image-preview":"max-image-preview:large","max-video-preview":"max-video-preview:-1"},"canonical":"https:\/\/idecesos.com\/seguros\/companias\/nuez\/prima-mixta\/","og_locale":"es_ES","og_type":"article","og_title":"Seguro Decesos Nuez Prima Mixta \u25b7 Opiniones y Precio 2026","og_description":"Click aqu\u00ed \u3010Seguro de Decesos Prima Mixta Nuez\u3011 Mejores precios Nuez seguro de fallecidos Prima Mixta \u2611\ufe0f Actualizado por iDecesos\u00ae","og_url":"https:\/\/idecesos.com\/seguros\/companias\/nuez\/prima-mixta\/","article_modified_time":"2022-01-03T12:31:12+00:00","twitter_card":"summary_large_image","twitter_misc":{"Tiempo de lectura":"54 minutos"},"schema":{"@context":"https:\/\/schema.org","@graph":[{"@type":"WebPage","@id":"https:\/\/idecesos.com\/seguros\/companias\/nuez\/prima-mixta\/","url":"https:\/\/idecesos.com\/seguros\/companias\/nuez\/prima-mixta\/","name":"Seguro Decesos Nuez Prima Mixta \u25b7 Opiniones y Precio 2026","isPartOf":{"@id":"https:\/\/idecesos.com\/seguros\/#website"},"datePublished":"2021-11-19T00:00:00+00:00","dateModified":"2022-01-03T12:31:12+00:00","description":"Click aqu\u00ed \u3010Seguro de Decesos Prima Mixta Nuez\u3011 Mejores precios Nuez seguro de fallecidos Prima Mixta \u2611\ufe0f Actualizado por iDecesos\u00ae","breadcrumb":{"@id":"https:\/\/idecesos.com\/seguros\/companias\/nuez\/prima-mixta\/#breadcrumb"},"inLanguage":"es","potentialAction":[{"@type":"ReadAction","target":["https:\/\/idecesos.com\/seguros\/companias\/nuez\/prima-mixta\/"]}]},{"@type":"BreadcrumbList","@id":"https:\/\/idecesos.com\/seguros\/companias\/nuez\/prima-mixta\/#breadcrumb","itemListElement":[{"@type":"ListItem","position":1,"name":"Portada","item":"https:\/\/idecesos.com\/seguros\/"},{"@type":"ListItem","position":2,"name":"Compa\u00f1\u00edas de Seguros de Decesos en Espa\u00f1a","item":"https:\/\/idecesos.com\/seguros\/companias\/"},{"@type":"ListItem","position":3,"name":"Seguro de decesos Nuez","item":"https:\/\/idecesos.com\/seguros\/companias\/nuez\/"},{"@type":"ListItem","position":4,"name":"Seguro de decesos Nuez Prima Mixta"}]},{"@type":"WebSite","@id":"https:\/\/idecesos.com\/seguros\/#website","url":"https:\/\/idecesos.com\/seguros\/","name":"","description":"","potentialAction":[{"@type":"SearchAction","target":{"@type":"EntryPoint","urlTemplate":"https:\/\/idecesos.com\/seguros\/?s={search_term_string}"},"query-input":{"@type":"PropertyValueSpecification","valueRequired":true,"valueName":"search_term_string"}}],"inLanguage":"es"}]}},"_links":{"self":[{"href":"https:\/\/idecesos.com\/seguros\/wp-json\/wp\/v2\/pages\/11666","targetHints":{"allow":["GET"]}}],"collection":[{"href":"https:\/\/idecesos.com\/seguros\/wp-json\/wp\/v2\/pages"}],"about":[{"href":"https:\/\/idecesos.com\/seguros\/wp-json\/wp\/v2\/types\/page"}],"author":[{"embeddable":true,"href":"https:\/\/idecesos.com\/seguros\/wp-json\/wp\/v2\/users\/3"}],"replies":[{"embeddable":true,"href":"https:\/\/idecesos.com\/seguros\/wp-json\/wp\/v2\/comments?post=11666"}],"version-history":[{"count":1,"href":"https:\/\/idecesos.com\/seguros\/wp-json\/wp\/v2\/pages\/11666\/revisions"}],"predecessor-version":[{"id":13167,"href":"https:\/\/idecesos.com\/seguros\/wp-json\/wp\/v2\/pages\/11666\/revisions\/13167"}],"up":[{"embeddable":true,"href":"https:\/\/idecesos.com\/seguros\/wp-json\/wp\/v2\/pages\/775"}],"wp:attachment":[{"href":"https:\/\/idecesos.com\/seguros\/wp-json\/wp\/v2\/media?parent=11666"}],"curies":[{"name":"wp","href":"https:\/\/api.w.org\/{rel}","templated":true}]}}