{"id":13301,"date":"2021-11-27T00:00:00","date_gmt":"2021-11-27T00:00:00","guid":{"rendered":"https:\/\/idecesos.com\/seguros\/?page_id=13301"},"modified":"2022-01-03T12:29:30","modified_gmt":"2022-01-03T12:29:30","slug":"prima-natural","status":"publish","type":"page","link":"https:\/\/idecesos.com\/seguros\/companias\/afemefa\/prima-natural\/","title":{"rendered":"Seguro de decesos Afemefa Prima Natural"},"content":{"rendered":"<div id=\"ez-toc-container\" class=\"ez-toc-v2_0_82_2 ez-toc-wrap-center counter-hierarchy ez-toc-counter ez-toc-custom ez-toc-container-direction\">\n<div class=\"ez-toc-title-container\">\n<p class=\"ez-toc-title\" style=\"cursor:inherit\">Tabla de Contenido<\/p>\n<span class=\"ez-toc-title-toggle\"><a href=\"#\" class=\"ez-toc-pull-right ez-toc-btn ez-toc-btn-xs ez-toc-btn-default ez-toc-toggle\" aria-label=\"Alternar tabla de contenidos\"><span class=\"ez-toc-js-icon-con\"><span class=\"\"><span class=\"eztoc-hide\" style=\"display:none;\">Toggle<\/span><span class=\"ez-toc-icon-toggle-span\"><svg style=\"fill: #db6415;color:#db6415\" xmlns=\"http:\/\/www.w3.org\/2000\/svg\" class=\"list-377408\" width=\"20px\" height=\"20px\" viewBox=\"0 0 24 24\" fill=\"none\"><path d=\"M6 6H4v2h2V6zm14 0H8v2h12V6zM4 11h2v2H4v-2zm16 0H8v2h12v-2zM4 16h2v2H4v-2zm16 0H8v2h12v-2z\" fill=\"currentColor\"><\/path><\/svg><svg style=\"fill: #db6415;color:#db6415\" class=\"arrow-unsorted-368013\" xmlns=\"http:\/\/www.w3.org\/2000\/svg\" width=\"10px\" height=\"10px\" viewBox=\"0 0 24 24\" version=\"1.2\" baseProfile=\"tiny\"><path d=\"M18.2 9.3l-6.2-6.3-6.2 6.3c-.2.2-.3.4-.3.7s.1.5.3.7c.2.2.4.3.7.3h11c.3 0 .5-.1.7-.3.2-.2.3-.5.3-.7s-.1-.5-.3-.7zM5.8 14.7l6.2 6.3 6.2-6.3c.2-.2.3-.5.3-.7s-.1-.5-.3-.7c-.2-.2-.4-.3-.7-.3h-11c-.3 0-.5.1-.7.3-.2.2-.3.5-.3.7s.1.5.3.7z\"\/><\/svg><\/span><\/span><\/span><\/a><\/span><\/div>\n<nav><ul class='ez-toc-list ez-toc-list-level-1 ' ><li class='ez-toc-page-1 ez-toc-heading-level-2'><a class=\"ez-toc-link ez-toc-heading-1\" href=\"https:\/\/idecesos.com\/seguros\/companias\/afemefa\/prima-natural\/#Coberturas_seguro_Prima_Natural_Afemefa\" >Coberturas seguro Prima Natural Afemefa<\/a><ul class='ez-toc-list-level-3' ><li class='ez-toc-heading-level-3'><a class=\"ez-toc-link ez-toc-heading-2\" href=\"https:\/\/idecesos.com\/seguros\/companias\/afemefa\/prima-natural\/#%C2%BFA_quien_va_dirigido_el_seguro_de_decesos_Prima_Natural_de_Afemefa\" >\u00bfA qui\u00e9n va dirigido el seguro de decesos Prima Natural de Afemefa?<\/a><\/li><\/ul><\/li><li class='ez-toc-page-1 ez-toc-heading-level-2'><a class=\"ez-toc-link ez-toc-heading-3\" href=\"https:\/\/idecesos.com\/seguros\/companias\/afemefa\/prima-natural\/#Precio_de_seguro_de_decesos_Prima_Natural_Afemefa\" >Precio de seguro de decesos Prima Natural Afemefa<\/a><\/li><li class='ez-toc-page-1 ez-toc-heading-level-2'><a class=\"ez-toc-link ez-toc-heading-4\" href=\"https:\/\/idecesos.com\/seguros\/companias\/afemefa\/prima-natural\/#Productos_Prima_Natural_Afemefa\" >Productos Prima Natural Afemefa<\/a><\/li><li class='ez-toc-page-1 ez-toc-heading-level-2'><a class=\"ez-toc-link ez-toc-heading-5\" href=\"https:\/\/idecesos.com\/seguros\/companias\/afemefa\/prima-natural\/#Opiniones_del_seguro_de_decesos_de_Prima_Natural_de_Afemefa\" >Opiniones del seguro de decesos de Prima Natural de Afemefa<\/a><ul class='ez-toc-list-level-3' ><li class='ez-toc-heading-level-3'><a class=\"ez-toc-link ez-toc-heading-6\" href=\"https:\/\/idecesos.com\/seguros\/companias\/afemefa\/prima-natural\/#Paginas_relacionadas\" >P\u00e1ginas relacionadas<\/a><\/li><\/ul><\/li><\/ul><\/nav><\/div>\n\n<p>De a\u00f1o en a\u00f1o la p\u00f3liza aumentar\u00e1 del seguro de decesos de prima natural de Afemefa . {Es decir, es variable puesto que se generan cambios en alza en el precio de la prima a cada vencimiento anual, dado a que los asegurados asociados a la p\u00f3liza de prima natural de Afemefa van cumpliendo a\u00f1os y el riesgo se va agravando, asimismo las posibilidades de los servicios funerarios que incluye van subiendo los costes (flores, irpf mano de obra, precio ata\u00fad, alquiler de sala en tanatorio) debido por diversos factores como puede ser subida de la luz, encarecimiento de materias primas por escasez y tambi\u00e9n ipc entre otros muchos.}<\/p>\n<p>Leer m\u00e1s: <a href=\"https:\/\/idecesos.com\/seguros\/tipo\/natural\/\">Seguro de decesos Prima Natural<\/a><\/p>\n<div class=\"colorf \"  ><div class=\"container clearfix\"><div class=\"col-md-7\"><\/p>\n<h2><span class=\"ez-toc-section\" id=\"Coberturas_seguro_Prima_Natural_Afemefa\"><\/span>Coberturas seguro Prima Natural Afemefa<span class=\"ez-toc-section-end\"><\/span><\/h2>\n<p>Afemefa cuenta con las mejores coberturas de prima natural del mercado espa\u00f1ol, adaptados a los nuevos tiempos y rehabilitados con el que se adapta a cada persona. \u00bfCuales son las coberturas de prima natural de Afemefa? Todas y cada una al respecto con el servicio de sepelio de las cuales quedaron absolutamente cubiertas en su totalidad. Desde el traslado del cad\u00e1ver, turismo l\u00fagubre, servicio de asistencia familiar, gesti\u00f3n de documentaci\u00f3n entre otros muchos. Es esencial que en el servicio de tanatorio cubre completamente la sala de tanatorio en el que lo adecuar\u00e1n dentro de las medidas del lugar contando con las mejores condiciones para los familiares, a fin de que puedan dar el \u00faltimo adi\u00f3s. En Afemefa el seguro de prima natural en las coberturas cuenta con la preparaci\u00f3n del cad\u00e1ver a fin de que luzca de manera m\u00e1s conveniente a fin de que los familiares puedan despedirse, dentro de ello el acto religioso, corona floral, necrol\u00f3gica entre otros muchos. <\/p>\n<p><\/div><\/div><\/div>\n<h3><span class=\"ez-toc-section\" id=\"%C2%BFA_quien_va_dirigido_el_seguro_de_decesos_Prima_Natural_de_Afemefa\"><\/span>\u00bfA qui\u00e9n va dirigido el seguro de decesos Prima Natural de Afemefa?<span class=\"ez-toc-section-end\"><\/span><\/h3>\n<p>Afemefa seguro de prima natural resulta m\u00e1s barato para todas aquellas personas que est\u00e9n en una edad joven. Est\u00e1 segmentado para clientes del servicio de un rango de edad joven, en tanto que las primas son m\u00e1s adaptadas en la prima natural. <\/p>\n<div class=\"colorf \"  ><div class=\"container clearfix\"><div class=\"col-md-7\"><\/p>\n<h2><span class=\"ez-toc-section\" id=\"Precio_de_seguro_de_decesos_Prima_Natural_Afemefa\"><\/span>Precio de seguro de decesos Prima Natural Afemefa<span class=\"ez-toc-section-end\"><\/span><\/h2>\n<p>Afemefa prima natural se calcula que es desde 2\u20ac cada mes, tomando como factores la edad de una persona joven y la localidad del mismo. Dentro del mercado de seguros destaca Afemefa del seguro de prima natural por el precio tan econ\u00f3mico y accesible. iDecesos tu mejor aliado para comparar y escoger apropiadamente el seguro de decesos de prima natural m\u00e1s adaptado a ti. <\/p>\n<p><\/div><\/div><\/div>\n<h2><span class=\"ez-toc-section\" id=\"Productos_Prima_Natural_Afemefa\"><\/span>Productos Prima Natural Afemefa<span class=\"ez-toc-section-end\"><\/span><\/h2>\n<div class=\"colorf\"><div class=\"container clearfix\"><div class=\"col-md-7\"><div class=\"opiniones\">\n<h2><span class=\"ez-toc-section\" id=\"Opiniones_del_seguro_de_decesos_de_Prima_Natural_de_Afemefa\"><\/span>Opiniones del seguro de decesos de Prima Natural de Afemefa<span class=\"ez-toc-section-end\"><\/span><\/h2>\n<div class=\"opinion \"  >\n\t\t\t<div class=\"cabecera_opinion\">\n\t\t\t\t<div class=\"avatar\">A B <\/div>\n\t\t\t\t<div class=\"datos_opinion\">\n\t\t\t\t\t<div class=\"nombre_opinion\">Aurelio Buend\u00eda<\/div>\n\t\t\t\t\t<div class=\"info_opinion\">\t\t\t\t\t\t\n\t\t\t\t\t\t<div class=\"cuenta_opinion\"><i class=\"fas fa-pencil-alt\"><\/i><!--span class=\"dashicons dashicons-edit\" style=\"font-size:20px\"><\/span--><span>1 Opini\u00f3n<\/span><\/div>\t\t\t\t\t\t\n\t\t\t\t\t\t<div class=\"localizacion_opinion\">\n\t\t\t\t\t\t\t<i class=\"fas fa-map-marker-alt\"><\/i><!--span class=\"dashicons dashicons-location\" style=\"font-size:20px\"><\/span-->\n\t\t\t\t\t\t\t<span>ES<\/span>\n\t\t\t\t\t\t<\/div>\t\n\t\t\t\t\t<\/div>\n\t\t\t\t<\/div>\n\t\t\t<\/div><div class=\"texto_opinion\"><\/p>\n<p>Mi marido lleva trabajando como asesor m\u00e1s de 15 a\u00f1os por lo que le parec\u00eda estupendo la idea de optar por el seguro de prima natural deAfemefa para nuestros 3 hijos.<\/p>\n<p><\/div><\/div>\n<div class=\"opinion \"  >\n\t\t\t<div class=\"cabecera_opinion\">\n\t\t\t\t<div class=\"avatar\">A A <\/div>\n\t\t\t\t<div class=\"datos_opinion\">\n\t\t\t\t\t<div class=\"nombre_opinion\">Aurelia Aragon\u00e9s<\/div>\n\t\t\t\t\t<div class=\"info_opinion\">\t\t\t\t\t\t\n\t\t\t\t\t\t<div class=\"cuenta_opinion\"><i class=\"fas fa-pencil-alt\"><\/i><!--span class=\"dashicons dashicons-edit\" style=\"font-size:20px\"><\/span--><span>1 Opini\u00f3n<\/span><\/div>\t\t\t\t\t\t\n\t\t\t\t\t\t<div class=\"localizacion_opinion\">\n\t\t\t\t\t\t\t<i class=\"fas fa-map-marker-alt\"><\/i><!--span class=\"dashicons dashicons-location\" style=\"font-size:20px\"><\/span-->\n\t\t\t\t\t\t\t<span>ES<\/span>\n\t\t\t\t\t\t<\/div>\t\n\t\t\t\t\t<\/div>\n\t\t\t\t<\/div>\n\t\t\t<\/div><div class=\"texto_opinion\"><\/p>\n<p>S\u00e9 que al principio os va a parecer un poco m\u00e1s complicado dar con la compa\u00f1\u00eda de seguros y que adem\u00e1s de ello cumplan con las cl\u00e1usulas que se\u00f1alan, adem\u00e1s de todo ello de que la prima sea suficientemente buena, yo os recomiendo Afemefa debido que cuenta con todas las peculiaridades precisas para contar con \u00e9l, como adem\u00e1s de esto de la profesionalidad que tienen, os comento que teng\u00e1is en cuenta que cada a\u00f1o ocurre una subida, con el de forma natural ya que no es siempre el mismo pago, para que lo teng\u00e1is en cuenta al momento de contratarlo de Afemefa.<\/p>\n<p><\/div><\/div>\n<div class=\"opinion \"  >\n\t\t\t<div class=\"cabecera_opinion\">\n\t\t\t\t<div class=\"avatar\">P R <\/div>\n\t\t\t\t<div class=\"datos_opinion\">\n\t\t\t\t\t<div class=\"nombre_opinion\">Paulina Rebollo<\/div>\n\t\t\t\t\t<div class=\"info_opinion\">\t\t\t\t\t\t\n\t\t\t\t\t\t<div class=\"cuenta_opinion\"><i class=\"fas fa-pencil-alt\"><\/i><!--span class=\"dashicons dashicons-edit\" style=\"font-size:20px\"><\/span--><span>1 Opini\u00f3n<\/span><\/div>\t\t\t\t\t\t\n\t\t\t\t\t\t<div class=\"localizacion_opinion\">\n\t\t\t\t\t\t\t<i class=\"fas fa-map-marker-alt\"><\/i><!--span class=\"dashicons dashicons-location\" style=\"font-size:20px\"><\/span-->\n\t\t\t\t\t\t\t<span>ES<\/span>\n\t\t\t\t\t\t<\/div>\t\n\t\t\t\t\t<\/div>\n\t\t\t\t<\/div>\n\t\t\t<\/div><div class=\"texto_opinion\"><\/p>\n<p>El seguro de decesos de prima natural de Afemefa es una de las mejores que he podido contratar, cuanto con la ventaja que al ser m\u00e1s joven pag\u00f3 menos, mas el problema es el incremento con el paso de los a\u00f1os.<\/p>\n<p><\/div><\/div>\n<\/div><\/div><\/div><\/div>\n<p><div class=\"oficinas\"><br \/>\n<h3><span class=\"ez-toc-section\" id=\"Paginas_relacionadas\"><\/span>P\u00e1ginas relacionadas<span class=\"ez-toc-section-end\"><\/span><\/h3><div class=\"enlazado\"><ul> <li><a href=\"https:\/\/idecesos.com\/seguros\/companias\/afemefa\/opiniones\/\">Opiniones AFEMEFA<\/a><\/li> <li><a href=\"https:\/\/idecesos.com\/seguros\/companias\/afemefa\/precio\/\">Precio seguro Afemefa<\/a><\/li> <li><a href=\"https:\/\/idecesos.com\/seguros\/companias\/afemefa\/prima-mixta\/\">Afemefa Prima Mixta<\/a><\/li> <li><a href=\"https:\/\/idecesos.com\/seguros\/companias\/afemefa\/prima-natural\/\">Afemefa Prima Natural<\/a><\/li> <li><a href=\"https:\/\/idecesos.com\/seguros\/companias\/afemefa\/prima-nivelada\/\">Afemefa Prima Nivelada<\/a><\/li> <li><a href=\"https:\/\/idecesos.com\/seguros\/companias\/afemefa\/prima-unica\/\">Afemefa Prima \u00danica<\/a><\/li> <li><a href=\"https:\/\/idecesos.com\/seguros\/companias\/afemefa\/repatriacion\/\">Afemefa Repatriaci\u00f3n<\/a><\/li> <li><a href=\"https:\/\/idecesos.com\/seguros\/companias\/afemefa\/telefono\/\">Tel\u00e9fono Gratuito Afemefa<\/a><\/li><\/ul><\/div><\/p>\n<\/div>\n","protected":false},"excerpt":{"rendered":"<p>De a\u00f1o en a\u00f1o la p\u00f3liza aumentar\u00e1 del seguro de decesos de prima natural de Afemefa . {Es decir, es variable puesto que se generan cambios en alza en el precio de la prima a cada vencimiento anual, dado a que los asegurados asociados a la p\u00f3liza de prima natural de Afemefa van cumpliendo a\u00f1os&hellip; <\/p>\n","protected":false},"author":3,"featured_media":0,"parent":9500,"menu_order":0,"comment_status":"closed","ping_status":"closed","template":"single.php","meta":{"footnotes":""},"class_list":["post-13301","page","type-page","status-publish","hentry"],"yoast_head":"<!-- This site is optimized with the Yoast SEO plugin v27.5 - https:\/\/yoast.com\/product\/yoast-seo-wordpress\/ -->\n<title>Seguro Decesos Afemefa Prima Natural \u25b7 Opiniones y Precio 2026<\/title>\n<meta name=\"description\" content=\"Click aqu\u00ed \u3010Seguro de Decesos Prima Natural Afemefa\u3011 Mejores precios Afemefa seguro de fallecidos Prima Natural \u2611\ufe0f Actualizado por iDecesos\u00ae\" \/>\n<meta name=\"robots\" content=\"index, follow, max-snippet:-1, max-image-preview:large, max-video-preview:-1\" \/>\n<link rel=\"canonical\" href=\"https:\/\/idecesos.com\/seguros\/companias\/afemefa\/prima-natural\/\" \/>\n<meta property=\"og:locale\" content=\"es_ES\" \/>\n<meta property=\"og:type\" content=\"article\" \/>\n<meta property=\"og:title\" content=\"Seguro Decesos Afemefa Prima Natural \u25b7 Opiniones y Precio 2026\" \/>\n<meta property=\"og:description\" content=\"Click aqu\u00ed \u3010Seguro de Decesos Prima Natural Afemefa\u3011 Mejores precios Afemefa seguro de fallecidos Prima Natural \u2611\ufe0f Actualizado por iDecesos\u00ae\" \/>\n<meta property=\"og:url\" content=\"https:\/\/idecesos.com\/seguros\/companias\/afemefa\/prima-natural\/\" \/>\n<meta property=\"article:modified_time\" content=\"2022-01-03T12:29:30+00:00\" \/>\n<meta name=\"twitter:card\" content=\"summary_large_image\" \/>\n<meta name=\"twitter:label1\" content=\"Tiempo de lectura\" \/>\n\t<meta name=\"twitter:data1\" content=\"54 minutos\" \/>\n<script type=\"application\/ld+json\" class=\"yoast-schema-graph\">{\"@context\":\"https:\\\/\\\/schema.org\",\"@graph\":[{\"@type\":\"WebPage\",\"@id\":\"https:\\\/\\\/idecesos.com\\\/seguros\\\/companias\\\/afemefa\\\/prima-natural\\\/\",\"url\":\"https:\\\/\\\/idecesos.com\\\/seguros\\\/companias\\\/afemefa\\\/prima-natural\\\/\",\"name\":\"Seguro Decesos Afemefa Prima Natural \u25b7 Opiniones y Precio 2026\",\"isPartOf\":{\"@id\":\"https:\\\/\\\/idecesos.com\\\/seguros\\\/#website\"},\"datePublished\":\"2021-11-27T00:00:00+00:00\",\"dateModified\":\"2022-01-03T12:29:30+00:00\",\"description\":\"Click aqu\u00ed \u3010Seguro de Decesos Prima Natural Afemefa\u3011 Mejores precios Afemefa seguro de fallecidos Prima Natural \u2611\ufe0f Actualizado por iDecesos\u00ae\",\"breadcrumb\":{\"@id\":\"https:\\\/\\\/idecesos.com\\\/seguros\\\/companias\\\/afemefa\\\/prima-natural\\\/#breadcrumb\"},\"inLanguage\":\"es\",\"potentialAction\":[{\"@type\":\"ReadAction\",\"target\":[\"https:\\\/\\\/idecesos.com\\\/seguros\\\/companias\\\/afemefa\\\/prima-natural\\\/\"]}]},{\"@type\":\"BreadcrumbList\",\"@id\":\"https:\\\/\\\/idecesos.com\\\/seguros\\\/companias\\\/afemefa\\\/prima-natural\\\/#breadcrumb\",\"itemListElement\":[{\"@type\":\"ListItem\",\"position\":1,\"name\":\"Portada\",\"item\":\"https:\\\/\\\/idecesos.com\\\/seguros\\\/\"},{\"@type\":\"ListItem\",\"position\":2,\"name\":\"Compa\u00f1\u00edas de Seguros de Decesos en Espa\u00f1a\",\"item\":\"https:\\\/\\\/idecesos.com\\\/seguros\\\/companias\\\/\"},{\"@type\":\"ListItem\",\"position\":3,\"name\":\"Seguros de decesos AFEMEFA\",\"item\":\"https:\\\/\\\/idecesos.com\\\/seguros\\\/companias\\\/afemefa\\\/\"},{\"@type\":\"ListItem\",\"position\":4,\"name\":\"Seguro de decesos Afemefa Prima Natural\"}]},{\"@type\":\"WebSite\",\"@id\":\"https:\\\/\\\/idecesos.com\\\/seguros\\\/#website\",\"url\":\"https:\\\/\\\/idecesos.com\\\/seguros\\\/\",\"name\":\"\",\"description\":\"\",\"potentialAction\":[{\"@type\":\"SearchAction\",\"target\":{\"@type\":\"EntryPoint\",\"urlTemplate\":\"https:\\\/\\\/idecesos.com\\\/seguros\\\/?s={search_term_string}\"},\"query-input\":{\"@type\":\"PropertyValueSpecification\",\"valueRequired\":true,\"valueName\":\"search_term_string\"}}],\"inLanguage\":\"es\"}]}<\/script>\n<!-- \/ Yoast SEO plugin. -->","yoast_head_json":{"title":"Seguro Decesos Afemefa Prima Natural \u25b7 Opiniones y Precio 2026","description":"Click aqu\u00ed \u3010Seguro de Decesos Prima Natural Afemefa\u3011 Mejores precios Afemefa seguro de fallecidos Prima Natural \u2611\ufe0f Actualizado por iDecesos\u00ae","robots":{"index":"index","follow":"follow","max-snippet":"max-snippet:-1","max-image-preview":"max-image-preview:large","max-video-preview":"max-video-preview:-1"},"canonical":"https:\/\/idecesos.com\/seguros\/companias\/afemefa\/prima-natural\/","og_locale":"es_ES","og_type":"article","og_title":"Seguro Decesos Afemefa Prima Natural \u25b7 Opiniones y Precio 2026","og_description":"Click aqu\u00ed \u3010Seguro de Decesos Prima Natural Afemefa\u3011 Mejores precios Afemefa seguro de fallecidos Prima Natural \u2611\ufe0f Actualizado por iDecesos\u00ae","og_url":"https:\/\/idecesos.com\/seguros\/companias\/afemefa\/prima-natural\/","article_modified_time":"2022-01-03T12:29:30+00:00","twitter_card":"summary_large_image","twitter_misc":{"Tiempo de lectura":"54 minutos"},"schema":{"@context":"https:\/\/schema.org","@graph":[{"@type":"WebPage","@id":"https:\/\/idecesos.com\/seguros\/companias\/afemefa\/prima-natural\/","url":"https:\/\/idecesos.com\/seguros\/companias\/afemefa\/prima-natural\/","name":"Seguro Decesos Afemefa Prima Natural \u25b7 Opiniones y Precio 2026","isPartOf":{"@id":"https:\/\/idecesos.com\/seguros\/#website"},"datePublished":"2021-11-27T00:00:00+00:00","dateModified":"2022-01-03T12:29:30+00:00","description":"Click aqu\u00ed \u3010Seguro de Decesos Prima Natural Afemefa\u3011 Mejores precios Afemefa seguro de fallecidos Prima Natural \u2611\ufe0f Actualizado por iDecesos\u00ae","breadcrumb":{"@id":"https:\/\/idecesos.com\/seguros\/companias\/afemefa\/prima-natural\/#breadcrumb"},"inLanguage":"es","potentialAction":[{"@type":"ReadAction","target":["https:\/\/idecesos.com\/seguros\/companias\/afemefa\/prima-natural\/"]}]},{"@type":"BreadcrumbList","@id":"https:\/\/idecesos.com\/seguros\/companias\/afemefa\/prima-natural\/#breadcrumb","itemListElement":[{"@type":"ListItem","position":1,"name":"Portada","item":"https:\/\/idecesos.com\/seguros\/"},{"@type":"ListItem","position":2,"name":"Compa\u00f1\u00edas de Seguros de Decesos en Espa\u00f1a","item":"https:\/\/idecesos.com\/seguros\/companias\/"},{"@type":"ListItem","position":3,"name":"Seguros de decesos AFEMEFA","item":"https:\/\/idecesos.com\/seguros\/companias\/afemefa\/"},{"@type":"ListItem","position":4,"name":"Seguro de decesos Afemefa Prima Natural"}]},{"@type":"WebSite","@id":"https:\/\/idecesos.com\/seguros\/#website","url":"https:\/\/idecesos.com\/seguros\/","name":"","description":"","potentialAction":[{"@type":"SearchAction","target":{"@type":"EntryPoint","urlTemplate":"https:\/\/idecesos.com\/seguros\/?s={search_term_string}"},"query-input":{"@type":"PropertyValueSpecification","valueRequired":true,"valueName":"search_term_string"}}],"inLanguage":"es"}]}},"_links":{"self":[{"href":"https:\/\/idecesos.com\/seguros\/wp-json\/wp\/v2\/pages\/13301","targetHints":{"allow":["GET"]}}],"collection":[{"href":"https:\/\/idecesos.com\/seguros\/wp-json\/wp\/v2\/pages"}],"about":[{"href":"https:\/\/idecesos.com\/seguros\/wp-json\/wp\/v2\/types\/page"}],"author":[{"embeddable":true,"href":"https:\/\/idecesos.com\/seguros\/wp-json\/wp\/v2\/users\/3"}],"replies":[{"embeddable":true,"href":"https:\/\/idecesos.com\/seguros\/wp-json\/wp\/v2\/comments?post=13301"}],"version-history":[{"count":1,"href":"https:\/\/idecesos.com\/seguros\/wp-json\/wp\/v2\/pages\/13301\/revisions"}],"predecessor-version":[{"id":18624,"href":"https:\/\/idecesos.com\/seguros\/wp-json\/wp\/v2\/pages\/13301\/revisions\/18624"}],"up":[{"embeddable":true,"href":"https:\/\/idecesos.com\/seguros\/wp-json\/wp\/v2\/pages\/9500"}],"wp:attachment":[{"href":"https:\/\/idecesos.com\/seguros\/wp-json\/wp\/v2\/media?parent=13301"}],"curies":[{"name":"wp","href":"https:\/\/api.w.org\/{rel}","templated":true}]}}