{"id":13710,"date":"2021-11-09T10:00:22","date_gmt":"2021-11-09T10:00:22","guid":{"rendered":"https:\/\/idecesos.com\/seguros\/?page_id=13710"},"modified":"2022-03-24T09:05:40","modified_gmt":"2022-03-24T09:05:40","slug":"opiniones","status":"publish","type":"page","link":"https:\/\/idecesos.com\/seguros\/companias\/la-paz\/opiniones\/","title":{"rendered":"Opiniones Seguro de decesos La Paz"},"content":{"rendered":"<div id=\"ez-toc-container\" class=\"ez-toc-v2_0_82_2 ez-toc-wrap-center counter-hierarchy ez-toc-counter ez-toc-custom ez-toc-container-direction\">\n<div class=\"ez-toc-title-container\">\n<p class=\"ez-toc-title\" style=\"cursor:inherit\">Tabla de Contenido<\/p>\n<span class=\"ez-toc-title-toggle\"><a href=\"#\" class=\"ez-toc-pull-right ez-toc-btn ez-toc-btn-xs ez-toc-btn-default ez-toc-toggle\" aria-label=\"Alternar tabla de contenidos\"><span class=\"ez-toc-js-icon-con\"><span class=\"\"><span class=\"eztoc-hide\" style=\"display:none;\">Toggle<\/span><span class=\"ez-toc-icon-toggle-span\"><svg style=\"fill: #db6415;color:#db6415\" xmlns=\"http:\/\/www.w3.org\/2000\/svg\" class=\"list-377408\" width=\"20px\" height=\"20px\" viewBox=\"0 0 24 24\" fill=\"none\"><path d=\"M6 6H4v2h2V6zm14 0H8v2h12V6zM4 11h2v2H4v-2zm16 0H8v2h12v-2zM4 16h2v2H4v-2zm16 0H8v2h12v-2z\" fill=\"currentColor\"><\/path><\/svg><svg style=\"fill: #db6415;color:#db6415\" class=\"arrow-unsorted-368013\" xmlns=\"http:\/\/www.w3.org\/2000\/svg\" width=\"10px\" height=\"10px\" viewBox=\"0 0 24 24\" version=\"1.2\" baseProfile=\"tiny\"><path d=\"M18.2 9.3l-6.2-6.3-6.2 6.3c-.2.2-.3.4-.3.7s.1.5.3.7c.2.2.4.3.7.3h11c.3 0 .5-.1.7-.3.2-.2.3-.5.3-.7s-.1-.5-.3-.7zM5.8 14.7l6.2 6.3 6.2-6.3c.2-.2.3-.5.3-.7s-.1-.5-.3-.7c-.2-.2-.4-.3-.7-.3h-11c-.3 0-.5.1-.7.3-.2.2-.3.5-.3.7s.1.5.3.7z\"\/><\/svg><\/span><\/span><\/span><\/a><\/span><\/div>\n<nav><ul class='ez-toc-list ez-toc-list-level-1 ' ><li class='ez-toc-page-1 ez-toc-heading-level-2'><a class=\"ez-toc-link ez-toc-heading-1\" href=\"https:\/\/idecesos.com\/seguros\/companias\/la-paz\/opiniones\/#Valoracion_de_los_seguros_de_decesos_La_Paz\" >Valoraci\u00f3n de los seguros de decesos La Paz<\/a><\/li><li class='ez-toc-page-1 ez-toc-heading-level-2'><a class=\"ez-toc-link ez-toc-heading-2\" href=\"https:\/\/idecesos.com\/seguros\/companias\/la-paz\/opiniones\/#Opiniones_seguros_La_Paz_segun_OCU\" >Opiniones seguros La Paz seg\u00fan OCU<\/a><\/li><li class='ez-toc-page-1 ez-toc-heading-level-2'><a class=\"ez-toc-link ez-toc-heading-3\" href=\"https:\/\/idecesos.com\/seguros\/companias\/la-paz\/opiniones\/#Conclusion_sobre_las_opiniones_de_seguros_de_decesos_La_Paz\" >Conclusi\u00f3n sobre las opiniones de seguros de decesos La Paz<\/a><ul class='ez-toc-list-level-3' ><li class='ez-toc-heading-level-3'><a class=\"ez-toc-link ez-toc-heading-4\" href=\"https:\/\/idecesos.com\/seguros\/companias\/la-paz\/opiniones\/#Paginas_relacionadas\" >P\u00e1ginas relacionadas<\/a><\/li><\/ul><\/li><\/ul><\/nav><\/div>\n\r\n<p>Los principales avales del seguro de decesos <strong>La Paz<\/strong> son todas las valoraciones positivas que ha obtenido de cada uno de sus clientes, <strong>cumpliendo sus objetivos al 100% dejando contentos a sus clientes<\/strong>, cumpliendo con sus expectativas m\u00e1s altas, logrando posicionarse de las mejores aseguradoras de todo el mercado espa\u00f1ol. Dando garant\u00edas en todo momento <strong>de principio a fin<\/strong>.<\/p>\r\n<p><span style=\"color: #000000;\"><div class=\"colorf \"  ><div class=\"container clearfix\"><div class=\"col-md-7\"><\/span><\/p>\r\n<p><span style=\"color: #000000;\"><!-- \/wp:post-content -->\r\n\r\n<!-- wp:paragraph --><\/span> Se pone en marcha una encuesta a pie de calle para conseguir las diferentes valoraciones con respecto a la compa\u00f1\u00eda <strong>La Paz<\/strong> obteniendo un resultado de m\u00e1s de <strong>65% de valoraciones<\/strong> siendo elegidos por cada uno de los encuestados aseguran que son los m\u00e1s fiables como los que mejores, cubren el entierro del ser querido sin que ocurra ning\u00fan problema durante el proceso. Cada uno de los encuestados valoraron el seguro decesos La Paz <strong>positivamente. <\/strong>Depositan su confianza en el trabajo que realiza esta compa\u00f1\u00eda como aseguradora.\u00a0<\/p>\r\n<!-- \/wp:paragraph -->\r\n<p><\/div><\/div><\/div><\/p>\r\n<p><span style=\"color: #000000;\"><!-- \/wp:paragraph -->\r\n\r\n<!-- wp:paragraph --><\/span> <span style=\"color: #000000;\">El seguro de decesos <strong>La Paz<\/strong> lo han valorado muy positivamente por <strong>el gran servicio de atenci\u00f3n al cliente<\/strong>, ya que su objetivo principal es cubrir todas las necesidades de cada uno de sus clientes por ello, <strong>quedan muy satisfechos.<\/strong><\/span><\/p>\r\n<p><span style=\"color: #000000;\"><div class=\"cobertura \"  ><div class=\"borde_cobertura\"><div class=\"titulo_cobertura titulo\"><\/div><div class=\"texto_cobertura\"><\/span><\/p>\r\n<p>El <strong>65%<\/strong> de clientes aseguran que el seguro de decesos <strong>La Paz<\/strong> da una<strong> atenci\u00f3n muy familiar<\/strong>, facilitando el proceso de la gesti\u00f3n que se tiene que llevar a cabo la situaci\u00f3n del fallecimiento. Cubren todos los servicios de manera lo m\u00e1s completa posible, <strong>garantiza una calidad del 100%<\/strong> donde as\u00ed lo han valorado cada unos de sus clientes.\u00a0<\/p>\r\n<p><span style=\"color: #000000;\"><\/div><\/div><\/div> <div class=\"cobertura \"  ><div class=\"borde_cobertura\"><div class=\"titulo_cobertura titulo\"><\/div><div class=\"texto_cobertura\"><\/span><\/p>\r\n<p>Los clientes aseguran que contar con el seguro de decesos <strong>La Paz<\/strong> es saber que va dar toda la ayuda y <strong>quedar\u00e1 cubierto todo el servicio con las mejores calidades<\/strong>, adem\u00e1s de que cuentan con bastante a\u00f1os de experiencia en el sector.\u00a0<\/p>\r\n<p><span style=\"color: #000000;\"><\/div><\/div><\/div> <div class=\"cobertura \"  ><div class=\"borde_cobertura\"><div class=\"titulo_cobertura titulo\"><\/div><div class=\"texto_cobertura\"><\/span><\/p>\r\n<p>Se ha obtenido de un<strong> 65%<\/strong> los encuestados afirman estar m\u00e1s que contentos, por lo que coordina de manera eficiente sus coberturas, y realizan un<strong> trato de manera m\u00e1s delicada<\/strong>, las valoraciones son m\u00e1s positivas respecto hace unos meses anteriores.<\/p>\r\n<p><span style=\"color: #000000;\"><\/div><\/div><\/div> <div class=\"colorf\"><div class=\"container clearfix\"><div class=\"col-md-7\"><div class=\"opiniones\"><\/span><\/p>\r\n<h2><span class=\"ez-toc-section\" id=\"Valoracion_de_los_seguros_de_decesos_La_Paz\"><\/span>Valoraci\u00f3n de los seguros de decesos La Paz<span class=\"ez-toc-section-end\"><\/span><\/h2>\r\n<p>Siendo su valoraci\u00f3n de un <strong>65% m\u00e1s que en los meses anteriores<\/strong> demuestra que han mejorado a nivel de atenci\u00f3n al servicio, como las <strong>coberturas ampli\u00e1ndolas y mejorando cada una de sus p\u00f3lizas<\/strong>, cada cliente ha quedado muy satisfechos por las grandes mejoras que ha habido dentro de la aseguradora.\u00a0\u00a0<\/p>\r\n<p><span style=\"color: #000000;\"><div class=\"opinion \"  >\n\t\t\t<div class=\"cabecera_opinion\">\n\t\t\t\t<div class=\"avatar\">A M <\/div>\n\t\t\t\t<div class=\"datos_opinion\">\n\t\t\t\t\t<div class=\"nombre_opinion\">Adelaida Mosquera<\/div>\n\t\t\t\t\t<div class=\"info_opinion\">\t\t\t\t\t\t\n\t\t\t\t\t\t<div class=\"cuenta_opinion\"><i class=\"fas fa-pencil-alt\"><\/i><!--span class=\"dashicons dashicons-edit\" style=\"font-size:20px\"><\/span--><span>1 Opini\u00f3n<\/span><\/div>\t\t\t\t\t\t\n\t\t\t\t\t\t<div class=\"localizacion_opinion\">\n\t\t\t\t\t\t\t<i class=\"fas fa-map-marker-alt\"><\/i><!--span class=\"dashicons dashicons-location\" style=\"font-size:20px\"><\/span-->\n\t\t\t\t\t\t\t<span>ES<\/span>\n\t\t\t\t\t\t<\/div>\t\n\t\t\t\t\t<\/div>\n\t\t\t\t<\/div>\n\t\t\t<\/div><div class=\"texto_opinion\"><\/span><\/p>\r\n<p><span style=\"color: #000000;\">Puedo asegurar que esta aseguradora me ha dado las mejores coberturas dentro de cada p\u00f3liza, adem\u00e1s de recibir una atenci\u00f3n muy personalizada y dedicada, cuenta con unos<strong> trabajadores muy formados y especializados<\/strong> en el sector.<strong> Me dieron bastantes ventajas que me sorprendi\u00f3.\u00a0<\/strong><\/span><\/p>\r\n<p><span style=\"color: #000000;\"><\/div><\/div> <\/span><span style=\"color: #000000;\"><div class=\"opinion \"  >\n\t\t\t<div class=\"cabecera_opinion\">\n\t\t\t\t<div class=\"avatar\">M O <\/div>\n\t\t\t\t<div class=\"datos_opinion\">\n\t\t\t\t\t<div class=\"nombre_opinion\">Marta Ortega<\/div>\n\t\t\t\t\t<div class=\"info_opinion\">\t\t\t\t\t\t\n\t\t\t\t\t\t<div class=\"cuenta_opinion\"><i class=\"fas fa-pencil-alt\"><\/i><!--span class=\"dashicons dashicons-edit\" style=\"font-size:20px\"><\/span--><span>1 Opini\u00f3n<\/span><\/div>\t\t\t\t\t\t\n\t\t\t\t\t\t<div class=\"localizacion_opinion\">\n\t\t\t\t\t\t\t<i class=\"fas fa-map-marker-alt\"><\/i><!--span class=\"dashicons dashicons-location\" style=\"font-size:20px\"><\/span-->\n\t\t\t\t\t\t\t<span>ES<\/span>\n\t\t\t\t\t\t<\/div>\t\n\t\t\t\t\t<\/div>\n\t\t\t\t<\/div>\n\t\t\t<\/div><div class=\"texto_opinion\"><\/span><\/p>\r\n<p><span style=\"color: #000000;\">Desde el primer momento tuve un asesor del cual se encargaba de todo y me explicaba todo de manera m\u00e1s detallada. Me sent\u00ed mucho m\u00e1s tranquila sabiendo que ellos gestionaban todo, adem\u00e1s <strong>me ofrecieron una tarifa muy econ\u00f3mica.\u00a0<\/strong><\/span><\/p>\r\n<p><span style=\"color: #000000;\"><\/div><\/div> <\/span><span style=\"color: #000000;\"><div class=\"opinion \"  >\n\t\t\t<div class=\"cabecera_opinion\">\n\t\t\t\t<div class=\"avatar\">K K <\/div>\n\t\t\t\t<div class=\"datos_opinion\">\n\t\t\t\t\t<div class=\"nombre_opinion\">Kauta Kimir<\/div>\n\t\t\t\t\t<div class=\"info_opinion\">\t\t\t\t\t\t\n\t\t\t\t\t\t<div class=\"cuenta_opinion\"><i class=\"fas fa-pencil-alt\"><\/i><!--span class=\"dashicons dashicons-edit\" style=\"font-size:20px\"><\/span--><span>1 Opini\u00f3n<\/span><\/div>\t\t\t\t\t\t\n\t\t\t\t\t\t<div class=\"localizacion_opinion\">\n\t\t\t\t\t\t\t<i class=\"fas fa-map-marker-alt\"><\/i><!--span class=\"dashicons dashicons-location\" style=\"font-size:20px\"><\/span-->\n\t\t\t\t\t\t\t<span>ES<\/span>\n\t\t\t\t\t\t<\/div>\t\n\t\t\t\t\t<\/div>\n\t\t\t\t<\/div>\n\t\t\t<\/div><div class=\"texto_opinion\"><\/span><\/p>\r\n<p><span style=\"color: #000000;\">Cuando me hicieron el presupuesto me esperaba que fuese mucho m\u00e1s caro, pero lleve toda una sorpresa al ver que era muy accesible, me pusieron a disposici\u00f3n diferentes opciones del cual <strong>pude contar con varias opciones<\/strong>, es una aseguradora que da muchas ventajas.\u00a0<\/span><\/p>\r\n<p><span style=\"color: #000000;\"><\/div><\/div> <div class=\"opinion \"  >\n\t\t\t<div class=\"cabecera_opinion\">\n\t\t\t\t<div class=\"avatar\">G L <\/div>\n\t\t\t\t<div class=\"datos_opinion\">\n\t\t\t\t\t<div class=\"nombre_opinion\">German Lunares<\/div>\n\t\t\t\t\t<div class=\"info_opinion\">\t\t\t\t\t\t\n\t\t\t\t\t\t<div class=\"cuenta_opinion\"><i class=\"fas fa-pencil-alt\"><\/i><!--span class=\"dashicons dashicons-edit\" style=\"font-size:20px\"><\/span--><span>1 Opini\u00f3n<\/span><\/div>\t\t\t\t\t\t\n\t\t\t\t\t\t<div class=\"localizacion_opinion\">\n\t\t\t\t\t\t\t<i class=\"fas fa-map-marker-alt\"><\/i><!--span class=\"dashicons dashicons-location\" style=\"font-size:20px\"><\/span-->\n\t\t\t\t\t\t\t<span>ES<\/span>\n\t\t\t\t\t\t<\/div>\t\n\t\t\t\t\t<\/div>\n\t\t\t\t<\/div>\n\t\t\t<\/div><div class=\"texto_opinion\"><\/span><\/p>\r\n<p><span style=\"color: #000000;\">Quede tan contento con el servicio que recib\u00ed que se lo recomiendo a todos mis amigos, como a mis familiares, adem\u00e1s de que su presupuesto me resulto muy interesante. Lo que m\u00e1s valoro es la <strong>transparencia que cuenta esta aseguradora.\u00a0<\/strong><\/span><\/p>\r\n<p><span style=\"color: #000000;\"><\/div><\/div> <div class=\"opinion \"  >\n\t\t\t<div class=\"cabecera_opinion\">\n\t\t\t\t<div class=\"avatar\">J G <\/div>\n\t\t\t\t<div class=\"datos_opinion\">\n\t\t\t\t\t<div class=\"nombre_opinion\">Jennifer Gonzales<\/div>\n\t\t\t\t\t<div class=\"info_opinion\">\t\t\t\t\t\t\n\t\t\t\t\t\t<div class=\"cuenta_opinion\"><i class=\"fas fa-pencil-alt\"><\/i><!--span class=\"dashicons dashicons-edit\" style=\"font-size:20px\"><\/span--><span>1 Opini\u00f3n<\/span><\/div>\t\t\t\t\t\t\n\t\t\t\t\t\t<div class=\"localizacion_opinion\">\n\t\t\t\t\t\t\t<i class=\"fas fa-map-marker-alt\"><\/i><!--span class=\"dashicons dashicons-location\" style=\"font-size:20px\"><\/span-->\n\t\t\t\t\t\t\t<span>ES<\/span>\n\t\t\t\t\t\t<\/div>\t\n\t\t\t\t\t<\/div>\n\t\t\t\t<\/div>\n\t\t\t<\/div><div class=\"texto_opinion\"><\/span><\/p>\r\n<p><span style=\"color: #000000;\">Cumplen al detalle todas las cl\u00e1usulas que indica esta aseguradora,<strong> qued\u00e9 encantada con la p\u00f3liza<\/strong> ya que se adaptaba completamente a mis necesidades. Puedo decir que sus servicios son de <strong>pura calidad<\/strong>, adem\u00e1s de ser una empresa con una trayectoria en el mercado cuenta con grandes experiencia.\u00a0<\/span><\/p>\r\n<p><span style=\"color: #000000;\"><\/div><\/div> <div class=\"opinion \"  >\n\t\t\t<div class=\"cabecera_opinion\">\n\t\t\t\t<div class=\"avatar\">J G <\/div>\n\t\t\t\t<div class=\"datos_opinion\">\n\t\t\t\t\t<div class=\"nombre_opinion\">Jonathan Gij\u00f3n<\/div>\n\t\t\t\t\t<div class=\"info_opinion\">\t\t\t\t\t\t\n\t\t\t\t\t\t<div class=\"cuenta_opinion\"><i class=\"fas fa-pencil-alt\"><\/i><!--span class=\"dashicons dashicons-edit\" style=\"font-size:20px\"><\/span--><span>1 Opini\u00f3n<\/span><\/div>\t\t\t\t\t\t\n\t\t\t\t\t\t<div class=\"localizacion_opinion\">\n\t\t\t\t\t\t\t<i class=\"fas fa-map-marker-alt\"><\/i><!--span class=\"dashicons dashicons-location\" style=\"font-size:20px\"><\/span-->\n\t\t\t\t\t\t\t<span>ES<\/span>\n\t\t\t\t\t\t<\/div>\t\n\t\t\t\t\t<\/div>\n\t\t\t\t<\/div>\n\t\t\t<\/div><div class=\"texto_opinion\"><\/span><\/p>\r\n<p><span style=\"color: #000000;\">Es una aseguradora que cuenta con grandes trabajadores expertos en el sector, adem\u00e1s de que han mejorado las coberturas en este ultimo a\u00f1o, yo <strong>qued\u00e9 muy contento con el servicio que recib\u00ed<\/strong>, as\u00ed lo recomiendo ya que se adapta a la circunstancia de cualquier persona.\u00a0<\/span><\/p>\r\n<p><span style=\"color: #000000;\"><\/div><\/div> <\/span><span style=\"color: #000000;\"><div class=\"opinion \"  >\n\t\t\t<div class=\"cabecera_opinion\">\n\t\t\t\t<div class=\"avatar\">I S <\/div>\n\t\t\t\t<div class=\"datos_opinion\">\n\t\t\t\t\t<div class=\"nombre_opinion\">Idalia Sevilla<\/div>\n\t\t\t\t\t<div class=\"info_opinion\">\t\t\t\t\t\t\n\t\t\t\t\t\t<div class=\"cuenta_opinion\"><i class=\"fas fa-pencil-alt\"><\/i><!--span class=\"dashicons dashicons-edit\" style=\"font-size:20px\"><\/span--><span>1 Opini\u00f3n<\/span><\/div>\t\t\t\t\t\t\n\t\t\t\t\t\t<div class=\"localizacion_opinion\">\n\t\t\t\t\t\t\t<i class=\"fas fa-map-marker-alt\"><\/i><!--span class=\"dashicons dashicons-location\" style=\"font-size:20px\"><\/span-->\n\t\t\t\t\t\t\t<span>ES<\/span>\n\t\t\t\t\t\t<\/div>\t\n\t\t\t\t\t<\/div>\n\t\t\t\t<\/div>\n\t\t\t<\/div><div class=\"texto_opinion\"><\/span><\/p>\r\n<p><span style=\"color: #000000;\">Mi hermano falleci\u00f3 recientemente por lo que puedo asegurar que esta compa\u00f1\u00eda se encargo de que todo saliese de manera perfecta sin ning\u00fan fallo. Es cierto que contamos con el gran apoyo como es su equipo profesional de trabajadores que nos dio mucha <strong>atenci\u00f3n muy delicada<\/strong>, la familia pude sentir ese apoyo por parte de la aseguradora.<\/span><\/p>\r\n<p><span style=\"color: #000000;\"><\/div><\/div> <div class=\"opinion \"  >\n\t\t\t<div class=\"cabecera_opinion\">\n\t\t\t\t<div class=\"avatar\">D A <\/div>\n\t\t\t\t<div class=\"datos_opinion\">\n\t\t\t\t\t<div class=\"nombre_opinion\">Diego Alto<\/div>\n\t\t\t\t\t<div class=\"info_opinion\">\t\t\t\t\t\t\n\t\t\t\t\t\t<div class=\"cuenta_opinion\"><i class=\"fas fa-pencil-alt\"><\/i><!--span class=\"dashicons dashicons-edit\" style=\"font-size:20px\"><\/span--><span>1 Opini\u00f3n<\/span><\/div>\t\t\t\t\t\t\n\t\t\t\t\t\t<div class=\"localizacion_opinion\">\n\t\t\t\t\t\t\t<i class=\"fas fa-map-marker-alt\"><\/i><!--span class=\"dashicons dashicons-location\" style=\"font-size:20px\"><\/span-->\n\t\t\t\t\t\t\t<span>ES<\/span>\n\t\t\t\t\t\t<\/div>\t\n\t\t\t\t\t<\/div>\n\t\t\t\t<\/div>\n\t\t\t<\/div><div class=\"texto_opinion\"><\/span><\/p>\r\n<p><span style=\"color: #000000;\">Puedo decir que la tarifa era bastante adaptable a mi situaci\u00f3n, adem\u00e1s de que cada una de sus coberturas son <strong>las mejores del mercado<\/strong>, se encargan de todo con mucha inmediatez, otorgando unas <strong>garant\u00edas muy exclusivas<\/strong>.\u00a0\u00a0<\/span><\/p>\r\n<p><span style=\"color: #000000;\"><\/div><\/div> <div class=\"opinion \"  >\n\t\t\t<div class=\"cabecera_opinion\">\n\t\t\t\t<div class=\"avatar\">L P <\/div>\n\t\t\t\t<div class=\"datos_opinion\">\n\t\t\t\t\t<div class=\"nombre_opinion\">Laura Puerta<\/div>\n\t\t\t\t\t<div class=\"info_opinion\">\t\t\t\t\t\t\n\t\t\t\t\t\t<div class=\"cuenta_opinion\"><i class=\"fas fa-pencil-alt\"><\/i><!--span class=\"dashicons dashicons-edit\" style=\"font-size:20px\"><\/span--><span>1 Opini\u00f3n<\/span><\/div>\t\t\t\t\t\t\n\t\t\t\t\t\t<div class=\"localizacion_opinion\">\n\t\t\t\t\t\t\t<i class=\"fas fa-map-marker-alt\"><\/i><!--span class=\"dashicons dashicons-location\" style=\"font-size:20px\"><\/span-->\n\t\t\t\t\t\t\t<span>ES<\/span>\n\t\t\t\t\t\t<\/div>\t\n\t\t\t\t\t<\/div>\n\t\t\t\t<\/div>\n\t\t\t<\/div><div class=\"texto_opinion\"><\/span><\/p>\r\n<p><span style=\"color: #000000;\">Organiza todo tal cual las especificaciones que le dimos, lo recomiendo ya que son de los mejores que hay. Dejaron todo cubierto todos los gastos de sepelio, adem\u00e1s de que cont\u00e9 con su <strong>atenci\u00f3n telef\u00f3nica las 24 horas.\u00a0<\/strong><\/span><\/p>\r\n<p><span style=\"color: #000000;\"><\/div><\/div> <div class=\"opinion \"  >\n\t\t\t<div class=\"cabecera_opinion\">\n\t\t\t\t<div class=\"avatar\">A S <\/div>\n\t\t\t\t<div class=\"datos_opinion\">\n\t\t\t\t\t<div class=\"nombre_opinion\">\u00c1ngeles Solis<\/div>\n\t\t\t\t\t<div class=\"info_opinion\">\t\t\t\t\t\t\n\t\t\t\t\t\t<div class=\"cuenta_opinion\"><i class=\"fas fa-pencil-alt\"><\/i><!--span class=\"dashicons dashicons-edit\" style=\"font-size:20px\"><\/span--><span>1 Opini\u00f3n<\/span><\/div>\t\t\t\t\t\t\n\t\t\t\t\t\t<div class=\"localizacion_opinion\">\n\t\t\t\t\t\t\t<i class=\"fas fa-map-marker-alt\"><\/i><!--span class=\"dashicons dashicons-location\" style=\"font-size:20px\"><\/span-->\n\t\t\t\t\t\t\t<span>ES<\/span>\n\t\t\t\t\t\t<\/div>\t\n\t\t\t\t\t<\/div>\n\t\t\t\t<\/div>\n\t\t\t<\/div><div class=\"texto_opinion\"><\/span><\/p>\r\n<p><span style=\"color: #000000;\">Cuento con esta aseguradora m\u00e1s de 9 a\u00f1os desde el primer momento me brindaron un servicio de calidad, respaldaron todo el proceso de manera eficiente. Desde que estoy con ellos no he tenido ning\u00fan problema,<strong> la atenci\u00f3n telef\u00f3nica como personal es de 10,<\/strong> se encargan de que todo salga de manera perfecta y coordinando todas gestiones oportunas que se tiene que llevar en ese momento.<\/span><\/p>\r\n<p><span style=\"color: #000000;\"><\/div><\/div> <\/div><\/div><\/div><\/div><\/span><\/p>\r\n<h2><span class=\"ez-toc-section\" id=\"Opiniones_seguros_La_Paz_segun_OCU\"><\/span>Opiniones seguros La Paz seg\u00fan OCU<span class=\"ez-toc-section-end\"><\/span><\/h2>\r\n<p><span style=\"color: #000000;\">La <strong>OCU<\/strong> ha recogido todo las valoraciones que han hecho al respecto de la aseguradora de <strong>La Paz<\/strong>, por lo que ha estudiado al detalle cada una de las respuestas del cual han notada que habido mejores valoraciones con respecto a\u00f1o anteriores siendo un <strong>65%<\/strong>. Afirman que el seguro de decesos <strong>La Paz<\/strong> es muy recomendado para todas personas que busquen una aseguradora que cuente con <strong>tarifas muy asequibles.\u00a0<\/strong><\/span><\/p>\r\n<p><span style=\"color: #000000;\">\u00a0La <strong>OCU<\/strong> afirma que solo <strong>m\u00e1s del 12% suelen ser fieles a su compa\u00f1\u00eda de seguro<\/strong>. En esta situaci\u00f3n solo <strong>m\u00e1s del 45% es fiel a la seguradora La Paz.\u00a0<\/strong><\/span><\/p>\r\n<p><span style=\"color: #000000;\"><div class=\"colorf \"  ><div class=\"container clearfix\"><div class=\"col-md-7\"><\/span><\/p>\r\n<h2><span class=\"ez-toc-section\" id=\"Conclusion_sobre_las_opiniones_de_seguros_de_decesos_La_Paz\"><\/span>Conclusi\u00f3n sobre las opiniones de seguros de decesos La Paz<span class=\"ez-toc-section-end\"><\/span><\/h2>\r\n<p>Prefieren el seguro de decesos <strong>La Paz<\/strong> por la dedicaci\u00f3n que presta el servicio de atenci\u00f3n al cliente, coordinando de manera exhaustiva el procedimiento del velatorio, por ello y <strong>su gran cambio dentro de la aseguradora<\/strong> los clientes est\u00e1n m\u00e1s satisfechos a un <strong>65%<\/strong> con respecto a las diferentes compa\u00f1\u00edas del mercado.\u00a0<\/p>\r\n<p>Tener clientes satisfechos aseguran que den valoraciones muy positivas ya que<strong> han recibido la mejor atenci\u00f3n<\/strong> a diferencia de otras aseguradoras, brind\u00e1ndoles <strong>tranquilidad y\u00a0seguridad.<\/strong><\/p>\r\n<p><\/div><\/div><\/div> <!-- Shortcode [lapaz-hijas] does not exist --> <h3><span class=\"ez-toc-section\" id=\"Paginas_relacionadas\"><\/span>P\u00e1ginas relacionadas<span class=\"ez-toc-section-end\"><\/span><\/h3><div class=\"enlazado\"><ul> <li><a href=\"https:\/\/idecesos.com\/seguros\/companias\/la-paz\/opiniones\/\">Opiniones La Paz<\/a><\/li> <li><a href=\"https:\/\/idecesos.com\/seguros\/companias\/la-paz\/precio\/\">Precio seguro La Paz<\/a><\/li> <li><a href=\"https:\/\/idecesos.com\/seguros\/companias\/la-paz\/prima-mixta\/\">La Paz Prima Mixta<\/a><\/li> <li><a href=\"https:\/\/idecesos.com\/seguros\/companias\/la-paz\/prima-natural\/\">La Paz Prima Natural<\/a><\/li> <li><a href=\"https:\/\/idecesos.com\/seguros\/companias\/la-paz\/prima-nivelada\/\">La Paz Prima Nivelada<\/a><\/li> <li><a href=\"https:\/\/idecesos.com\/seguros\/companias\/la-paz\/prima-unica\/\">La Paz Prima \u00danica<\/a><\/li> <li><a href=\"https:\/\/idecesos.com\/seguros\/companias\/la-paz\/repatriacion\/\">La Paz Repatriaci\u00f3n<\/a><\/li> <li><a href=\"https:\/\/idecesos.com\/seguros\/companias\/la-paz\/telefono\/\">Tel\u00e9fono Gratuito La Paz<\/a><\/li><\/ul><\/div><\/p>","protected":false},"excerpt":{"rendered":"<p>Los principales avales del seguro de decesos La Paz son todas las valoraciones positivas que ha obtenido de cada uno de sus clientes, cumpliendo sus objetivos al 100% dejando contentos a sus clientes, cumpliendo con sus expectativas m\u00e1s altas, logrando posicionarse de las mejores aseguradoras de todo el mercado espa\u00f1ol. Dando garant\u00edas en todo momento&hellip; <\/p>\n","protected":false},"author":4,"featured_media":14297,"parent":9475,"menu_order":0,"comment_status":"closed","ping_status":"closed","template":"single.php","meta":{"footnotes":""},"class_list":["post-13710","page","type-page","status-publish","has-post-thumbnail","hentry"],"yoast_head":"<!-- This site is optimized with the Yoast SEO plugin v27.5 - https:\/\/yoast.com\/product\/yoast-seo-wordpress\/ -->\n<title>Opiniones Seguro de decesos La Paz 2026<\/title>\n<meta name=\"description\" content=\"Foro experto de\u3010Seguro de Decesos La Paz con opiniones\u3011\u2611\ufe0f iDecesos\u00ae compara precios y coberturas para ayudar a otros interesados.\" \/>\n<meta name=\"robots\" content=\"index, follow, max-snippet:-1, max-image-preview:large, max-video-preview:-1\" \/>\n<link rel=\"canonical\" href=\"https:\/\/idecesos.com\/seguros\/companias\/la-paz\/opiniones\/\" \/>\n<meta property=\"og:locale\" content=\"es_ES\" \/>\n<meta property=\"og:type\" content=\"article\" \/>\n<meta property=\"og:title\" content=\"Opiniones Seguro de decesos La Paz 2026\" \/>\n<meta property=\"og:description\" content=\"Foro experto de\u3010Seguro de Decesos La Paz con opiniones\u3011\u2611\ufe0f iDecesos\u00ae compara precios y coberturas para ayudar a otros interesados.\" \/>\n<meta property=\"og:url\" content=\"https:\/\/idecesos.com\/seguros\/companias\/la-paz\/opiniones\/\" \/>\n<meta property=\"article:modified_time\" content=\"2022-03-24T09:05:40+00:00\" \/>\n<meta property=\"og:image\" content=\"https:\/\/idecesos.com\/seguros\/wp-content\/uploads\/2021\/11\/opiniones-seguro-decesos-2.jpg\" \/>\n\t<meta property=\"og:image:width\" content=\"1920\" \/>\n\t<meta property=\"og:image:height\" content=\"400\" \/>\n\t<meta property=\"og:image:type\" content=\"image\/jpeg\" \/>\n<meta name=\"twitter:card\" content=\"summary_large_image\" \/>\n<meta name=\"twitter:label1\" content=\"Tiempo de lectura\" \/>\n\t<meta name=\"twitter:data1\" content=\"6 minutos\" \/>\n<script type=\"application\/ld+json\" class=\"yoast-schema-graph\">{\"@context\":\"https:\\\/\\\/schema.org\",\"@graph\":[{\"@type\":\"WebPage\",\"@id\":\"https:\\\/\\\/idecesos.com\\\/seguros\\\/companias\\\/la-paz\\\/opiniones\\\/\",\"url\":\"https:\\\/\\\/idecesos.com\\\/seguros\\\/companias\\\/la-paz\\\/opiniones\\\/\",\"name\":\"Opiniones Seguro de decesos La Paz 2026\",\"isPartOf\":{\"@id\":\"https:\\\/\\\/idecesos.com\\\/seguros\\\/#website\"},\"primaryImageOfPage\":{\"@id\":\"https:\\\/\\\/idecesos.com\\\/seguros\\\/companias\\\/la-paz\\\/opiniones\\\/#primaryimage\"},\"image\":{\"@id\":\"https:\\\/\\\/idecesos.com\\\/seguros\\\/companias\\\/la-paz\\\/opiniones\\\/#primaryimage\"},\"thumbnailUrl\":\"https:\\\/\\\/idecesos.com\\\/seguros\\\/wp-content\\\/uploads\\\/2021\\\/11\\\/opiniones-seguro-decesos-2.jpg\",\"datePublished\":\"2021-11-09T10:00:22+00:00\",\"dateModified\":\"2022-03-24T09:05:40+00:00\",\"description\":\"Foro experto de\u3010Seguro de Decesos La Paz con opiniones\u3011\u2611\ufe0f iDecesos\u00ae compara precios y coberturas para ayudar a otros interesados.\",\"breadcrumb\":{\"@id\":\"https:\\\/\\\/idecesos.com\\\/seguros\\\/companias\\\/la-paz\\\/opiniones\\\/#breadcrumb\"},\"inLanguage\":\"es\",\"potentialAction\":[{\"@type\":\"ReadAction\",\"target\":[\"https:\\\/\\\/idecesos.com\\\/seguros\\\/companias\\\/la-paz\\\/opiniones\\\/\"]}]},{\"@type\":\"ImageObject\",\"inLanguage\":\"es\",\"@id\":\"https:\\\/\\\/idecesos.com\\\/seguros\\\/companias\\\/la-paz\\\/opiniones\\\/#primaryimage\",\"url\":\"https:\\\/\\\/idecesos.com\\\/seguros\\\/wp-content\\\/uploads\\\/2021\\\/11\\\/opiniones-seguro-decesos-2.jpg\",\"contentUrl\":\"https:\\\/\\\/idecesos.com\\\/seguros\\\/wp-content\\\/uploads\\\/2021\\\/11\\\/opiniones-seguro-decesos-2.jpg\",\"width\":1920,\"height\":400,\"caption\":\"Opiniones Seguro de Decesos\"},{\"@type\":\"BreadcrumbList\",\"@id\":\"https:\\\/\\\/idecesos.com\\\/seguros\\\/companias\\\/la-paz\\\/opiniones\\\/#breadcrumb\",\"itemListElement\":[{\"@type\":\"ListItem\",\"position\":1,\"name\":\"Portada\",\"item\":\"https:\\\/\\\/idecesos.com\\\/seguros\\\/\"},{\"@type\":\"ListItem\",\"position\":2,\"name\":\"Compa\u00f1\u00edas de Seguros de Decesos en Espa\u00f1a\",\"item\":\"https:\\\/\\\/idecesos.com\\\/seguros\\\/companias\\\/\"},{\"@type\":\"ListItem\",\"position\":3,\"name\":\"Seguros de decesos La Paz\",\"item\":\"https:\\\/\\\/idecesos.com\\\/seguros\\\/companias\\\/la-paz\\\/\"},{\"@type\":\"ListItem\",\"position\":4,\"name\":\"Opiniones Seguro de decesos La Paz\"}]},{\"@type\":\"WebSite\",\"@id\":\"https:\\\/\\\/idecesos.com\\\/seguros\\\/#website\",\"url\":\"https:\\\/\\\/idecesos.com\\\/seguros\\\/\",\"name\":\"\",\"description\":\"\",\"potentialAction\":[{\"@type\":\"SearchAction\",\"target\":{\"@type\":\"EntryPoint\",\"urlTemplate\":\"https:\\\/\\\/idecesos.com\\\/seguros\\\/?s={search_term_string}\"},\"query-input\":{\"@type\":\"PropertyValueSpecification\",\"valueRequired\":true,\"valueName\":\"search_term_string\"}}],\"inLanguage\":\"es\"}]}<\/script>\n<!-- \/ Yoast SEO plugin. -->","yoast_head_json":{"title":"Opiniones Seguro de decesos La Paz 2026","description":"Foro experto de\u3010Seguro de Decesos La Paz con opiniones\u3011\u2611\ufe0f iDecesos\u00ae compara precios y coberturas para ayudar a otros interesados.","robots":{"index":"index","follow":"follow","max-snippet":"max-snippet:-1","max-image-preview":"max-image-preview:large","max-video-preview":"max-video-preview:-1"},"canonical":"https:\/\/idecesos.com\/seguros\/companias\/la-paz\/opiniones\/","og_locale":"es_ES","og_type":"article","og_title":"Opiniones Seguro de decesos La Paz 2026","og_description":"Foro experto de\u3010Seguro de Decesos La Paz con opiniones\u3011\u2611\ufe0f iDecesos\u00ae compara precios y coberturas para ayudar a otros interesados.","og_url":"https:\/\/idecesos.com\/seguros\/companias\/la-paz\/opiniones\/","article_modified_time":"2022-03-24T09:05:40+00:00","og_image":[{"width":1920,"height":400,"url":"https:\/\/idecesos.com\/seguros\/wp-content\/uploads\/2021\/11\/opiniones-seguro-decesos-2.jpg","type":"image\/jpeg"}],"twitter_card":"summary_large_image","twitter_misc":{"Tiempo de lectura":"6 minutos"},"schema":{"@context":"https:\/\/schema.org","@graph":[{"@type":"WebPage","@id":"https:\/\/idecesos.com\/seguros\/companias\/la-paz\/opiniones\/","url":"https:\/\/idecesos.com\/seguros\/companias\/la-paz\/opiniones\/","name":"Opiniones Seguro de decesos La Paz 2026","isPartOf":{"@id":"https:\/\/idecesos.com\/seguros\/#website"},"primaryImageOfPage":{"@id":"https:\/\/idecesos.com\/seguros\/companias\/la-paz\/opiniones\/#primaryimage"},"image":{"@id":"https:\/\/idecesos.com\/seguros\/companias\/la-paz\/opiniones\/#primaryimage"},"thumbnailUrl":"https:\/\/idecesos.com\/seguros\/wp-content\/uploads\/2021\/11\/opiniones-seguro-decesos-2.jpg","datePublished":"2021-11-09T10:00:22+00:00","dateModified":"2022-03-24T09:05:40+00:00","description":"Foro experto de\u3010Seguro de Decesos La Paz con opiniones\u3011\u2611\ufe0f iDecesos\u00ae compara precios y coberturas para ayudar a otros interesados.","breadcrumb":{"@id":"https:\/\/idecesos.com\/seguros\/companias\/la-paz\/opiniones\/#breadcrumb"},"inLanguage":"es","potentialAction":[{"@type":"ReadAction","target":["https:\/\/idecesos.com\/seguros\/companias\/la-paz\/opiniones\/"]}]},{"@type":"ImageObject","inLanguage":"es","@id":"https:\/\/idecesos.com\/seguros\/companias\/la-paz\/opiniones\/#primaryimage","url":"https:\/\/idecesos.com\/seguros\/wp-content\/uploads\/2021\/11\/opiniones-seguro-decesos-2.jpg","contentUrl":"https:\/\/idecesos.com\/seguros\/wp-content\/uploads\/2021\/11\/opiniones-seguro-decesos-2.jpg","width":1920,"height":400,"caption":"Opiniones Seguro de Decesos"},{"@type":"BreadcrumbList","@id":"https:\/\/idecesos.com\/seguros\/companias\/la-paz\/opiniones\/#breadcrumb","itemListElement":[{"@type":"ListItem","position":1,"name":"Portada","item":"https:\/\/idecesos.com\/seguros\/"},{"@type":"ListItem","position":2,"name":"Compa\u00f1\u00edas de Seguros de Decesos en Espa\u00f1a","item":"https:\/\/idecesos.com\/seguros\/companias\/"},{"@type":"ListItem","position":3,"name":"Seguros de decesos La Paz","item":"https:\/\/idecesos.com\/seguros\/companias\/la-paz\/"},{"@type":"ListItem","position":4,"name":"Opiniones Seguro de decesos La Paz"}]},{"@type":"WebSite","@id":"https:\/\/idecesos.com\/seguros\/#website","url":"https:\/\/idecesos.com\/seguros\/","name":"","description":"","potentialAction":[{"@type":"SearchAction","target":{"@type":"EntryPoint","urlTemplate":"https:\/\/idecesos.com\/seguros\/?s={search_term_string}"},"query-input":{"@type":"PropertyValueSpecification","valueRequired":true,"valueName":"search_term_string"}}],"inLanguage":"es"}]}},"_links":{"self":[{"href":"https:\/\/idecesos.com\/seguros\/wp-json\/wp\/v2\/pages\/13710","targetHints":{"allow":["GET"]}}],"collection":[{"href":"https:\/\/idecesos.com\/seguros\/wp-json\/wp\/v2\/pages"}],"about":[{"href":"https:\/\/idecesos.com\/seguros\/wp-json\/wp\/v2\/types\/page"}],"author":[{"embeddable":true,"href":"https:\/\/idecesos.com\/seguros\/wp-json\/wp\/v2\/users\/4"}],"replies":[{"embeddable":true,"href":"https:\/\/idecesos.com\/seguros\/wp-json\/wp\/v2\/comments?post=13710"}],"version-history":[{"count":16,"href":"https:\/\/idecesos.com\/seguros\/wp-json\/wp\/v2\/pages\/13710\/revisions"}],"predecessor-version":[{"id":20812,"href":"https:\/\/idecesos.com\/seguros\/wp-json\/wp\/v2\/pages\/13710\/revisions\/20812"}],"up":[{"embeddable":true,"href":"https:\/\/idecesos.com\/seguros\/wp-json\/wp\/v2\/pages\/9475"}],"wp:featuredmedia":[{"embeddable":true,"href":"https:\/\/idecesos.com\/seguros\/wp-json\/wp\/v2\/media\/14297"}],"wp:attachment":[{"href":"https:\/\/idecesos.com\/seguros\/wp-json\/wp\/v2\/media?parent=13710"}],"curies":[{"name":"wp","href":"https:\/\/api.w.org\/{rel}","templated":true}]}}