{"id":17498,"date":"2021-12-15T16:03:48","date_gmt":"2021-12-15T16:03:48","guid":{"rendered":"https:\/\/idecesos.com\/seguros\/companias\/asociacion-europea\/precio\/"},"modified":"2022-03-09T12:50:09","modified_gmt":"2022-03-09T12:50:09","slug":"precio","status":"publish","type":"page","link":"https:\/\/idecesos.com\/seguros\/companias\/asociacion-europea\/precio\/","title":{"rendered":"\u00bfCu\u00e1nto cuesta el seguro de decesos Asociaci\u00f3n Europea?"},"content":{"rendered":"<div id=\"ez-toc-container\" class=\"ez-toc-v2_0_82_2 ez-toc-wrap-center counter-hierarchy ez-toc-counter ez-toc-custom ez-toc-container-direction\">\n<div class=\"ez-toc-title-container\">\n<p class=\"ez-toc-title\" style=\"cursor:inherit\">Tabla de Contenido<\/p>\n<span class=\"ez-toc-title-toggle\"><a href=\"#\" class=\"ez-toc-pull-right ez-toc-btn ez-toc-btn-xs ez-toc-btn-default ez-toc-toggle\" aria-label=\"Alternar tabla de contenidos\"><span class=\"ez-toc-js-icon-con\"><span class=\"\"><span class=\"eztoc-hide\" style=\"display:none;\">Toggle<\/span><span class=\"ez-toc-icon-toggle-span\"><svg style=\"fill: #db6415;color:#db6415\" xmlns=\"http:\/\/www.w3.org\/2000\/svg\" class=\"list-377408\" width=\"20px\" height=\"20px\" viewBox=\"0 0 24 24\" fill=\"none\"><path d=\"M6 6H4v2h2V6zm14 0H8v2h12V6zM4 11h2v2H4v-2zm16 0H8v2h12v-2zM4 16h2v2H4v-2zm16 0H8v2h12v-2z\" fill=\"currentColor\"><\/path><\/svg><svg style=\"fill: #db6415;color:#db6415\" class=\"arrow-unsorted-368013\" xmlns=\"http:\/\/www.w3.org\/2000\/svg\" width=\"10px\" height=\"10px\" viewBox=\"0 0 24 24\" version=\"1.2\" baseProfile=\"tiny\"><path d=\"M18.2 9.3l-6.2-6.3-6.2 6.3c-.2.2-.3.4-.3.7s.1.5.3.7c.2.2.4.3.7.3h11c.3 0 .5-.1.7-.3.2-.2.3-.5.3-.7s-.1-.5-.3-.7zM5.8 14.7l6.2 6.3 6.2-6.3c.2-.2.3-.5.3-.7s-.1-.5-.3-.7c-.2-.2-.4-.3-.7-.3h-11c-.3 0-.5.1-.7.3-.2.2-.3.5-.3.7s.1.5.3.7z\"\/><\/svg><\/span><\/span><\/span><\/a><\/span><\/div>\n<nav><ul class='ez-toc-list ez-toc-list-level-1 ' ><li class='ez-toc-page-1 ez-toc-heading-level-2'><a class=\"ez-toc-link ez-toc-heading-1\" href=\"https:\/\/idecesos.com\/seguros\/companias\/asociacion-europea\/precio\/#Calcular_precio_seguro_de_decesos_Asociacion_Europea\" >Calcular precio seguro de decesos Asociaci\u00f3n Europea<\/a><\/li><li class='ez-toc-page-1 ez-toc-heading-level-2'><a class=\"ez-toc-link ez-toc-heading-2\" href=\"https:\/\/idecesos.com\/seguros\/companias\/asociacion-europea\/precio\/#Tabla_comparativa_de_precios_Asociacion_Europea\" >Tabla comparativa de precios Asociaci\u00f3n Europea<\/a><ul class='ez-toc-list-level-3' ><li class='ez-toc-heading-level-3'><a class=\"ez-toc-link ez-toc-heading-3\" href=\"https:\/\/idecesos.com\/seguros\/companias\/asociacion-europea\/precio\/#%C2%BFCual_es_la_mejor_tarifa_de_seguros_de_Asociacion_Europea\" >\u00bfCu\u00e1l es la mejor tarifa de seguros de Asociaci\u00f3n Europea ?<\/a><\/li><li class='ez-toc-page-1 ez-toc-heading-level-3'><a class=\"ez-toc-link ez-toc-heading-4\" href=\"https:\/\/idecesos.com\/seguros\/companias\/asociacion-europea\/precio\/#%C2%BFPuede_aumentar_precio_mensual_de_los_seguros_de_Asociacion_Europea\" >\u00bfPuede aumentar precio mensual de los seguros de Asociaci\u00f3n Europea ?<\/a><\/li><li class='ez-toc-page-1 ez-toc-heading-level-3'><a class=\"ez-toc-link ez-toc-heading-5\" href=\"https:\/\/idecesos.com\/seguros\/companias\/asociacion-europea\/precio\/#%C2%BFEl_precio_de_seguros_de_decesos_Asociacion_Europea_sube_con_la_edad\" >\u00bfEl precio de seguros de decesos Asociaci\u00f3n Europea sube con la edad?<\/a><\/li><li class='ez-toc-page-1 ez-toc-heading-level-3'><a class=\"ez-toc-link ez-toc-heading-6\" href=\"https:\/\/idecesos.com\/seguros\/companias\/asociacion-europea\/precio\/#Paginas_relacionadas\" >P\u00e1ginas relacionadas<\/a><\/li><\/ul><\/li><\/ul><\/nav><\/div>\n<p><br \/>\nLa muerte es el \u00fanico lugar en el que no te puedes ayudar a ti. Para poder asegurar tu paz y la de tus seres queridos Asociaci\u00f3n Europea cuenta con todo para que no debas preocuparte de nada, por lo que tu familia no contar\u00e1 con ninguna carga en el momento del \u00f3bito. M\u00e1s de treinta mil personas han conseguido m\u00e1s vivir apacibles y aliviados a sabiendas de que dejan todo en manos de los mejores profesionales del campo merced al seguro de decesos de Asociaci\u00f3n Europea. El precio de la prima de un seguro de decesos podr\u00eda cambiar en las coberturas de cada una de las distintas p\u00f3lizas, se tendr\u00e1 presente diferentes factores como es el caso de la edad del asegurado o d\u00f3nde radique. Cuanto m\u00e1s coberturas escoja, lo normal es que, su precio final ser\u00e1 mayor. Las p\u00f3lizas de Asociaci\u00f3n Europea te ofrecen la mejor calidad y tarifas. Con esto cada usuario podr\u00e1 contar con de todo cuanto necesite, adapt\u00e1ndose a sus necesidades.<\/p>\n<div class=\"colorf\"><div class=\"container clearfix\"><div class=\"col-md-7\">\n<h2><span class=\"ez-toc-section\" id=\"Calcular_precio_seguro_de_decesos_Asociacion_Europea\"><\/span>Calcular precio seguro de decesos Asociaci\u00f3n Europea<span class=\"ez-toc-section-end\"><\/span><\/h2>\n<p>El proceso que hace Asociaci\u00f3n Europea lo efect\u00faa de manera detallada para que el c\u00e1lculo de la tarifa sea la m\u00e1s adecuada para el asegurado, donde se valorar\u00e1 los diferentes factores que componen la p\u00f3liza. Aparte de efectuar el c\u00e1lculo de la p\u00f3liza, das tranquilidad a tu ser querido. Aparte de darte unas tarifas exclusivas para que se adapten a cada persona, Asociaci\u00f3n Europea es tu empresa de seguros de confianza. Existen diferentes modalidades para poder conseguir la informaci\u00f3n que buscas, sin embargo con la ayuda de iDecesos en cuesti\u00f3n de segundos tendr\u00e1s la referencia de cada una de sus p\u00f3lizas de manera m\u00e1s detallada tan simple como dando un click, viendo de forma m\u00e1s pormenorizada sus seguros de Asociaci\u00f3n Europea .<br \/>\n<\/div><\/div><\/div><\/p>\n<h2><span class=\"ez-toc-section\" id=\"Tabla_comparativa_de_precios_Asociacion_Europea\"><\/span>Tabla comparativa de precios Asociaci\u00f3n Europea<span class=\"ez-toc-section-end\"><\/span><\/h2>\n<p><div class=\"cabecera_tabla_precio\"><table class=\"table table-striped\"><thead><tr><th class=\"nosepara centrado\">Tipo<\/th><th class=\"nosepara centrado nojustificado\">Precio Desde<\/th><th class=\"nosepara dcha\"><\/th><\/tr><\/thead><tbody><tr class=\"fila_tabla_precio\"><td class=\"nosepara izq\">Precio Seguro Decesos Asociaci\u00f3n Europea<\/td><td class=\"nosepara centro\">1,57 \u20ac\/mes<\/td><td class=\"nosepara derecha\">\t\t\t\t\t\n\t\t\t\t\t\t<span class=\"\" style=\"cursor:pointer\" data-bs-toggle=\"modal\" data-bs-target=\"#comparadorModal\">Calcular<\/span>\t\t\t\t\n\t\t\t\t\t\n\t\t\t\t<\/td><\/tr><\/div><tr class=\"fila_tabla_precio\"><td class=\"nosepara izq\">Precio Prima \u00danica Asociaci\u00f3n Europea<\/td><td class=\"nosepara centro\">2425 \u20ac<\/td><td class=\"nosepara derecha\">\t\t\t\t\t\n\t\t\t\t\t\t<span class=\"\" style=\"cursor:pointer\" data-bs-toggle=\"modal\" data-bs-target=\"#comparadorModal\">Calcular<\/span>\t\t\t\t\n\t\t\t\t\t\n\t\t\t\t<\/td><\/tr><\/div><tr class=\"fila_tabla_precio\"><td class=\"nosepara izq\">Precio Prima Natural Asociaci\u00f3n Europea<\/td><td class=\"nosepara centro\">1,44 \u20ac\/mes<\/td><td class=\"nosepara derecha\">\t\t\t\t\t\n\t\t\t\t\t\t<span class=\"\" style=\"cursor:pointer\" data-bs-toggle=\"modal\" data-bs-target=\"#comparadorModal\">Calcular<\/span>\t\t\t\t\n\t\t\t\t\t\n\t\t\t\t<\/td><\/tr><\/div><tr class=\"fila_tabla_precio\"><td class=\"nosepara izq\">Precio Prima Nivelada Asociaci\u00f3n Europea<\/td><td class=\"nosepara centro\">1,77 \u20ac\/mes<\/td><td class=\"nosepara derecha\">\t\t\t\t\t\n\t\t\t\t\t\t<span class=\"\" style=\"cursor:pointer\" data-bs-toggle=\"modal\" data-bs-target=\"#comparadorModal\">Calcular<\/span>\t\t\t\t\n\t\t\t\t\t\n\t\t\t\t<\/td><\/tr><\/div><tr class=\"fila_tabla_precio\"><td class=\"nosepara izq\">Precio Prima Mixta Asociaci\u00f3n Europea<\/td><td class=\"nosepara centro\">1,32 \u20ac\/mes<\/td><td class=\"nosepara derecha\">\t\t\t\t\t\n\t\t\t\t\t\t<span class=\"\" style=\"cursor:pointer\" data-bs-toggle=\"modal\" data-bs-target=\"#comparadorModal\">Calcular<\/span>\t\t\t\t\n\t\t\t\t\t\n\t\t\t\t<\/td><\/tr><\/div><tr class=\"fila_tabla_precio\"><td class=\"nosepara izq\">Precio Prima Seminatural Asociaci\u00f3n Europea<\/td><td class=\"nosepara centro\">1,41 \u20ac\/mes<\/td><td class=\"nosepara derecha\">\t\t\t\t\t\n\t\t\t\t\t\t<span class=\"\" style=\"cursor:pointer\" data-bs-toggle=\"modal\" data-bs-target=\"#comparadorModal\">Calcular<\/span>\t\t\t\t\n\t\t\t\t\t\n\t\t\t\t<\/td><\/tr><\/div><tr class=\"fila_tabla_precio\"><td class=\"nosepara izq\">Precio con Repatriaci\u00f3n Asociaci\u00f3n Europea<\/td><td class=\"nosepara centro\">0,92 \u20ac a la cuota<\/td><td class=\"nosepara derecha\">\t\t\t\t\t\n\t\t\t\t\t\t<span class=\"\" style=\"cursor:pointer\" data-bs-toggle=\"modal\" data-bs-target=\"#comparadorModal\">Calcular<\/span>\t\t\t\t\n\t\t\t\t\t\n\t\t\t\t<\/td><\/tr><\/div><tr class=\"fila_tabla_precio\"><td class=\"nosepara izq\">Precio Seguro Defunci\u00f3n Asociaci\u00f3n Europea<\/td><td class=\"nosepara centro\">1,44 \u20ac\/mes<\/td><td class=\"nosepara derecha\">\t\t\t\t\t\n\t\t\t\t\t\t<span class=\"\" style=\"cursor:pointer\" data-bs-toggle=\"modal\" data-bs-target=\"#comparadorModal\">Calcular<\/span>\t\t\t\t\n\t\t\t\t\t\n\t\t\t\t<\/td><\/tr><\/div><tr class=\"fila_tabla_precio\"><td class=\"nosepara izq\">Precio Seguro Fallecimiento Asociaci\u00f3n Europea<\/td><td class=\"nosepara centro\">1,53 \u20ac\/mes<\/td><td class=\"nosepara derecha\">\t\t\t\t\t\n\t\t\t\t\t\t<span class=\"\" style=\"cursor:pointer\" data-bs-toggle=\"modal\" data-bs-target=\"#comparadorModal\">Calcular<\/span>\t\t\t\t\n\t\t\t\t\t\n\t\t\t\t<\/td><\/tr><\/div><tr class=\"fila_tabla_precio\"><td class=\"nosepara izq\">Precio Seguro Muertos Asociaci\u00f3n Europea<\/td><td class=\"nosepara centro\">1,52 \u20ac\/mes<\/td><td class=\"nosepara derecha\">\t\t\t\t\t\n\t\t\t\t\t\t<span class=\"\" style=\"cursor:pointer\" data-bs-toggle=\"modal\" data-bs-target=\"#comparadorModal\">Calcular<\/span>\t\t\t\t\n\t\t\t\t\t\n\t\t\t\t<\/td><\/tr><\/div><tr class=\"fila_tabla_precio\"><td class=\"nosepara izq\">Precio Asistencia Familiar Asociaci\u00f3n Europea<\/td><td class=\"nosepara centro\">1,42 \u20ac\/mes<\/td><td class=\"nosepara derecha\">\t\t\t\t\t\n\t\t\t\t\t\t<span class=\"\" style=\"cursor:pointer\" data-bs-toggle=\"modal\" data-bs-target=\"#comparadorModal\">Calcular<\/span>\t\t\t\t\n\t\t\t\t\t\n\t\t\t\t<\/td><\/tr><\/div><\/tbody><\/table><\/div><\/p>\n<p>Asociaci\u00f3n Europea quiere facilitarte todo. Con esta tabla comparativa vas a poder ver las distintas tarifas de cada p\u00f3liza que te ofrecen. Asociaci\u00f3n Europea te todo mucho m\u00e1s simple. No tienes de qu\u00e9 preocuparte, se encargaran de todo, cubriendo el sepelio y todo cuanto este engloba a fin de que sus familiares puedan estar tranquilos en ese duro instante de sus vidas. Solo debes tener en cuenta que el d\u00eda de hoy puede estar todo bien y ma\u00f1ana puede ocurrir cualquier imprevisto. Asociaci\u00f3n Europea siempre y en todo momento va a estar junto a ti, no esperes m\u00e1s y contrata su seguro de decesos.<br \/>\n<div class=\"colorf\"><div class=\"container clearfix\"><div class=\"col-md-7\"><\/p>\n<h3><span class=\"ez-toc-section\" id=\"%C2%BFCual_es_la_mejor_tarifa_de_seguros_de_Asociacion_Europea\"><\/span>\u00bfCu\u00e1l es la mejor tarifa de seguros de Asociaci\u00f3n Europea ?<span class=\"ez-toc-section-end\"><\/span><\/h3>\n<p>No necesita nada m\u00e1s, con la propuesta de Asociaci\u00f3n Europea cubrir\u00e1 todas sus necesidades con un producto top. Las coberturas a\u00f1adidas m\u00e1s importantes y m\u00e1s diferenciadoras del mercado las disfruta las distintas compa\u00f1\u00edas aseguradoras de forma particular las p\u00f3lizas de seguro de decesos que ofertamos en nuestro porfolio de seguro de defunci\u00f3n. iDecesos te seleccionar\u00e1 con todas las garant\u00edas la mejor p\u00f3liza al ser el comparador l\u00edder y especialista en seguro de decesos en Espa\u00f1a, asimismo se ajustar\u00e1 a tus necesidades en todo momento.<br \/>\n<\/div><\/div><\/div><\/p>\n<h3><span class=\"ez-toc-section\" id=\"%C2%BFPuede_aumentar_precio_mensual_de_los_seguros_de_Asociacion_Europea\"><\/span>\u00bfPuede aumentar precio mensual de los seguros de Asociaci\u00f3n Europea ?<span class=\"ez-toc-section-end\"><\/span><\/h3>\n<p>Asociaci\u00f3n Europea es famosa por su amplia gama de primas para poder amoldarse a cada uno de ellos de los perfiles independientemente del rango de edad que pertenezcan. Del 50 por cien de los ciudadanos espa\u00f1oles que tienen la p\u00f3liza de seguro de decesos, un amplia mayor\u00eda disfrutan de un tipo de prima nivelada debido a que no cambia su precio llegada la renovaci\u00f3n anual de la p\u00f3liza, es algo m\u00e1s cara de precio debido a que provisional desde el instante de la contrataci\u00f3n todas las subidas futuras, a posteriori conseguir\u00e1s toda la informaci\u00f3n de cada uno de ellos de los tipos de primas y que van a dar servicio completo a todas las necesidades de nuestros clientes del servicio.<\/p>\n<p><strong> \u2022 Prima \u00fanica o bien pago \u00fanico:<\/strong> Es un g\u00e9nero de prima que a trav\u00e9s de un s\u00f3lo pago te garantizamos el servicio f\u00fanebre completo para que el asegurado pueda dejar a los familiares todo solucionado y que en el instante que deben velar el cuerpo no discutan por los costos del precio de la funeraria, ni se preocupen por buscar, ni negociar ninguno de los proveedores de servicios del entierro completo, adem\u00e1s con el seguro de prima \u00fanica se ahorran dinero y tr\u00e1mites todos y cada uno de los herederos del finado.<\/p>\n<p>Prima natural: es el tipo de prima famosa asimismo como creciente, debido a que no para de crecer anualmente el precio de la prima por el hecho de que obedece a la edad actuarial que tienen los asegurados desde el principio de la p\u00f3liza, calcula la esperanza de vida y establece una cuadro evolutivo de la tarifa de la prima a muchos a\u00f1os vista. <strong>\u2022 Prima mixta:<\/strong> es el g\u00e9nero de prima combinado entre la prima incesante y la prima creciente, la tarifa acostumbra a ser natural hasta una edad media (entre los 60 y los setenta y cinco a\u00f1os) y a partir de esta se queda estable, para darle una tranquilidad financiera cuando somos pensionista, es decir, ning\u00fan imprevisto de costos para cuando no tenemos entrada de ingresos, asimismo es la prima m\u00e1s equilibrada en tarifa y prestaciones de servicios de asistencia funeraria. Vas a poder dividir el costo de las modalidades de primas y que te pasen el recibo cada treinta d\u00edas, sesenta d\u00edas, noventa dias, 60 d\u00edas o cada trescientos sesenta y cinco d\u00edas. En iDecesos la enorme mayor\u00eda de nuestros clientes excepto los de primas \u00fanicas como es obvio escogen la modalidad mensual pero ofrecemos absolutamente todas las forma de pago disponibles en el momento con cada una de las compa\u00f1\u00edas aseguradoras.<br \/>\n<div class=\"colorf\"><div class=\"container clearfix\"><div class=\"col-md-7\"><\/p>\n<h3><span class=\"ez-toc-section\" id=\"%C2%BFEl_precio_de_seguros_de_decesos_Asociacion_Europea_sube_con_la_edad\"><\/span>\u00bfEl precio de seguros de decesos Asociaci\u00f3n Europea sube con la edad?<span class=\"ez-toc-section-end\"><\/span><\/h3>\n<p>\u00bfTiene dudas de cual elegir? No lo dude, Asociaci\u00f3n Europea re\u00fane con su producto de seguro de decesos de prima \u00fanica todos y cada uno de los requisitos que usted busca, empresa de seguros de m\u00e1xima solvencia, coberturas que aseguren el servicio de principio a fin y precio econ\u00f3mico. Ning\u00fan heredero se va a deber preocupar por ninguna gesti\u00f3n o bien pago en lo relativo al servicio de sepelio, puesto que todo ser\u00e1 resuelto por el equipo del servicio experto de asistencia de la compa\u00f1\u00eda, a fin de que estos puedan velar el cuerpo y puedan decir si \u00faltimo adi\u00f3s a su ser querido. As\u00ed como, y como viene en el condicionado general de todas las p\u00f3lizas de decesos si existe una subida en los costos de los elementos del servicio funerario, estos se repercutir\u00e1n en la cuota del recibo del seguro de decesos mas de una forma muy poco sensible, mas es muy importante que se realice a fin de que no exista un infraseguro o mejor dicho para que estemos apropiadamente asegurados. Con Decesos obtendr\u00e1 las opciones mejores de g\u00e9neros de prima de sus seguro de decesos, con los precios m\u00e1s baratos, las coberturas m\u00e1s amplias, los asesores mejor dispuestos para atenderle en cualquier objeci\u00f3n que le pueda surgir, asimismo le ofrecemos todas y cada una de las modalidades de pago a fin de que le resulte lo m\u00e1s c\u00f3mo de abonar y no se resienta en su econom\u00eda familiar, no olvide que somos el comparador n\u00ba1 en ahorro. De esta forma, va a poder olvidarse de todas sus preocupaciones y podr\u00e1 vivir sosegado el resto de su vida, del mismo modo que sus familiares. Asociaci\u00f3n Europea le ofrece la m\u00e1xima eficiencia en sus servicio de sepelio, con las garant\u00edas m\u00e1s completas del mercado.<br \/>\n<\/div><\/div><\/div><\/p>\n<h3><span class=\"ez-toc-section\" id=\"Paginas_relacionadas\"><\/span>P\u00e1ginas relacionadas<span class=\"ez-toc-section-end\"><\/span><\/h3><div class=\"enlazado\"><ul> <li><a href=\"https:\/\/idecesos.com\/seguros\/companias\/asociacion-europea\/opiniones\/\">Opiniones Asociaci\u00f3n Europea<\/a><\/li> <li><a href=\"https:\/\/idecesos.com\/seguros\/companias\/asociacion-europea\/precio\/\">Precio seguro Asociaci\u00f3n Europea<\/a><\/li> <li><a href=\"https:\/\/idecesos.com\/seguros\/companias\/asociacion-europea\/prima-mixta\/\">Asociaci\u00f3n Europea Prima Mixta<\/a><\/li> <li><a href=\"https:\/\/idecesos.com\/seguros\/companias\/asociacion-europea\/prima-natural\/\">Asociaci\u00f3n Europea Prima Natural<\/a><\/li> <li><a href=\"https:\/\/idecesos.com\/seguros\/companias\/asociacion-europea\/prima-nivelada\/\">Asociaci\u00f3n Europea Prima Nivelada<\/a><\/li> <li><a href=\"https:\/\/idecesos.com\/seguros\/companias\/asociacion-europea\/prima-unica\/\">Asociaci\u00f3n Europea Prima \u00danica<\/a><\/li> <li><a href=\"https:\/\/idecesos.com\/seguros\/companias\/asociacion-europea\/repatriacion\/\">Asociaci\u00f3n Europea Repatriaci\u00f3n<\/a><\/li> <li><a href=\"https:\/\/idecesos.com\/seguros\/companias\/asociacion-europea\/telefono\/\">Tel\u00e9fono Gratuito Asociaci\u00f3n Europea<\/a><\/li><\/ul><\/div>\n","protected":false},"excerpt":{"rendered":"<p>La muerte es el \u00fanico lugar en el que no te puedes ayudar a ti. Para poder asegurar tu paz y la de tus seres queridos Asociaci\u00f3n Europea cuenta con todo para que no debas preocuparte de nada, por lo que tu familia no contar\u00e1 con ninguna carga en el momento del \u00f3bito. M\u00e1s de&hellip; <\/p>\n","protected":false},"author":1,"featured_media":17499,"parent":6000,"menu_order":0,"comment_status":"closed","ping_status":"closed","template":"single.php","meta":{"footnotes":""},"class_list":["post-17498","page","type-page","status-publish","has-post-thumbnail","hentry"],"yoast_head":"<!-- This site is optimized with the Yoast SEO plugin v27.5 - https:\/\/yoast.com\/product\/yoast-seo-wordpress\/ -->\n<title>Precio Seguro Decesos Asociaci\u00f3n Europea \u25b7DTO 25% I Oferta 2026<\/title>\n<meta name=\"description\" content=\"Calcular aqu\u00ed\u3010precio seguro de decesos Asociaci\u00f3n Europea\u3011Tarifas, oferta y descuento de seguro defunci\u00f3n Asociaci\u00f3n Europea 2026 \u2611\ufe0fiDecesos\u00ae N\u00ba1 en ahorro\" \/>\n<meta name=\"robots\" content=\"index, follow, max-snippet:-1, max-image-preview:large, max-video-preview:-1\" \/>\n<link rel=\"canonical\" href=\"https:\/\/idecesos.com\/seguros\/companias\/asociacion-europea\/precio\/\" \/>\n<meta property=\"og:locale\" content=\"es_ES\" \/>\n<meta property=\"og:type\" content=\"article\" \/>\n<meta property=\"og:title\" content=\"Precio Seguro Decesos Asociaci\u00f3n Europea \u25b7DTO 25% I Oferta 2026\" \/>\n<meta property=\"og:description\" content=\"Calcular aqu\u00ed\u3010precio seguro de decesos Asociaci\u00f3n Europea\u3011Tarifas, oferta y descuento de seguro defunci\u00f3n Asociaci\u00f3n Europea 2026 \u2611\ufe0fiDecesos\u00ae N\u00ba1 en ahorro\" \/>\n<meta property=\"og:url\" content=\"https:\/\/idecesos.com\/seguros\/companias\/asociacion-europea\/precio\/\" \/>\n<meta property=\"article:modified_time\" content=\"2022-03-09T12:50:09+00:00\" \/>\n<meta property=\"og:image\" content=\"https:\/\/idecesos.com\/seguros\/wp-content\/uploads\/2021\/12\/precio-2.jpg-91.jpeg\" \/>\n\t<meta property=\"og:image:width\" content=\"1500\" \/>\n\t<meta property=\"og:image:height\" content=\"559\" \/>\n\t<meta property=\"og:image:type\" content=\"image\/jpeg\" \/>\n<meta name=\"twitter:card\" content=\"summary_large_image\" \/>\n<meta name=\"twitter:label1\" content=\"Tiempo de lectura\" \/>\n\t<meta name=\"twitter:data1\" content=\"7 minutos\" \/>\n<script type=\"application\/ld+json\" class=\"yoast-schema-graph\">{\"@context\":\"https:\\\/\\\/schema.org\",\"@graph\":[{\"@type\":\"WebPage\",\"@id\":\"https:\\\/\\\/idecesos.com\\\/seguros\\\/companias\\\/asociacion-europea\\\/precio\\\/\",\"url\":\"https:\\\/\\\/idecesos.com\\\/seguros\\\/companias\\\/asociacion-europea\\\/precio\\\/\",\"name\":\"Precio Seguro Decesos Asociaci\u00f3n Europea \u25b7DTO 25% I Oferta 2026\",\"isPartOf\":{\"@id\":\"https:\\\/\\\/idecesos.com\\\/seguros\\\/#website\"},\"primaryImageOfPage\":{\"@id\":\"https:\\\/\\\/idecesos.com\\\/seguros\\\/companias\\\/asociacion-europea\\\/precio\\\/#primaryimage\"},\"image\":{\"@id\":\"https:\\\/\\\/idecesos.com\\\/seguros\\\/companias\\\/asociacion-europea\\\/precio\\\/#primaryimage\"},\"thumbnailUrl\":\"https:\\\/\\\/idecesos.com\\\/seguros\\\/wp-content\\\/uploads\\\/2021\\\/12\\\/precio-2.jpg-91.jpeg\",\"datePublished\":\"2021-12-15T16:03:48+00:00\",\"dateModified\":\"2022-03-09T12:50:09+00:00\",\"description\":\"Calcular aqu\u00ed\u3010precio seguro de decesos Asociaci\u00f3n Europea\u3011Tarifas, oferta y descuento de seguro defunci\u00f3n Asociaci\u00f3n Europea 2026 \u2611\ufe0fiDecesos\u00ae N\u00ba1 en ahorro\",\"breadcrumb\":{\"@id\":\"https:\\\/\\\/idecesos.com\\\/seguros\\\/companias\\\/asociacion-europea\\\/precio\\\/#breadcrumb\"},\"inLanguage\":\"es\",\"potentialAction\":[{\"@type\":\"ReadAction\",\"target\":[\"https:\\\/\\\/idecesos.com\\\/seguros\\\/companias\\\/asociacion-europea\\\/precio\\\/\"]}]},{\"@type\":\"ImageObject\",\"inLanguage\":\"es\",\"@id\":\"https:\\\/\\\/idecesos.com\\\/seguros\\\/companias\\\/asociacion-europea\\\/precio\\\/#primaryimage\",\"url\":\"https:\\\/\\\/idecesos.com\\\/seguros\\\/wp-content\\\/uploads\\\/2021\\\/12\\\/precio-2.jpg-91.jpeg\",\"contentUrl\":\"https:\\\/\\\/idecesos.com\\\/seguros\\\/wp-content\\\/uploads\\\/2021\\\/12\\\/precio-2.jpg-91.jpeg\",\"width\":1500,\"height\":559,\"caption\":\"Precio Asociaci\u00f3n Europea\"},{\"@type\":\"BreadcrumbList\",\"@id\":\"https:\\\/\\\/idecesos.com\\\/seguros\\\/companias\\\/asociacion-europea\\\/precio\\\/#breadcrumb\",\"itemListElement\":[{\"@type\":\"ListItem\",\"position\":1,\"name\":\"Portada\",\"item\":\"https:\\\/\\\/idecesos.com\\\/seguros\\\/\"},{\"@type\":\"ListItem\",\"position\":2,\"name\":\"Compa\u00f1\u00edas de Seguros de Decesos en Espa\u00f1a\",\"item\":\"https:\\\/\\\/idecesos.com\\\/seguros\\\/companias\\\/\"},{\"@type\":\"ListItem\",\"position\":3,\"name\":\"Seguro de Decesos Asociaci\u00f3n Europea\",\"item\":\"https:\\\/\\\/idecesos.com\\\/seguros\\\/companias\\\/asociacion-europea\\\/\"},{\"@type\":\"ListItem\",\"position\":4,\"name\":\"\u00bfCu\u00e1nto cuesta el seguro de decesos Asociaci\u00f3n Europea?\"}]},{\"@type\":\"WebSite\",\"@id\":\"https:\\\/\\\/idecesos.com\\\/seguros\\\/#website\",\"url\":\"https:\\\/\\\/idecesos.com\\\/seguros\\\/\",\"name\":\"\",\"description\":\"\",\"potentialAction\":[{\"@type\":\"SearchAction\",\"target\":{\"@type\":\"EntryPoint\",\"urlTemplate\":\"https:\\\/\\\/idecesos.com\\\/seguros\\\/?s={search_term_string}\"},\"query-input\":{\"@type\":\"PropertyValueSpecification\",\"valueRequired\":true,\"valueName\":\"search_term_string\"}}],\"inLanguage\":\"es\"}]}<\/script>\n<!-- \/ Yoast SEO plugin. -->","yoast_head_json":{"title":"Precio Seguro Decesos Asociaci\u00f3n Europea \u25b7DTO 25% I Oferta 2026","description":"Calcular aqu\u00ed\u3010precio seguro de decesos Asociaci\u00f3n Europea\u3011Tarifas, oferta y descuento de seguro defunci\u00f3n Asociaci\u00f3n Europea 2026 \u2611\ufe0fiDecesos\u00ae N\u00ba1 en ahorro","robots":{"index":"index","follow":"follow","max-snippet":"max-snippet:-1","max-image-preview":"max-image-preview:large","max-video-preview":"max-video-preview:-1"},"canonical":"https:\/\/idecesos.com\/seguros\/companias\/asociacion-europea\/precio\/","og_locale":"es_ES","og_type":"article","og_title":"Precio Seguro Decesos Asociaci\u00f3n Europea \u25b7DTO 25% I Oferta 2026","og_description":"Calcular aqu\u00ed\u3010precio seguro de decesos Asociaci\u00f3n Europea\u3011Tarifas, oferta y descuento de seguro defunci\u00f3n Asociaci\u00f3n Europea 2026 \u2611\ufe0fiDecesos\u00ae N\u00ba1 en ahorro","og_url":"https:\/\/idecesos.com\/seguros\/companias\/asociacion-europea\/precio\/","article_modified_time":"2022-03-09T12:50:09+00:00","og_image":[{"width":1500,"height":559,"url":"https:\/\/idecesos.com\/seguros\/wp-content\/uploads\/2021\/12\/precio-2.jpg-91.jpeg","type":"image\/jpeg"}],"twitter_card":"summary_large_image","twitter_misc":{"Tiempo de lectura":"7 minutos"},"schema":{"@context":"https:\/\/schema.org","@graph":[{"@type":"WebPage","@id":"https:\/\/idecesos.com\/seguros\/companias\/asociacion-europea\/precio\/","url":"https:\/\/idecesos.com\/seguros\/companias\/asociacion-europea\/precio\/","name":"Precio Seguro Decesos Asociaci\u00f3n Europea \u25b7DTO 25% I Oferta 2026","isPartOf":{"@id":"https:\/\/idecesos.com\/seguros\/#website"},"primaryImageOfPage":{"@id":"https:\/\/idecesos.com\/seguros\/companias\/asociacion-europea\/precio\/#primaryimage"},"image":{"@id":"https:\/\/idecesos.com\/seguros\/companias\/asociacion-europea\/precio\/#primaryimage"},"thumbnailUrl":"https:\/\/idecesos.com\/seguros\/wp-content\/uploads\/2021\/12\/precio-2.jpg-91.jpeg","datePublished":"2021-12-15T16:03:48+00:00","dateModified":"2022-03-09T12:50:09+00:00","description":"Calcular aqu\u00ed\u3010precio seguro de decesos Asociaci\u00f3n Europea\u3011Tarifas, oferta y descuento de seguro defunci\u00f3n Asociaci\u00f3n Europea 2026 \u2611\ufe0fiDecesos\u00ae N\u00ba1 en ahorro","breadcrumb":{"@id":"https:\/\/idecesos.com\/seguros\/companias\/asociacion-europea\/precio\/#breadcrumb"},"inLanguage":"es","potentialAction":[{"@type":"ReadAction","target":["https:\/\/idecesos.com\/seguros\/companias\/asociacion-europea\/precio\/"]}]},{"@type":"ImageObject","inLanguage":"es","@id":"https:\/\/idecesos.com\/seguros\/companias\/asociacion-europea\/precio\/#primaryimage","url":"https:\/\/idecesos.com\/seguros\/wp-content\/uploads\/2021\/12\/precio-2.jpg-91.jpeg","contentUrl":"https:\/\/idecesos.com\/seguros\/wp-content\/uploads\/2021\/12\/precio-2.jpg-91.jpeg","width":1500,"height":559,"caption":"Precio Asociaci\u00f3n Europea"},{"@type":"BreadcrumbList","@id":"https:\/\/idecesos.com\/seguros\/companias\/asociacion-europea\/precio\/#breadcrumb","itemListElement":[{"@type":"ListItem","position":1,"name":"Portada","item":"https:\/\/idecesos.com\/seguros\/"},{"@type":"ListItem","position":2,"name":"Compa\u00f1\u00edas de Seguros de Decesos en Espa\u00f1a","item":"https:\/\/idecesos.com\/seguros\/companias\/"},{"@type":"ListItem","position":3,"name":"Seguro de Decesos Asociaci\u00f3n Europea","item":"https:\/\/idecesos.com\/seguros\/companias\/asociacion-europea\/"},{"@type":"ListItem","position":4,"name":"\u00bfCu\u00e1nto cuesta el seguro de decesos Asociaci\u00f3n Europea?"}]},{"@type":"WebSite","@id":"https:\/\/idecesos.com\/seguros\/#website","url":"https:\/\/idecesos.com\/seguros\/","name":"","description":"","potentialAction":[{"@type":"SearchAction","target":{"@type":"EntryPoint","urlTemplate":"https:\/\/idecesos.com\/seguros\/?s={search_term_string}"},"query-input":{"@type":"PropertyValueSpecification","valueRequired":true,"valueName":"search_term_string"}}],"inLanguage":"es"}]}},"_links":{"self":[{"href":"https:\/\/idecesos.com\/seguros\/wp-json\/wp\/v2\/pages\/17498","targetHints":{"allow":["GET"]}}],"collection":[{"href":"https:\/\/idecesos.com\/seguros\/wp-json\/wp\/v2\/pages"}],"about":[{"href":"https:\/\/idecesos.com\/seguros\/wp-json\/wp\/v2\/types\/page"}],"author":[{"embeddable":true,"href":"https:\/\/idecesos.com\/seguros\/wp-json\/wp\/v2\/users\/1"}],"replies":[{"embeddable":true,"href":"https:\/\/idecesos.com\/seguros\/wp-json\/wp\/v2\/comments?post=17498"}],"version-history":[{"count":3,"href":"https:\/\/idecesos.com\/seguros\/wp-json\/wp\/v2\/pages\/17498\/revisions"}],"predecessor-version":[{"id":19982,"href":"https:\/\/idecesos.com\/seguros\/wp-json\/wp\/v2\/pages\/17498\/revisions\/19982"}],"up":[{"embeddable":true,"href":"https:\/\/idecesos.com\/seguros\/wp-json\/wp\/v2\/pages\/6000"}],"wp:featuredmedia":[{"embeddable":true,"href":"https:\/\/idecesos.com\/seguros\/wp-json\/wp\/v2\/media\/17499"}],"wp:attachment":[{"href":"https:\/\/idecesos.com\/seguros\/wp-json\/wp\/v2\/media?parent=17498"}],"curies":[{"name":"wp","href":"https:\/\/api.w.org\/{rel}","templated":true}]}}