{"id":18112,"date":"2021-12-29T11:52:54","date_gmt":"2021-12-29T11:48:00","guid":{"rendered":"https:\/\/idecesos.com\/seguros\/companias\/verti\/dar-de-baja\/"},"modified":"2022-01-26T17:49:11","modified_gmt":"2022-01-26T17:49:11","slug":"dar-de-baja","status":"publish","type":"page","link":"https:\/\/idecesos.com\/seguros\/companias\/verti\/dar-de-baja\/","title":{"rendered":"\u00bfC\u00f3mo dar de baja seguro Verti?"},"content":{"rendered":"<div id=\"ez-toc-container\" class=\"ez-toc-v2_0_82_2 ez-toc-wrap-center counter-hierarchy ez-toc-counter ez-toc-custom ez-toc-container-direction\">\n<div class=\"ez-toc-title-container\">\n<p class=\"ez-toc-title\" style=\"cursor:inherit\">Tabla de Contenido<\/p>\n<span class=\"ez-toc-title-toggle\"><a href=\"#\" class=\"ez-toc-pull-right ez-toc-btn ez-toc-btn-xs ez-toc-btn-default ez-toc-toggle\" aria-label=\"Alternar tabla de contenidos\"><span class=\"ez-toc-js-icon-con\"><span class=\"\"><span class=\"eztoc-hide\" style=\"display:none;\">Toggle<\/span><span class=\"ez-toc-icon-toggle-span\"><svg style=\"fill: #db6415;color:#db6415\" xmlns=\"http:\/\/www.w3.org\/2000\/svg\" class=\"list-377408\" width=\"20px\" height=\"20px\" viewBox=\"0 0 24 24\" fill=\"none\"><path d=\"M6 6H4v2h2V6zm14 0H8v2h12V6zM4 11h2v2H4v-2zm16 0H8v2h12v-2zM4 16h2v2H4v-2zm16 0H8v2h12v-2z\" fill=\"currentColor\"><\/path><\/svg><svg style=\"fill: #db6415;color:#db6415\" class=\"arrow-unsorted-368013\" xmlns=\"http:\/\/www.w3.org\/2000\/svg\" width=\"10px\" height=\"10px\" viewBox=\"0 0 24 24\" version=\"1.2\" baseProfile=\"tiny\"><path d=\"M18.2 9.3l-6.2-6.3-6.2 6.3c-.2.2-.3.4-.3.7s.1.5.3.7c.2.2.4.3.7.3h11c.3 0 .5-.1.7-.3.2-.2.3-.5.3-.7s-.1-.5-.3-.7zM5.8 14.7l6.2 6.3 6.2-6.3c.2-.2.3-.5.3-.7s-.1-.5-.3-.7c-.2-.2-.4-.3-.7-.3h-11c-.3 0-.5.1-.7.3-.2.2-.3.5-.3.7s.1.5.3.7z\"\/><\/svg><\/span><\/span><\/span><\/a><\/span><\/div>\n<nav><ul class='ez-toc-list ez-toc-list-level-1 ' ><li class='ez-toc-page-1 ez-toc-heading-level-2'><a class=\"ez-toc-link ez-toc-heading-1\" href=\"https:\/\/idecesos.com\/seguros\/companias\/verti\/dar-de-baja\/#Diferentes_opciones_para_cancelar_un_contrato_con_Verti\" >Diferentes opciones para cancelar un contrato con Verti<\/a><ul class='ez-toc-list-level-3' ><li class='ez-toc-heading-level-3'><a class=\"ez-toc-link ez-toc-heading-2\" href=\"https:\/\/idecesos.com\/seguros\/companias\/verti\/dar-de-baja\/#A_traves_de_la_web_de_Verti\" >A trav\u00e9s de la web de Verti<\/a><\/li><li class='ez-toc-page-1 ez-toc-heading-level-3'><a class=\"ez-toc-link ez-toc-heading-3\" href=\"https:\/\/idecesos.com\/seguros\/companias\/verti\/dar-de-baja\/#Utilizando_el_correo_electronico_de_Verti\" >Utilizando el correo electr\u00f3nico de Verti<\/a><\/li><li class='ez-toc-page-1 ez-toc-heading-level-3'><a class=\"ez-toc-link ez-toc-heading-4\" href=\"https:\/\/idecesos.com\/seguros\/companias\/verti\/dar-de-baja\/#Dar_de_baja_Verti_por_fax\" >Dar de baja Verti por fax<\/a><\/li><li class='ez-toc-page-1 ez-toc-heading-level-3'><a class=\"ez-toc-link ez-toc-heading-5\" href=\"https:\/\/idecesos.com\/seguros\/companias\/verti\/dar-de-baja\/#En_la_oficina_de_Verti\" >En la oficina de Verti<\/a><\/li><li class='ez-toc-page-1 ez-toc-heading-level-3'><a class=\"ez-toc-link ez-toc-heading-6\" href=\"https:\/\/idecesos.com\/seguros\/companias\/verti\/dar-de-baja\/#Telefono_para_dar_de_baja_Verti\" >T\u00e9lefono para dar de baja Verti<\/a><\/li><\/ul><\/li><li class='ez-toc-page-1 ez-toc-heading-level-2'><a class=\"ez-toc-link ez-toc-heading-7\" href=\"https:\/\/idecesos.com\/seguros\/companias\/verti\/dar-de-baja\/#Dar_de_baja_seguro_Verti_de_un_fallecido\" >Dar de baja seguro Verti de un fallecido<\/a><ul class='ez-toc-list-level-3' ><li class='ez-toc-heading-level-3'><a class=\"ez-toc-link ez-toc-heading-8\" href=\"https:\/\/idecesos.com\/seguros\/companias\/verti\/dar-de-baja\/#Paginas_relacionadas\" >P\u00e1ginas relacionadas<\/a><\/li><\/ul><\/li><\/ul><\/nav><\/div>\n<p> Para dar de baja a su seguro de decesos, solo debe continuar unos f\u00e1ciles pasos y, de esta forma, no tendr\u00e1 que preocuparse por nada. iDecesos te mostrar\u00e1 todos sus conocimientos para dar de baja su seguro de decesos. En poqu\u00edsimo tiempo estar\u00e1 solucionado su problema y, resulta conveniente que, contrate un seguro de decesos con el que est\u00e9 satisfecho\/a para su calma y la de su familia. Es muy importante que sepa que, para poder dar de baja su seguro de decesos, debe informar a la compa\u00f1\u00eda treinta d\u00edas ya antes de su renovaci\u00f3n y, de esta manera, no va a tener ning\u00fan problema. <div class=\"colorf \"  ><div class=\"container clearfix\"><div class=\"col-md-7\"><\/p>\r\n<h2><span class=\"ez-toc-section\" id=\"Diferentes_opciones_para_cancelar_un_contrato_con_Verti\"><\/span>Diferentes opciones para cancelar un contrato con Verti<span class=\"ez-toc-section-end\"><\/span><\/h2>\r\n<!-- \/wp:post-content -->\r\n\r\n<!-- wp:paragraph -->\r\n<p>No todas las empresas aseguradoras de decesos funcionan del mismo modo, mas casi todas le solicitan a sus clientes un documento en el que usted solicita dar de baja sus servicios. Puede conseguir el documento de Verti contactando a trav\u00e9s del n\u00famero o bien mail que tenemos a su predisposici\u00f3n. La compa\u00f1\u00eda deber\u00e1 darle por v\u00e1lido el env\u00edo de la carta certificada, con el modelo est\u00e1ndar de cancelaci\u00f3n de su contrato, siendo una de las maneras de darse de baja. Se le recomienda que, no pierda el resguardo del documento y guarde con \u00e9l una copia. Ahora, se le va a ense\u00f1ar diferentes m\u00e9todos para dar de baja su seguro de decesos Verti. <\/div><\/div><\/div><\/p>\r\n<h3><span class=\"ez-toc-section\" id=\"A_traves_de_la_web_de_Verti\"><\/span>A trav\u00e9s de la web de Verti<span class=\"ez-toc-section-end\"><\/span><\/h3>\r\n<p>Otros de los m\u00e9todos es desde la web de Verti: www.verti.es\/clientes\/asistencia-y-contacto. Ser\u00e1 tan f\u00e1cil como entrar en la secci\u00f3n de bajas o, poner en el buscador de la web cuanto quieras saber. Siguiendo los pasos indicados, podr\u00e1 efectuar su baja rellenando un formulario en la web o, descargando el documento que le indique Verti. Puede llamar al n\u00famero de tel\u00e9fono 91 175 87 67\u00a0o mandar un correo a esta direcci\u00f3n email Verti, si ocurre alguna incidencia en el proceso. En el caso contrario, si todo va bien, poco tiempo recibir\u00e1s un correo de la compa\u00f1\u00eda inform\u00e1ndole de que, su baja, ha sido completada exitosamente. <div class=\"colorf \"  ><div class=\"container clearfix\"><div class=\"col-md-7\"><\/p>\r\n<h3><span class=\"ez-toc-section\" id=\"Utilizando_el_correo_electronico_de_Verti\"><\/span>Utilizando el correo electr\u00f3nico de Verti<span class=\"ez-toc-section-end\"><\/span><\/h3>\r\n<p>Tiene la posibilidad de dar de baja a su seguro, mediante correo electr\u00f3nico. Agrega esta direcci\u00f3n en tu correo email Verti y en solo uno minutos todo va a estar solucionado. Deber\u00e1 enviarle los documentos siguientes: una copia del DNI y, la notificaci\u00f3n firmada, que la hallar\u00e1 en la p\u00e1gina web de Verti y, si no es de esta forma, llame a nuestro n\u00famero 951 127 403 o bien m\u00e1ndenos un correo info@idecesos. com. Es preciso que tenga un justificante del recibo y, una copia sellada, para una adecuada ejecuci\u00f3n. Para su tranquilidad, guarde una imitaci\u00f3n de la notificaci\u00f3n, en la que aparezca la data de env\u00edo. <\/div><\/div><\/div><\/p>\r\n<h3><span class=\"ez-toc-section\" id=\"Dar_de_baja_Verti_por_fax\"><\/span>Dar de baja Verti por fax<span class=\"ez-toc-section-end\"><\/span><\/h3>\r\n<p>La baja con Verti v\u00eda fax es muy similar a la de e-mail, simplemente debes remitir los datos personales del tomador de la p\u00f3liza o contratante e indicando con el n\u00famero de p\u00f3liza. Debes de fotocopiar tu documento de identidad y mandarlo tanto por delante como por detr\u00e1s 1 mes antes del fin del contrato de tu seguro de decesos a fin de que se pueda tramitar con correcci\u00f3n. Toda esta documentaci\u00f3n hay que enviarla marcando el n\u00famero de fax de Verti. Adem\u00e1s aconsejamos que guarde la confirmaci\u00f3n de env\u00edo por si acaso le demandan la prima a su renovaci\u00f3n. <div class=\"colorf \"  ><div class=\"container clearfix\"><div class=\"col-md-7\"><\/p>\r\n<h3><span class=\"ez-toc-section\" id=\"En_la_oficina_de_Verti\"><\/span>En la oficina de Verti<span class=\"ez-toc-section-end\"><\/span><\/h3>\r\n<p>Si tienes alguna duda, te invitamos a que asistas a la oficina de tu compa\u00f1\u00eda para que puedas efectuar la baja de tu seguro y sus agentes te aconsejen personalmente. Si tienes claro de que quieres cancelar tu seguro de decesos, deber\u00e1s dejarlo por escrito anexando una copia de tu documento de identidad. En la oficina te aplicar\u00e1n un sello con la data del d\u00eda. Con este sellado Verti corrobora que est\u00e1 al corriente de todos los recibos para pedir la baja de forma correcta, esto respecto a la manera. Para poder realizar esta baja tiene que haberse realizado un mes antes del vencimiento del contrato. <\/div><\/div><\/div><\/p>\r\n<h3><span class=\"ez-toc-section\" id=\"Telefono_para_dar_de_baja_Verti\"><\/span>T\u00e9lefono para dar de baja Verti<span class=\"ez-toc-section-end\"><\/span><\/h3>\r\n<p>Para darse de baja de su seguro de decesos a trav\u00e9s de por tel\u00e9fono deber\u00e1 continuar los pasos que el agente de Verti le vaya diciendo. De esta manera, podr\u00e1 ponerse en contacto tras realizar una busca en Internet del n\u00famero adecuado o bien, llamando al 91 175 87 67. En poqu\u00edsimo tiempo, si prosigue con precisi\u00f3n cada paso recomendado, tendr\u00e1 su contrato de baja adecuadamente cerrado, gracias tambi\u00e9n, a la colaboraci\u00f3n de los especialistas para llenar los tr\u00e1mites. <div class=\"colorf \"  ><div class=\"container clearfix\"><div class=\"col-md-7\"><\/p>\r\n<h2><span class=\"ez-toc-section\" id=\"Dar_de_baja_seguro_Verti_de_un_fallecido\"><\/span>Dar de baja seguro Verti de un fallecido<span class=\"ez-toc-section-end\"><\/span><\/h2>\r\n<p>Por \u00faltimo, le vamos a dar las claves para que sepa de qu\u00e9 forma puede dar de baja el seguro, si la persona asegurada ha fallecido. Nos encargaremos de que este procedimiento, que le puede resultar complejo, sea m\u00e1s sencillo y f\u00e1cil de lo que cree. No debe preocuparse por nada ni hacer ninguno de los tr\u00e1mites que le hemos explicado anteriormente. En exactamente el mismo instante de la muerte de la persona asegurada, Verti se ocupar\u00e1 de anular el seguro que ten\u00eda contratado. Al prestar su servicio tras el sepelio del cliente del servicio, Verti se ocupar\u00e1 de dar de baja a la persona fallecida de su compa\u00f1\u00eda de seguros, con lo que sus familiares no tienen de qu\u00e9 preocuparse, ellos van a ser los encargados de hacerlo todo y sus familiares no tendr\u00e1n que hacer nada al respecto, por lo que puede estar tranquilo. <\/div><\/div><\/div> <div class=\"oficinas\"> <h3><span class=\"ez-toc-section\" id=\"Paginas_relacionadas\"><\/span>P\u00e1ginas relacionadas<span class=\"ez-toc-section-end\"><\/span><\/h3><div class=\"enlazado\"><ul> <li><a href=\"https:\/\/idecesos.com\/seguros\/companias\/verti\/coberturas\/\">Coberturas Seguro de Decesos Verti<\/a><\/li> <li><a href=\"https:\/\/idecesos.com\/seguros\/companias\/verti\/opiniones\/\">Opiniones Verti<\/a><\/li> <li><a href=\"https:\/\/idecesos.com\/seguros\/companias\/verti\/precio\/\">Precio seguro Verti<\/a><\/li> <li><a href=\"https:\/\/idecesos.com\/seguros\/companias\/verti\/prima-mixta\/\">Verti Prima Mixta<\/a><\/li> <li><a href=\"https:\/\/idecesos.com\/seguros\/companias\/verti\/prima-natural\/\">Verti Prima Natural<\/a><\/li> <li><a href=\"https:\/\/idecesos.com\/seguros\/companias\/verti\/prima-nivelada\/\">Verti Prima Nivelada<\/a><\/li> <li><a href=\"https:\/\/idecesos.com\/seguros\/companias\/verti\/prima-unica\/\">Verti Prima \u00danica<\/a><\/li> <li><a href=\"https:\/\/idecesos.com\/seguros\/companias\/verti\/repatriacion\/\">Verti Repatriaci\u00f3n<\/a><\/li> <li><a href=\"https:\/\/idecesos.com\/seguros\/companias\/verti\/telefono\/\">Tel\u00e9fono Gratuito Verti<\/a><\/li>                                                                                                                                                                                                                                                                                                                                                                                                                                                                                                                                                                                                                                                                                                                                                                                                                                                                                                                                                                                                                                                                                                                                                                                                                                                                                                                                                                                                                                                                                                                                                                                                                                                                                                                                                                                                                                                                                                                                                                                                                                                                                                                                                                                                                                                                                                                                                                                                                                                                                                                                                                                                                                                                                                                                                                                                                                                                                                                                                                                                                                                                                                                             <\/ul><\/div> <\/div><\/p>","protected":false},"excerpt":{"rendered":"<p>Para dar de baja a su seguro de decesos, solo debe continuar unos f\u00e1ciles pasos y, de esta forma, no tendr\u00e1 que preocuparse por nada. iDecesos te mostrar\u00e1 todos sus conocimientos para dar de baja su seguro de decesos. En poqu\u00edsimo tiempo estar\u00e1 solucionado su problema y, resulta conveniente que, contrate un seguro de decesos&hellip; <\/p>\n","protected":false},"author":1,"featured_media":0,"parent":478,"menu_order":0,"comment_status":"closed","ping_status":"closed","template":"single.php","meta":{"footnotes":""},"class_list":["post-18112","page","type-page","status-publish","hentry"],"yoast_head":"<!-- This site is optimized with the Yoast SEO plugin v27.4 - https:\/\/yoast.com\/product\/yoast-seo-wordpress\/ -->\n<title>\u00bfC\u00f3mo dar de Baja o Cancelar Seguro de Decesos Verti?<\/title>\n<meta name=\"description\" content=\"Obt\u00e9n aqu\u00ed\u3010c\u00f3mo dar de baja o cancelar seguro de decesos Verti\u3011Modelo carta, fax, correo electr\u00f3nico (email), tel\u00e9fono gratis.\" \/>\n<meta name=\"robots\" content=\"index, follow, max-snippet:-1, max-image-preview:large, max-video-preview:-1\" \/>\n<link rel=\"canonical\" href=\"https:\/\/idecesos.com\/seguros\/companias\/verti\/dar-de-baja\/\" \/>\n<meta property=\"og:locale\" content=\"es_ES\" \/>\n<meta property=\"og:type\" content=\"article\" \/>\n<meta property=\"og:title\" content=\"\u00bfC\u00f3mo dar de Baja o Cancelar Seguro de Decesos Verti?\" \/>\n<meta property=\"og:description\" content=\"Obt\u00e9n aqu\u00ed\u3010c\u00f3mo dar de baja o cancelar seguro de decesos Verti\u3011Modelo carta, fax, correo electr\u00f3nico (email), tel\u00e9fono gratis.\" \/>\n<meta property=\"og:url\" content=\"https:\/\/idecesos.com\/seguros\/companias\/verti\/dar-de-baja\/\" \/>\n<meta property=\"article:modified_time\" content=\"2022-01-26T17:49:11+00:00\" \/>\n<meta name=\"twitter:card\" content=\"summary_large_image\" \/>\n<meta name=\"twitter:label1\" content=\"Tiempo de lectura\" \/>\n\t<meta name=\"twitter:data1\" content=\"15 minutos\" \/>\n<script type=\"application\/ld+json\" class=\"yoast-schema-graph\">{\"@context\":\"https:\\\/\\\/schema.org\",\"@graph\":[{\"@type\":\"WebPage\",\"@id\":\"https:\\\/\\\/idecesos.com\\\/seguros\\\/companias\\\/verti\\\/dar-de-baja\\\/\",\"url\":\"https:\\\/\\\/idecesos.com\\\/seguros\\\/companias\\\/verti\\\/dar-de-baja\\\/\",\"name\":\"\u00bfC\u00f3mo dar de Baja o Cancelar Seguro de Decesos Verti?\",\"isPartOf\":{\"@id\":\"https:\\\/\\\/idecesos.com\\\/seguros\\\/#website\"},\"datePublished\":\"2021-12-29T11:48:00+00:00\",\"dateModified\":\"2022-01-26T17:49:11+00:00\",\"description\":\"Obt\u00e9n aqu\u00ed\u3010c\u00f3mo dar de baja o cancelar seguro de decesos Verti\u3011Modelo carta, fax, correo electr\u00f3nico (email), tel\u00e9fono gratis.\",\"breadcrumb\":{\"@id\":\"https:\\\/\\\/idecesos.com\\\/seguros\\\/companias\\\/verti\\\/dar-de-baja\\\/#breadcrumb\"},\"inLanguage\":\"es\",\"potentialAction\":[{\"@type\":\"ReadAction\",\"target\":[\"https:\\\/\\\/idecesos.com\\\/seguros\\\/companias\\\/verti\\\/dar-de-baja\\\/\"]}]},{\"@type\":\"BreadcrumbList\",\"@id\":\"https:\\\/\\\/idecesos.com\\\/seguros\\\/companias\\\/verti\\\/dar-de-baja\\\/#breadcrumb\",\"itemListElement\":[{\"@type\":\"ListItem\",\"position\":1,\"name\":\"Portada\",\"item\":\"https:\\\/\\\/idecesos.com\\\/seguros\\\/\"},{\"@type\":\"ListItem\",\"position\":2,\"name\":\"Compa\u00f1\u00edas de Seguros de Decesos en Espa\u00f1a\",\"item\":\"https:\\\/\\\/idecesos.com\\\/seguros\\\/companias\\\/\"},{\"@type\":\"ListItem\",\"position\":3,\"name\":\"Seguro de decesos Verti\",\"item\":\"https:\\\/\\\/idecesos.com\\\/seguros\\\/companias\\\/verti\\\/\"},{\"@type\":\"ListItem\",\"position\":4,\"name\":\"\u00bfC\u00f3mo dar de baja seguro Verti?\"}]},{\"@type\":\"WebSite\",\"@id\":\"https:\\\/\\\/idecesos.com\\\/seguros\\\/#website\",\"url\":\"https:\\\/\\\/idecesos.com\\\/seguros\\\/\",\"name\":\"\",\"description\":\"\",\"potentialAction\":[{\"@type\":\"SearchAction\",\"target\":{\"@type\":\"EntryPoint\",\"urlTemplate\":\"https:\\\/\\\/idecesos.com\\\/seguros\\\/?s={search_term_string}\"},\"query-input\":{\"@type\":\"PropertyValueSpecification\",\"valueRequired\":true,\"valueName\":\"search_term_string\"}}],\"inLanguage\":\"es\"}]}<\/script>\n<!-- \/ Yoast SEO plugin. -->","yoast_head_json":{"title":"\u00bfC\u00f3mo dar de Baja o Cancelar Seguro de Decesos Verti?","description":"Obt\u00e9n aqu\u00ed\u3010c\u00f3mo dar de baja o cancelar seguro de decesos Verti\u3011Modelo carta, fax, correo electr\u00f3nico (email), tel\u00e9fono gratis.","robots":{"index":"index","follow":"follow","max-snippet":"max-snippet:-1","max-image-preview":"max-image-preview:large","max-video-preview":"max-video-preview:-1"},"canonical":"https:\/\/idecesos.com\/seguros\/companias\/verti\/dar-de-baja\/","og_locale":"es_ES","og_type":"article","og_title":"\u00bfC\u00f3mo dar de Baja o Cancelar Seguro de Decesos Verti?","og_description":"Obt\u00e9n aqu\u00ed\u3010c\u00f3mo dar de baja o cancelar seguro de decesos Verti\u3011Modelo carta, fax, correo electr\u00f3nico (email), tel\u00e9fono gratis.","og_url":"https:\/\/idecesos.com\/seguros\/companias\/verti\/dar-de-baja\/","article_modified_time":"2022-01-26T17:49:11+00:00","twitter_card":"summary_large_image","twitter_misc":{"Tiempo de lectura":"15 minutos"},"schema":{"@context":"https:\/\/schema.org","@graph":[{"@type":"WebPage","@id":"https:\/\/idecesos.com\/seguros\/companias\/verti\/dar-de-baja\/","url":"https:\/\/idecesos.com\/seguros\/companias\/verti\/dar-de-baja\/","name":"\u00bfC\u00f3mo dar de Baja o Cancelar Seguro de Decesos Verti?","isPartOf":{"@id":"https:\/\/idecesos.com\/seguros\/#website"},"datePublished":"2021-12-29T11:48:00+00:00","dateModified":"2022-01-26T17:49:11+00:00","description":"Obt\u00e9n aqu\u00ed\u3010c\u00f3mo dar de baja o cancelar seguro de decesos Verti\u3011Modelo carta, fax, correo electr\u00f3nico (email), tel\u00e9fono gratis.","breadcrumb":{"@id":"https:\/\/idecesos.com\/seguros\/companias\/verti\/dar-de-baja\/#breadcrumb"},"inLanguage":"es","potentialAction":[{"@type":"ReadAction","target":["https:\/\/idecesos.com\/seguros\/companias\/verti\/dar-de-baja\/"]}]},{"@type":"BreadcrumbList","@id":"https:\/\/idecesos.com\/seguros\/companias\/verti\/dar-de-baja\/#breadcrumb","itemListElement":[{"@type":"ListItem","position":1,"name":"Portada","item":"https:\/\/idecesos.com\/seguros\/"},{"@type":"ListItem","position":2,"name":"Compa\u00f1\u00edas de Seguros de Decesos en Espa\u00f1a","item":"https:\/\/idecesos.com\/seguros\/companias\/"},{"@type":"ListItem","position":3,"name":"Seguro de decesos Verti","item":"https:\/\/idecesos.com\/seguros\/companias\/verti\/"},{"@type":"ListItem","position":4,"name":"\u00bfC\u00f3mo dar de baja seguro Verti?"}]},{"@type":"WebSite","@id":"https:\/\/idecesos.com\/seguros\/#website","url":"https:\/\/idecesos.com\/seguros\/","name":"","description":"","potentialAction":[{"@type":"SearchAction","target":{"@type":"EntryPoint","urlTemplate":"https:\/\/idecesos.com\/seguros\/?s={search_term_string}"},"query-input":{"@type":"PropertyValueSpecification","valueRequired":true,"valueName":"search_term_string"}}],"inLanguage":"es"}]}},"_links":{"self":[{"href":"https:\/\/idecesos.com\/seguros\/wp-json\/wp\/v2\/pages\/18112","targetHints":{"allow":["GET"]}}],"collection":[{"href":"https:\/\/idecesos.com\/seguros\/wp-json\/wp\/v2\/pages"}],"about":[{"href":"https:\/\/idecesos.com\/seguros\/wp-json\/wp\/v2\/types\/page"}],"author":[{"embeddable":true,"href":"https:\/\/idecesos.com\/seguros\/wp-json\/wp\/v2\/users\/1"}],"replies":[{"embeddable":true,"href":"https:\/\/idecesos.com\/seguros\/wp-json\/wp\/v2\/comments?post=18112"}],"version-history":[{"count":2,"href":"https:\/\/idecesos.com\/seguros\/wp-json\/wp\/v2\/pages\/18112\/revisions"}],"predecessor-version":[{"id":19069,"href":"https:\/\/idecesos.com\/seguros\/wp-json\/wp\/v2\/pages\/18112\/revisions\/19069"}],"up":[{"embeddable":true,"href":"https:\/\/idecesos.com\/seguros\/wp-json\/wp\/v2\/pages\/478"}],"wp:attachment":[{"href":"https:\/\/idecesos.com\/seguros\/wp-json\/wp\/v2\/media?parent=18112"}],"curies":[{"name":"wp","href":"https:\/\/api.w.org\/{rel}","templated":true}]}}